{"version":"1.0","provider_name":"Blagnac Arts Martiaux","provider_url":"https:\/\/www.blagnacartsmartiaux.fr\/site","author_name":"Blagnac Arts Martiaux","author_url":"https:\/\/www.blagnacartsmartiaux.fr\/site\/author\/administrator\/","title":"Weekend de rentr\u00e9e du BAM - Blagnac Arts Martiaux","type":"rich","width":600,"height":338,"html":"<blockquote class=\"wp-embedded-content\" data-secret=\"u1e9JXqmsM\"><a href=\"https:\/\/www.blagnacartsmartiaux.fr\/site\/2019\/09\/12\/weekend-de-rentree-du-bam\/\">Weekend de rentr\u00e9e du BAM<\/a><\/blockquote><iframe sandbox=\"allow-scripts\" security=\"restricted\" src=\"https:\/\/www.blagnacartsmartiaux.fr\/site\/2019\/09\/12\/weekend-de-rentree-du-bam\/embed\/#?secret=u1e9JXqmsM\" width=\"600\" height=\"338\" title=\"\u00ab\u00a0Weekend de rentr\u00e9e du BAM\u00a0\u00bb &#8212; Blagnac Arts Martiaux\" data-secret=\"u1e9JXqmsM\" frameborder=\"0\" marginwidth=\"0\" marginheight=\"0\" scrolling=\"no\" class=\"wp-embedded-content\"><\/iframe><script>\n\/*! This file is auto-generated *\/\n!function(d,l){\"use strict\";l.querySelector&&d.addEventListener&&\"undefined\"!=typeof URL&&(d.wp=d.wp||{},d.wp.receiveEmbedMessage||(d.wp.receiveEmbedMessage=function(e){var t=e.data;if((t||t.secret||t.message||t.value)&&!\/[^a-zA-Z0-9]\/.test(t.secret)){for(var s,r,n,a=l.querySelectorAll('iframe[data-secret=\"'+t.secret+'\"]'),o=l.querySelectorAll('blockquote[data-secret=\"'+t.secret+'\"]'),c=new RegExp(\"^https?:$\",\"i\"),i=0;i<o.length;i++)o[i].style.display=\"none\";for(i=0;i<a.length;i++)s=a[i],e.source===s.contentWindow&&(s.removeAttribute(\"style\"),\"height\"===t.message?(1e3<(r=parseInt(t.value,10))?r=1e3:~~r<200&&(r=200),s.height=r):\"link\"===t.message&&(r=new URL(s.getAttribute(\"src\")),n=new URL(t.value),c.test(n.protocol))&&n.host===r.host&&l.activeElement===s&&(d.top.location.href=t.value))}},d.addEventListener(\"message\",d.wp.receiveEmbedMessage,!1),l.addEventListener(\"DOMContentLoaded\",function(){for(var e,t,s=l.querySelectorAll(\"iframe.wp-embedded-content\"),r=0;r<s.length;r++)(t=(e=s[r]).getAttribute(\"data-secret\"))||(t=Math.random().toString(36).substring(2,12),e.src+=\"#?secret=\"+t,e.setAttribute(\"data-secret\",t)),e.contentWindow.postMessage({message:\"ready\",secret:t},\"*\")},!1)))}(window,document);\n<\/script>\n","thumbnail_url":"https:\/\/www.blagnacartsmartiaux.fr\/site\/wp-content\/uploads\/2019\/09\/IMG_20190908_101525-1024x768.jpg","thumbnail_width":1024,"thumbnail_height":768,"description":"Le week-end du 7 et 8 septembre fut riche en \u00e9v\u00e9nements pour notre club. Nous avons commenc\u00e9 d\u00e9s samedi matin par une animation \u00e0 D\u00e9cathlon.Ce fut une magnifique journ\u00e9e sur un tatami en ext\u00e9rieur o\u00f9 nous avons fait essayer\/d\u00e9couvrir le Judo\/Karat\u00e9\/Jujitsu\/Arnis\/Self d\u00e9fenseMerci \u00e0 l&rsquo;\u00e9quipe de D\u00e9cathlon pour leur accueil Nous avons encha\u00een\u00e9&nbsp;le soir m\u00eame avec [&hellip;]"}