{"id":1641,"date":"2016-09-06T12:12:33","date_gmt":"2016-09-06T11:12:33","guid":{"rendered":"http:\/\/www.blagnacartsmartiaux.fr\/site\/?page_id=1641"},"modified":"2021-12-13T12:42:07","modified_gmt":"2021-12-13T10:42:07","slug":"calendrier-competitions-karate","status":"publish","type":"page","link":"https:\/\/www.blagnacartsmartiaux.fr\/site\/calendrier-competitions-karate\/","title":{"rendered":"Calendrier Karat\u00e9"},"content":{"rendered":"\n<ul class=\"wp-block-list\"><li><strong>15 janvier 2021 : <a href=\"https:\/\/www.blagnacartsmartiaux.fr\/site\/2021\/12\/12\/stage-karate-avec-bernard-bilicki-sensei-janvier-2022\/\">STAGE : <strong>Bernard Bilicki 9\u00e8me dan<\/strong><\/a><\/strong><\/li><li><strong>Stage ETE<\/strong> : du 4 au 8 juillet 2021 &#8211; <a href=\"https:\/\/www.lionelfroidure.com\/stage-ete-karate-avec-lionel-froidure-espagne-juillet-2022\/\" target=\"_blank\" rel=\"noreferrer noopener\">Espagne<\/a><\/li><\/ul>\n\n\n\n<div style=\"height:25px\" aria-hidden=\"true\" class=\"wp-block-spacer\"><\/div>\n\n\n\n<ul class=\"wp-block-list\"><li><a aria-label=\" (s\u2019ouvre dans un nouvel onglet)\" rel=\"noreferrer noopener\" href=\"http:\/\/sites.ffkarate.fr\/hautegaronne\/stages\/stages-techniques\/\" target=\"_blank\">stages d\u00e9partementaux<\/a><\/li><li><a aria-label=\"stages de ligues (s\u2019ouvre dans un nouvel onglet)\" rel=\"noreferrer noopener\" href=\"http:\/\/sites.ffkarate.fr\/midipyrenees\/stages-karate\/\" target=\"_blank\">stages de ligues<\/a><\/li><\/ul>\n\n\n\n<div style=\"height:25px\" aria-hidden=\"true\" class=\"wp-block-spacer\"><\/div>\n\n\n\n<h2 class=\"wp-block-heading\">Repas<\/h2>\n\n\n\n<div style=\"height:25px\" aria-hidden=\"true\" class=\"wp-block-spacer\"><\/div>\n\n\n\n<h2 class=\"wp-block-heading\">Passages de grades club<\/h2>\n\n\n\n<div style=\"height:25px\" aria-hidden=\"true\" class=\"wp-block-spacer\"><\/div>\n\n\n\n<h2 class=\"wp-block-heading\">Passages de grades officiels CDK31<\/h2>\n\n\n\n<p>Depuis septembre 2021, les passage de grade 1er dan, se passeront d\u00e9sormais au sein du dojo et non plus en d\u00e9partement. Politique sportive mise en place par la FFKarate. <\/p>\n\n\n\n<p>Jusqu&rsquo;au 4\u00e8me dan, les passages de grades se font au niveau d\u00e9partemental. Inscription plus d&rsquo;un mois avant la date. Dates susceptibles de changement. Merci de v\u00e9rifier aupr\u00e8s du <a aria-label=\"d\u00e9partement (s\u2019ouvre dans un nouvel onglet)\" rel=\"noreferrer noopener\" href=\"http:\/\/sites.ffkarate.fr\/hautegaronne\/calendrier-cdk-haute-garonne\/?saison=2019-20&amp;category=technique\" target=\"_blank\">d\u00e9partement<\/a> et d&rsquo;en discuter avec Lionel avant votre inscription.<\/p>\n\n\n\n<div style=\"height:25px\" aria-hidden=\"true\" class=\"wp-block-spacer\"><\/div>\n\n\n\n<h2 class=\"wp-block-heading\">Comp\u00e9titions<\/h2>\n\n\n\n<p>Vous trouverez ci-dessous le calendrier du Comit\u00e9 D\u00e9partemental et de la ligue Midi-Pyr\u00e9n\u00e9es. Merci de vous r\u00e9f\u00e9rer au site pour avoir les mises \u00e0 jour.<\/p>\n\n\n\n<p><strong>Calendrier du d\u00e9partement Haute-Garonne de Karat\u00e9<\/strong><br><a rel=\"noreferrer noopener\" aria-label=\"http:\/\/sites.ffkarate.fr\/hautegaronne\/calendrier-cdk-haute-garonne\/ (s\u2019ouvre dans un nouvel onglet)\" href=\"http:\/\/sites.ffkarate.fr\/hautegaronne\/calendrier-cdk-haute-garonne\/\" target=\"_blank\">http:\/\/sites.ffkarate.fr\/hautegaronne\/calendrier-cdk-haute-garonne\/<\/a><\/p>\n\n\n\n<p><strong>Calendrier de la Ligue Midi-Pyr\u00e9n\u00e9es de Karat\u00e9<\/strong><br><a rel=\"noreferrer noopener\" aria-label=\" (s\u2019ouvre dans un nouvel onglet)\" href=\"http:\/\/sites.ffkarate.fr\/midipyrenees\/calendrier\/\" target=\"_blank\">http:\/\/sites.ffkarate.fr\/midipyrenees\/calendrier\/<\/a><\/p>\n\n\n\n<div style=\"height:25px\" aria-hidden=\"true\" class=\"wp-block-spacer\"><\/div>\n\n\n\n<p>L&rsquo;engagement aux <strong>comp\u00e9titions<\/strong> et <strong>passages de grade<\/strong> n&rsquo;est valable que si valid\u00e9&nbsp;par Lionel. <span style=\"text-decoration: underline;\"><strong>Merci&nbsp;de discuter avec lui de votre objectif<\/strong>.<\/span><\/p>\n","protected":false},"excerpt":{"rendered":"<p>15 janvier 2021 : STAGE : Bernard Bilicki 9\u00e8me dan Stage ETE : du 4 au 8 juillet 2021 &#8211; Espagne stages d\u00e9partementaux stages de ligues Repas Passages de grades club Passages de grades officiels CDK31 Depuis septembre 2021, les passage de grade 1er dan, se passeront d\u00e9sormais au sein du dojo et non plus [&hellip;]<\/p>\n","protected":false},"author":1,"featured_media":3012,"parent":0,"menu_order":0,"comment_status":"closed","ping_status":"closed","template":"","meta":{"site-sidebar-layout":"default","site-content-layout":"default","ast-site-content-layout":"default","site-content-style":"default","site-sidebar-style":"default","ast-global-header-display":"","ast-banner-title-visibility":"","ast-main-header-display":"","ast-hfb-above-header-display":"","ast-hfb-below-header-display":"","ast-hfb-mobile-header-display":"","site-post-title":"","ast-breadcrumbs-content":"","ast-featured-img":"","footer-sml-layout":"","ast-disable-related-posts":"","theme-transparent-header-meta":"default","adv-header-id-meta":"","stick-header-meta":"","header-above-stick-meta":"","header-main-stick-meta":"","header-below-stick-meta":"","astra-migrate-meta-layouts":"default","ast-page-background-enabled":"default","ast-page-background-meta":{"desktop":{"background-color":"","background-image":"","background-repeat":"repeat","background-position":"center center","background-size":"auto","background-attachment":"scroll","background-type":"","background-media":"","overlay-type":"","overlay-color":"","overlay-opacity":"","overlay-gradient":""},"tablet":{"background-color":"","background-image":"","background-repeat":"repeat","background-position":"center center","background-size":"auto","background-attachment":"scroll","background-type":"","background-media":"","overlay-type":"","overlay-color":"","overlay-opacity":"","overlay-gradient":""},"mobile":{"background-color":"","background-image":"","background-repeat":"repeat","background-position":"center center","background-size":"auto","background-attachment":"scroll","background-type":"","background-media":"","overlay-type":"","overlay-color":"","overlay-opacity":"","overlay-gradient":""}},"ast-content-background-meta":{"desktop":{"background-color":"var(--ast-global-color-5)","background-image":"","background-repeat":"repeat","background-position":"center center","background-size":"auto","background-attachment":"scroll","background-type":"","background-media":"","overlay-type":"","overlay-color":"","overlay-opacity":"","overlay-gradient":""},"tablet":{"background-color":"var(--ast-global-color-5)","background-image":"","background-repeat":"repeat","background-position":"center center","background-size":"auto","background-attachment":"scroll","background-type":"","background-media":"","overlay-type":"","overlay-color":"","overlay-opacity":"","overlay-gradient":""},"mobile":{"background-color":"var(--ast-global-color-5)","background-image":"","background-repeat":"repeat","background-position":"center center","background-size":"auto","background-attachment":"scroll","background-type":"","background-media":"","overlay-type":"","overlay-color":"","overlay-opacity":"","overlay-gradient":""}},"footnotes":""},"class_list":["post-1641","page","type-page","status-publish","has-post-thumbnail","hentry"],"yoast_head":"<!-- This site is optimized with the Yoast SEO plugin v27.4 - https:\/\/yoast.com\/product\/yoast-seo-wordpress\/ -->\n<title>Calendrier Karat\u00e9 - Blagnac Arts Martiaux<\/title>\n<meta name=\"robots\" content=\"index, follow, max-snippet:-1, max-image-preview:large, max-video-preview:-1\" \/>\n<link rel=\"canonical\" href=\"https:\/\/www.blagnacartsmartiaux.fr\/site\/calendrier-competitions-karate\/\" \/>\n<meta property=\"og:locale\" content=\"fr_FR\" \/>\n<meta property=\"og:type\" content=\"article\" \/>\n<meta property=\"og:title\" content=\"Calendrier Karat\u00e9 - Blagnac Arts Martiaux\" \/>\n<meta property=\"og:description\" content=\"15 janvier 2021 : STAGE : Bernard Bilicki 9\u00e8me dan Stage ETE : du 4 au 8 juillet 2021 &#8211; Espagne stages d\u00e9partementaux stages de ligues Repas Passages de grades club Passages de grades officiels CDK31 Depuis septembre 2021, les passage de grade 1er dan, se passeront d\u00e9sormais au sein du dojo et non plus [&hellip;]\" \/>\n<meta property=\"og:url\" content=\"https:\/\/www.blagnacartsmartiaux.fr\/site\/calendrier-competitions-karate\/\" \/>\n<meta property=\"og:site_name\" content=\"Blagnac Arts Martiaux\" \/>\n<meta property=\"article:publisher\" content=\"https:\/\/www.facebook.com\/BlagnacArtsMartiaux\" \/>\n<meta property=\"article:modified_time\" content=\"2021-12-13T10:42:07+00:00\" \/>\n<meta property=\"og:image\" content=\"https:\/\/www.blagnacartsmartiaux.fr\/site\/wp-content\/uploads\/2020\/01\/bam-noires.jpg\" \/>\n\t<meta property=\"og:image:width\" content=\"1200\" \/>\n\t<meta property=\"og:image:height\" content=\"598\" \/>\n\t<meta property=\"og:image:type\" content=\"image\/jpeg\" \/>\n<meta name=\"twitter:card\" content=\"summary_large_image\" \/>\n<meta name=\"twitter:image\" content=\"https:\/\/www.blagnacartsmartiaux.fr\/site\/wp-content\/uploads\/2020\/01\/bam-noires.jpg\" \/>\n<meta name=\"twitter:site\" content=\"@BlagnacArtsM\" \/>\n<meta name=\"twitter:label1\" content=\"Dur\u00e9e de lecture estim\u00e9e\" \/>\n\t<meta name=\"twitter:data1\" content=\"1 minute\" \/>\n<script type=\"application\/ld+json\" class=\"yoast-schema-graph\">{\"@context\":\"https:\\\/\\\/schema.org\",\"@graph\":[{\"@type\":\"WebPage\",\"@id\":\"https:\\\/\\\/www.blagnacartsmartiaux.fr\\\/site\\\/calendrier-competitions-karate\\\/\",\"url\":\"https:\\\/\\\/www.blagnacartsmartiaux.fr\\\/site\\\/calendrier-competitions-karate\\\/\",\"name\":\"Calendrier Karat\u00e9 - Blagnac Arts Martiaux\",\"isPartOf\":{\"@id\":\"https:\\\/\\\/www.blagnacartsmartiaux.fr\\\/site\\\/#website\"},\"primaryImageOfPage\":{\"@id\":\"https:\\\/\\\/www.blagnacartsmartiaux.fr\\\/site\\\/calendrier-competitions-karate\\\/#primaryimage\"},\"image\":{\"@id\":\"https:\\\/\\\/www.blagnacartsmartiaux.fr\\\/site\\\/calendrier-competitions-karate\\\/#primaryimage\"},\"thumbnailUrl\":\"https:\\\/\\\/www.blagnacartsmartiaux.fr\\\/site\\\/wp-content\\\/uploads\\\/2020\\\/01\\\/bam-noires.jpg\",\"datePublished\":\"2016-09-06T11:12:33+00:00\",\"dateModified\":\"2021-12-13T10:42:07+00:00\",\"breadcrumb\":{\"@id\":\"https:\\\/\\\/www.blagnacartsmartiaux.fr\\\/site\\\/calendrier-competitions-karate\\\/#breadcrumb\"},\"inLanguage\":\"fr-FR\",\"potentialAction\":[{\"@type\":\"ReadAction\",\"target\":[\"https:\\\/\\\/www.blagnacartsmartiaux.fr\\\/site\\\/calendrier-competitions-karate\\\/\"]}]},{\"@type\":\"ImageObject\",\"inLanguage\":\"fr-FR\",\"@id\":\"https:\\\/\\\/www.blagnacartsmartiaux.fr\\\/site\\\/calendrier-competitions-karate\\\/#primaryimage\",\"url\":\"https:\\\/\\\/www.blagnacartsmartiaux.fr\\\/site\\\/wp-content\\\/uploads\\\/2020\\\/01\\\/bam-noires.jpg\",\"contentUrl\":\"https:\\\/\\\/www.blagnacartsmartiaux.fr\\\/site\\\/wp-content\\\/uploads\\\/2020\\\/01\\\/bam-noires.jpg\",\"width\":1200,\"height\":598},{\"@type\":\"BreadcrumbList\",\"@id\":\"https:\\\/\\\/www.blagnacartsmartiaux.fr\\\/site\\\/calendrier-competitions-karate\\\/#breadcrumb\",\"itemListElement\":[{\"@type\":\"ListItem\",\"position\":1,\"name\":\"Accueil\",\"item\":\"https:\\\/\\\/www.blagnacartsmartiaux.fr\\\/site\\\/\"},{\"@type\":\"ListItem\",\"position\":2,\"name\":\"Calendrier Karat\u00e9\"}]},{\"@type\":\"WebSite\",\"@id\":\"https:\\\/\\\/www.blagnacartsmartiaux.fr\\\/site\\\/#website\",\"url\":\"https:\\\/\\\/www.blagnacartsmartiaux.fr\\\/site\\\/\",\"name\":\"Blagnac Arts Martiaux\",\"description\":\"Le club de Judo, Karat\u00e9, Jujitsu, Arnis Kali et Self D\u00e9fense sur Blagnac\",\"publisher\":{\"@id\":\"https:\\\/\\\/www.blagnacartsmartiaux.fr\\\/site\\\/#organization\"},\"potentialAction\":[{\"@type\":\"SearchAction\",\"target\":{\"@type\":\"EntryPoint\",\"urlTemplate\":\"https:\\\/\\\/www.blagnacartsmartiaux.fr\\\/site\\\/?s={search_term_string}\"},\"query-input\":{\"@type\":\"PropertyValueSpecification\",\"valueRequired\":true,\"valueName\":\"search_term_string\"}}],\"inLanguage\":\"fr-FR\"},{\"@type\":\"Organization\",\"@id\":\"https:\\\/\\\/www.blagnacartsmartiaux.fr\\\/site\\\/#organization\",\"name\":\"Blagnac Arts Martiaux\",\"url\":\"https:\\\/\\\/www.blagnacartsmartiaux.fr\\\/site\\\/\",\"logo\":{\"@type\":\"ImageObject\",\"inLanguage\":\"fr-FR\",\"@id\":\"https:\\\/\\\/www.blagnacartsmartiaux.fr\\\/site\\\/#\\\/schema\\\/logo\\\/image\\\/\",\"url\":\"https:\\\/\\\/www.blagnacartsmartiaux.fr\\\/site\\\/wp-content\\\/uploads\\\/2020\\\/05\\\/cropped-bam-wide.png\",\"contentUrl\":\"https:\\\/\\\/www.blagnacartsmartiaux.fr\\\/site\\\/wp-content\\\/uploads\\\/2020\\\/05\\\/cropped-bam-wide.png\",\"width\":180,\"height\":60,\"caption\":\"Blagnac Arts Martiaux\"},\"image\":{\"@id\":\"https:\\\/\\\/www.blagnacartsmartiaux.fr\\\/site\\\/#\\\/schema\\\/logo\\\/image\\\/\"},\"sameAs\":[\"https:\\\/\\\/www.facebook.com\\\/BlagnacArtsMartiaux\",\"https:\\\/\\\/x.com\\\/BlagnacArtsM\"]}]}<\/script>\n<!-- \/ Yoast SEO plugin. -->","yoast_head_json":{"title":"Calendrier Karat\u00e9 - Blagnac Arts Martiaux","robots":{"index":"index","follow":"follow","max-snippet":"max-snippet:-1","max-image-preview":"max-image-preview:large","max-video-preview":"max-video-preview:-1"},"canonical":"https:\/\/www.blagnacartsmartiaux.fr\/site\/calendrier-competitions-karate\/","og_locale":"fr_FR","og_type":"article","og_title":"Calendrier Karat\u00e9 - Blagnac Arts Martiaux","og_description":"15 janvier 2021 : STAGE : Bernard Bilicki 9\u00e8me dan Stage ETE : du 4 au 8 juillet 2021 &#8211; Espagne stages d\u00e9partementaux stages de ligues Repas Passages de grades club Passages de grades officiels CDK31 Depuis septembre 2021, les passage de grade 1er dan, se passeront d\u00e9sormais au sein du dojo et non plus [&hellip;]","og_url":"https:\/\/www.blagnacartsmartiaux.fr\/site\/calendrier-competitions-karate\/","og_site_name":"Blagnac Arts Martiaux","article_publisher":"https:\/\/www.facebook.com\/BlagnacArtsMartiaux","article_modified_time":"2021-12-13T10:42:07+00:00","og_image":[{"width":1200,"height":598,"url":"https:\/\/www.blagnacartsmartiaux.fr\/site\/wp-content\/uploads\/2020\/01\/bam-noires.jpg","type":"image\/jpeg"}],"twitter_card":"summary_large_image","twitter_image":"https:\/\/www.blagnacartsmartiaux.fr\/site\/wp-content\/uploads\/2020\/01\/bam-noires.jpg","twitter_site":"@BlagnacArtsM","twitter_misc":{"Dur\u00e9e de lecture estim\u00e9e":"1 minute"},"schema":{"@context":"https:\/\/schema.org","@graph":[{"@type":"WebPage","@id":"https:\/\/www.blagnacartsmartiaux.fr\/site\/calendrier-competitions-karate\/","url":"https:\/\/www.blagnacartsmartiaux.fr\/site\/calendrier-competitions-karate\/","name":"Calendrier Karat\u00e9 - Blagnac Arts Martiaux","isPartOf":{"@id":"https:\/\/www.blagnacartsmartiaux.fr\/site\/#website"},"primaryImageOfPage":{"@id":"https:\/\/www.blagnacartsmartiaux.fr\/site\/calendrier-competitions-karate\/#primaryimage"},"image":{"@id":"https:\/\/www.blagnacartsmartiaux.fr\/site\/calendrier-competitions-karate\/#primaryimage"},"thumbnailUrl":"https:\/\/www.blagnacartsmartiaux.fr\/site\/wp-content\/uploads\/2020\/01\/bam-noires.jpg","datePublished":"2016-09-06T11:12:33+00:00","dateModified":"2021-12-13T10:42:07+00:00","breadcrumb":{"@id":"https:\/\/www.blagnacartsmartiaux.fr\/site\/calendrier-competitions-karate\/#breadcrumb"},"inLanguage":"fr-FR","potentialAction":[{"@type":"ReadAction","target":["https:\/\/www.blagnacartsmartiaux.fr\/site\/calendrier-competitions-karate\/"]}]},{"@type":"ImageObject","inLanguage":"fr-FR","@id":"https:\/\/www.blagnacartsmartiaux.fr\/site\/calendrier-competitions-karate\/#primaryimage","url":"https:\/\/www.blagnacartsmartiaux.fr\/site\/wp-content\/uploads\/2020\/01\/bam-noires.jpg","contentUrl":"https:\/\/www.blagnacartsmartiaux.fr\/site\/wp-content\/uploads\/2020\/01\/bam-noires.jpg","width":1200,"height":598},{"@type":"BreadcrumbList","@id":"https:\/\/www.blagnacartsmartiaux.fr\/site\/calendrier-competitions-karate\/#breadcrumb","itemListElement":[{"@type":"ListItem","position":1,"name":"Accueil","item":"https:\/\/www.blagnacartsmartiaux.fr\/site\/"},{"@type":"ListItem","position":2,"name":"Calendrier Karat\u00e9"}]},{"@type":"WebSite","@id":"https:\/\/www.blagnacartsmartiaux.fr\/site\/#website","url":"https:\/\/www.blagnacartsmartiaux.fr\/site\/","name":"Blagnac Arts Martiaux","description":"Le club de Judo, Karat\u00e9, Jujitsu, Arnis Kali et Self D\u00e9fense sur Blagnac","publisher":{"@id":"https:\/\/www.blagnacartsmartiaux.fr\/site\/#organization"},"potentialAction":[{"@type":"SearchAction","target":{"@type":"EntryPoint","urlTemplate":"https:\/\/www.blagnacartsmartiaux.fr\/site\/?s={search_term_string}"},"query-input":{"@type":"PropertyValueSpecification","valueRequired":true,"valueName":"search_term_string"}}],"inLanguage":"fr-FR"},{"@type":"Organization","@id":"https:\/\/www.blagnacartsmartiaux.fr\/site\/#organization","name":"Blagnac Arts Martiaux","url":"https:\/\/www.blagnacartsmartiaux.fr\/site\/","logo":{"@type":"ImageObject","inLanguage":"fr-FR","@id":"https:\/\/www.blagnacartsmartiaux.fr\/site\/#\/schema\/logo\/image\/","url":"https:\/\/www.blagnacartsmartiaux.fr\/site\/wp-content\/uploads\/2020\/05\/cropped-bam-wide.png","contentUrl":"https:\/\/www.blagnacartsmartiaux.fr\/site\/wp-content\/uploads\/2020\/05\/cropped-bam-wide.png","width":180,"height":60,"caption":"Blagnac Arts Martiaux"},"image":{"@id":"https:\/\/www.blagnacartsmartiaux.fr\/site\/#\/schema\/logo\/image\/"},"sameAs":["https:\/\/www.facebook.com\/BlagnacArtsMartiaux","https:\/\/x.com\/BlagnacArtsM"]}]}},"_links":{"self":[{"href":"https:\/\/www.blagnacartsmartiaux.fr\/site\/wp-json\/wp\/v2\/pages\/1641","targetHints":{"allow":["GET"]}}],"collection":[{"href":"https:\/\/www.blagnacartsmartiaux.fr\/site\/wp-json\/wp\/v2\/pages"}],"about":[{"href":"https:\/\/www.blagnacartsmartiaux.fr\/site\/wp-json\/wp\/v2\/types\/page"}],"author":[{"embeddable":true,"href":"https:\/\/www.blagnacartsmartiaux.fr\/site\/wp-json\/wp\/v2\/users\/1"}],"replies":[{"embeddable":true,"href":"https:\/\/www.blagnacartsmartiaux.fr\/site\/wp-json\/wp\/v2\/comments?post=1641"}],"version-history":[{"count":70,"href":"https:\/\/www.blagnacartsmartiaux.fr\/site\/wp-json\/wp\/v2\/pages\/1641\/revisions"}],"predecessor-version":[{"id":3984,"href":"https:\/\/www.blagnacartsmartiaux.fr\/site\/wp-json\/wp\/v2\/pages\/1641\/revisions\/3984"}],"wp:featuredmedia":[{"embeddable":true,"href":"https:\/\/www.blagnacartsmartiaux.fr\/site\/wp-json\/wp\/v2\/media\/3012"}],"wp:attachment":[{"href":"https:\/\/www.blagnacartsmartiaux.fr\/site\/wp-json\/wp\/v2\/media?parent=1641"}],"curies":[{"name":"wp","href":"https:\/\/api.w.org\/{rel}","templated":true}]}}