{"id":2160,"date":"2017-08-12T12:29:04","date_gmt":"2017-08-12T11:29:04","guid":{"rendered":"http:\/\/www.blagnacartsmartiaux.fr\/site\/?page_id=2160"},"modified":"2025-10-03T09:33:03","modified_gmt":"2025-10-03T07:33:03","slug":"karate-blagnac","status":"publish","type":"page","link":"https:\/\/www.blagnacartsmartiaux.fr\/site\/karate-blagnac\/","title":{"rendered":"Karat\u00e9 Adultes \u00e0 Blagnac avec Lionel Froidure"},"content":{"rendered":"\n<p>Cours de karat\u00e9 \u00e0 Blagnac sous la direction <strong>Lionel FROIDURE<\/strong>.<\/p>\n\n\n\n<figure class=\"wp-block-image alignleft size-full is-resized\"><img decoding=\"async\" width=\"200\" height=\"200\" src=\"https:\/\/www.blagnacartsmartiaux.fr\/site\/wp-content\/uploads\/2025\/06\/lionel-avatar-200.png\" alt=\"\" class=\"wp-image-5630\" style=\"width:100px\" srcset=\"https:\/\/www.blagnacartsmartiaux.fr\/site\/wp-content\/uploads\/2025\/06\/lionel-avatar-200.png 200w, https:\/\/www.blagnacartsmartiaux.fr\/site\/wp-content\/uploads\/2025\/06\/lionel-avatar-200-150x150.png 150w\" sizes=\"(max-width: 200px) 100vw, 200px\" \/><\/figure>\n\n\n\n<p><strong>Lionel FROIDURE<\/strong> est 6\u00e8me dan FFKDA, professeur dipl\u00f4m\u00e9 d\u2019\u00e9tat DEJEPS. Responsable de la section Karat\u00e9 au Blagnac Arts Martiaux depuis septembre 2000. Il est aussi l\u2019auteur de nombreux documentaires vu \u00e0 la TV. Responsable de la section karat\u00e9 depuis septembre 2000. <\/p>\n\n\n\n<h3 class=\"wp-block-heading has-text-align-center has-ast-global-color-0-background-color has-text-color has-background\" style=\"color:#ffffff\"><span style=\"text-decoration: underline;\">Cours d\u2019essai gratuit !<\/span> Pour cela merci de vous pr\u00e9-inscrire<\/h3>\n\n\n\n<figure class=\"wp-block-image aligncenter size-full\"><img fetchpriority=\"high\" decoding=\"async\" width=\"800\" height=\"450\" src=\"https:\/\/www.blagnacartsmartiaux.fr\/site\/wp-content\/uploads\/2025\/08\/blagnac-midi-soir-web.jpg\" alt=\"\" class=\"wp-image-5654\" srcset=\"https:\/\/www.blagnacartsmartiaux.fr\/site\/wp-content\/uploads\/2025\/08\/blagnac-midi-soir-web.jpg 800w, https:\/\/www.blagnacartsmartiaux.fr\/site\/wp-content\/uploads\/2025\/08\/blagnac-midi-soir-web-300x169.jpg 300w, https:\/\/www.blagnacartsmartiaux.fr\/site\/wp-content\/uploads\/2025\/08\/blagnac-midi-soir-web-768x432.jpg 768w\" sizes=\"(max-width: 800px) 100vw, 800px\" \/><\/figure>\n\n\n\n<p class=\"has-text-align-center has-cyan-bluish-gray-background-color has-background\">Reprise des cours \u00e0 partir du lundi 1 septembre 2025 &#8211; Inscription tout du long de l&rsquo;ann\u00e9e<\/p>\n\n\n\n<p>Cours karat\u00e9 adultes <strong>de 14 \u00e0 plus de 70 ans.<\/strong><\/p>\n\n\n\n<blockquote class=\"wp-block-quote is-layout-flow wp-block-quote-is-layout-flow\">\n<p>Cours karat\u00e9 pour les <a href=\"https:\/\/www.blagnacartsmartiaux.fr\/site\/karate-enfants-a-blagnac\/\">enfants<\/a>, adolescents, d\u00e9butants, grad\u00e9s.. \u00e0 Blagnac &#8211; Toulouse<\/p>\n<\/blockquote>\n\n\n\n<h2 class=\"wp-block-heading\">Horaires cours Karat\u00e9 adultes \u00e0 Blagnac (\u00e0 partir de 14 ans) &#8211; 2025-2026<\/h2>\n\n\n\n<p><strong>Th\u00e8mes vari\u00e9s<\/strong> : kata, bunkai, kumite conventionnels, kihon, combat, jutsu, karat\u00e9 d\u00e9fense&#8230;<\/p>\n\n\n\n<p class=\"has-very-light-gray-background-color has-background\"><strong>Lundi<\/strong> <br>19h30 \u00e0 21h00 &#8211; tous niveaux (Olivier)<\/p>\n\n\n\n<p class=\"has-very-light-gray-background-color has-background\"><strong>Mardi <br><\/strong>12h30 \u00e0 13h30<br>19h00 \u00e0 20h00 : <strong>tous grades<\/strong> &#8211; technique \/ kata (Lionel)<br>20h00 \u00e0 21h00 : <strong>marron et noire<\/strong> &#8211; technique \/ kata (Lionel)<br>21h00 \u00e0 21h30 : <strong>marron et noire<\/strong> &#8211; pr\u00e9paration grades avanc\u00e9s (Lionel)<\/p>\n\n\n\n<p class=\"has-very-light-gray-background-color has-background\"><strong>Mercredi<\/strong> <br>19h00 \u00e0 20h00 : <strong>adolescents<\/strong> (Lionel)<\/p>\n\n\n\n<p class=\"has-very-light-gray-background-color has-background\"><strong>Jeudi<\/strong> <br>12h30 \u00e0 13h30 &#8211; tous niveaux (Lionel)<br>19h30 \u00e0 21h30 &#8211; tous niveaux (Lionel)<\/p>\n\n\n\n<p class=\"has-very-light-gray-background-color has-background\"><strong>Vendredi<\/strong><br>18h30 \u00e0 19h30 &#8211; <strong>pr\u00e9paration physique<\/strong> en commun avec tous les membres du Blagnac Arts Martiaux<\/p>\n\n\n\n<p class=\"has-very-light-gray-background-color has-background\"><strong>Samedi<\/strong> <br>10h \u00e0 11h30 : entra\u00eenement libre sous la supervision d&rsquo;un instructeur.<br>11h30 \u00e0 12h30 : cours de <a href=\"https:\/\/www.blagnacartsmartiaux.fr\/site\/karate-blagnac\/karate-adultes-a-blagnac\/\">Body Karat\u00e9<\/a><\/p>\n\n\n\n<p>Les cours du lundi sont dirig\u00e9 par <strong>Olivier DE JUST<\/strong>, CQP Karat\u00e9. Les autres cours sont dirig\u00e9s par <strong>Lionel FROIDURE<\/strong>.<br>Le Blagnac karat\u00e9 comprend de tr\u00e8s nombreux grades avanc\u00e9s, animateurs et instructeurs qui viennent en renfort lors de d\u00e9placement de Lionel ou en vacances pour continuer le suivi des cours. <\/p>\n\n\n\n<p>Durant les cours ouverts \u00e0 tous les grades, des groupes de niveaux seront mis en place par l\u2019enseignant pour favoriser un travail adapt\u00e9 \u00e0 chaque pratiquant. De temps \u00e0 autre, et suivant l\u2019objectif p\u00e9dagogique, tous les niveaux peuvent \u00eatre m\u00e9lang\u00e9s,&nbsp;permettant aux \u00e9l\u00e8ves moins avanc\u00e9s de travailler sous l\u2019oeil aiguis\u00e9 d\u2019un \u00e9l\u00e8ve plus exp\u00e9riment\u00e9 et ainsi progresser plus rapidement. Des adh\u00e9rents adultes de la ceinture blanche jusqu&rsquo;\u00e0 la ceinture noire 5\u00e8me dan. <\/p>\n\n\n\n<figure class=\"wp-block-gallery has-nested-images columns-default is-cropped wp-block-gallery-1 is-layout-flex wp-block-gallery-is-layout-flex\">\n<figure class=\"wp-block-image size-full\"><img decoding=\"async\" width=\"1024\" height=\"768\" data-id=\"5231\" src=\"https:\/\/www.blagnacartsmartiaux.fr\/site\/wp-content\/uploads\/2023\/04\/cce44761-e4f8-4c38-829b-827cf3a28922.jpg\" alt=\"\" class=\"wp-image-5231\" srcset=\"https:\/\/www.blagnacartsmartiaux.fr\/site\/wp-content\/uploads\/2023\/04\/cce44761-e4f8-4c38-829b-827cf3a28922.jpg 1024w, https:\/\/www.blagnacartsmartiaux.fr\/site\/wp-content\/uploads\/2023\/04\/cce44761-e4f8-4c38-829b-827cf3a28922-300x225.jpg 300w, https:\/\/www.blagnacartsmartiaux.fr\/site\/wp-content\/uploads\/2023\/04\/cce44761-e4f8-4c38-829b-827cf3a28922-768x576.jpg 768w\" sizes=\"(max-width: 1024px) 100vw, 1024px\" \/><\/figure>\n\n\n\n<figure class=\"wp-block-image size-full\"><img loading=\"lazy\" decoding=\"async\" width=\"1000\" height=\"702\" data-id=\"4880\" src=\"https:\/\/www.blagnacartsmartiaux.fr\/site\/wp-content\/uploads\/2022\/06\/blagnac-karate-groupe.jpg\" alt=\"\" class=\"wp-image-4880\" srcset=\"https:\/\/www.blagnacartsmartiaux.fr\/site\/wp-content\/uploads\/2022\/06\/blagnac-karate-groupe.jpg 1000w, https:\/\/www.blagnacartsmartiaux.fr\/site\/wp-content\/uploads\/2022\/06\/blagnac-karate-groupe-300x211.jpg 300w, https:\/\/www.blagnacartsmartiaux.fr\/site\/wp-content\/uploads\/2022\/06\/blagnac-karate-groupe-768x539.jpg 768w\" sizes=\"(max-width: 1000px) 100vw, 1000px\" \/><\/figure>\n\n\n\n<figure class=\"wp-block-image size-full\"><img loading=\"lazy\" decoding=\"async\" width=\"1500\" height=\"1500\" data-id=\"5122\" src=\"https:\/\/www.blagnacartsmartiaux.fr\/site\/wp-content\/uploads\/2023\/01\/c6cc3529-472a-4b1d-bee3-cfe3bf540532.jpg\" alt=\"\" class=\"wp-image-5122\" srcset=\"https:\/\/www.blagnacartsmartiaux.fr\/site\/wp-content\/uploads\/2023\/01\/c6cc3529-472a-4b1d-bee3-cfe3bf540532.jpg 1500w, https:\/\/www.blagnacartsmartiaux.fr\/site\/wp-content\/uploads\/2023\/01\/c6cc3529-472a-4b1d-bee3-cfe3bf540532-300x300.jpg 300w, https:\/\/www.blagnacartsmartiaux.fr\/site\/wp-content\/uploads\/2023\/01\/c6cc3529-472a-4b1d-bee3-cfe3bf540532-1024x1024.jpg 1024w, https:\/\/www.blagnacartsmartiaux.fr\/site\/wp-content\/uploads\/2023\/01\/c6cc3529-472a-4b1d-bee3-cfe3bf540532-150x150.jpg 150w, https:\/\/www.blagnacartsmartiaux.fr\/site\/wp-content\/uploads\/2023\/01\/c6cc3529-472a-4b1d-bee3-cfe3bf540532-768x768.jpg 768w\" sizes=\"(max-width: 1500px) 100vw, 1500px\" \/><\/figure>\n\n\n\n<figure class=\"wp-block-image size-full\"><img loading=\"lazy\" decoding=\"async\" width=\"1200\" height=\"900\" data-id=\"5444\" src=\"https:\/\/www.blagnacartsmartiaux.fr\/site\/wp-content\/uploads\/2024\/06\/50-combats-mars-2024-karate.jpg\" alt=\"\" class=\"wp-image-5444\" srcset=\"https:\/\/www.blagnacartsmartiaux.fr\/site\/wp-content\/uploads\/2024\/06\/50-combats-mars-2024-karate.jpg 1200w, https:\/\/www.blagnacartsmartiaux.fr\/site\/wp-content\/uploads\/2024\/06\/50-combats-mars-2024-karate-300x225.jpg 300w, https:\/\/www.blagnacartsmartiaux.fr\/site\/wp-content\/uploads\/2024\/06\/50-combats-mars-2024-karate-1024x768.jpg 1024w, https:\/\/www.blagnacartsmartiaux.fr\/site\/wp-content\/uploads\/2024\/06\/50-combats-mars-2024-karate-768x576.jpg 768w\" sizes=\"(max-width: 1200px) 100vw, 1200px\" \/><\/figure>\n\n\n\n<figure class=\"wp-block-image size-full\"><img loading=\"lazy\" decoding=\"async\" width=\"2560\" height=\"1707\" data-id=\"5314\" src=\"https:\/\/www.blagnacartsmartiaux.fr\/site\/wp-content\/uploads\/2023\/06\/IMG_6290-scaled.jpg\" alt=\"\" class=\"wp-image-5314\" srcset=\"https:\/\/www.blagnacartsmartiaux.fr\/site\/wp-content\/uploads\/2023\/06\/IMG_6290-scaled.jpg 2560w, https:\/\/www.blagnacartsmartiaux.fr\/site\/wp-content\/uploads\/2023\/06\/IMG_6290-300x200.jpg 300w, https:\/\/www.blagnacartsmartiaux.fr\/site\/wp-content\/uploads\/2023\/06\/IMG_6290-1024x683.jpg 1024w, https:\/\/www.blagnacartsmartiaux.fr\/site\/wp-content\/uploads\/2023\/06\/IMG_6290-768x512.jpg 768w, https:\/\/www.blagnacartsmartiaux.fr\/site\/wp-content\/uploads\/2023\/06\/IMG_6290-1536x1024.jpg 1536w, https:\/\/www.blagnacartsmartiaux.fr\/site\/wp-content\/uploads\/2023\/06\/IMG_6290-2048x1365.jpg 2048w\" sizes=\"(max-width: 2560px) 100vw, 2560px\" \/><\/figure>\n\n\n\n<figure class=\"wp-block-image size-full\"><img loading=\"lazy\" decoding=\"async\" width=\"800\" height=\"600\" data-id=\"4561\" src=\"https:\/\/www.blagnacartsmartiaux.fr\/site\/wp-content\/uploads\/2022\/06\/IMG_0146-1.jpg\" alt=\"\" class=\"wp-image-4561\" srcset=\"https:\/\/www.blagnacartsmartiaux.fr\/site\/wp-content\/uploads\/2022\/06\/IMG_0146-1.jpg 800w, https:\/\/www.blagnacartsmartiaux.fr\/site\/wp-content\/uploads\/2022\/06\/IMG_0146-1-300x225.jpg 300w, https:\/\/www.blagnacartsmartiaux.fr\/site\/wp-content\/uploads\/2022\/06\/IMG_0146-1-768x576.jpg 768w\" sizes=\"(max-width: 800px) 100vw, 800px\" \/><\/figure>\n\n\n\n<figure class=\"wp-block-image size-full\"><img loading=\"lazy\" decoding=\"async\" width=\"800\" height=\"800\" data-id=\"5326\" src=\"https:\/\/www.blagnacartsmartiaux.fr\/site\/wp-content\/uploads\/2023\/06\/bunkai-realisme.MOV.00_03_11_36.Still001.jpg\" alt=\"\" class=\"wp-image-5326\" srcset=\"https:\/\/www.blagnacartsmartiaux.fr\/site\/wp-content\/uploads\/2023\/06\/bunkai-realisme.MOV.00_03_11_36.Still001.jpg 800w, https:\/\/www.blagnacartsmartiaux.fr\/site\/wp-content\/uploads\/2023\/06\/bunkai-realisme.MOV.00_03_11_36.Still001-300x300.jpg 300w, https:\/\/www.blagnacartsmartiaux.fr\/site\/wp-content\/uploads\/2023\/06\/bunkai-realisme.MOV.00_03_11_36.Still001-150x150.jpg 150w, https:\/\/www.blagnacartsmartiaux.fr\/site\/wp-content\/uploads\/2023\/06\/bunkai-realisme.MOV.00_03_11_36.Still001-768x768.jpg 768w\" sizes=\"(max-width: 800px) 100vw, 800px\" \/><\/figure>\n\n\n\n<figure class=\"wp-block-image size-full\"><img loading=\"lazy\" decoding=\"async\" width=\"1200\" height=\"559\" data-id=\"4897\" src=\"https:\/\/www.blagnacartsmartiaux.fr\/site\/wp-content\/uploads\/2022\/07\/IMG_3291-copie.webp\" alt=\"\" class=\"wp-image-4897\" srcset=\"https:\/\/www.blagnacartsmartiaux.fr\/site\/wp-content\/uploads\/2022\/07\/IMG_3291-copie.webp 1200w, https:\/\/www.blagnacartsmartiaux.fr\/site\/wp-content\/uploads\/2022\/07\/IMG_3291-copie-300x140.webp 300w, https:\/\/www.blagnacartsmartiaux.fr\/site\/wp-content\/uploads\/2022\/07\/IMG_3291-copie-1024x477.webp 1024w, https:\/\/www.blagnacartsmartiaux.fr\/site\/wp-content\/uploads\/2022\/07\/IMG_3291-copie-768x358.webp 768w\" sizes=\"(max-width: 1200px) 100vw, 1200px\" \/><\/figure>\n\n\n\n<figure class=\"wp-block-image size-full\"><img loading=\"lazy\" decoding=\"async\" width=\"800\" height=\"601\" data-id=\"4614\" src=\"https:\/\/www.blagnacartsmartiaux.fr\/site\/wp-content\/uploads\/2022\/06\/e851bb71-0c0f-461f-bfb1-654c6bb8ef1e.jpg\" alt=\"\" class=\"wp-image-4614\" srcset=\"https:\/\/www.blagnacartsmartiaux.fr\/site\/wp-content\/uploads\/2022\/06\/e851bb71-0c0f-461f-bfb1-654c6bb8ef1e.jpg 800w, https:\/\/www.blagnacartsmartiaux.fr\/site\/wp-content\/uploads\/2022\/06\/e851bb71-0c0f-461f-bfb1-654c6bb8ef1e-300x225.jpg 300w, https:\/\/www.blagnacartsmartiaux.fr\/site\/wp-content\/uploads\/2022\/06\/e851bb71-0c0f-461f-bfb1-654c6bb8ef1e-768x577.jpg 768w\" sizes=\"(max-width: 800px) 100vw, 800px\" \/><\/figure>\n<\/figure>\n\n\n\n<figure class=\"wp-block-image size-large is-style-default\"><img loading=\"lazy\" decoding=\"async\" width=\"1000\" height=\"566\" src=\"https:\/\/www.blagnacartsmartiaux.fr\/site\/wp-content\/uploads\/2021\/09\/marron-noir.jpg\" alt=\"\" class=\"wp-image-3831\" srcset=\"https:\/\/www.blagnacartsmartiaux.fr\/site\/wp-content\/uploads\/2021\/09\/marron-noir.jpg 1000w, https:\/\/www.blagnacartsmartiaux.fr\/site\/wp-content\/uploads\/2021\/09\/marron-noir-300x170.jpg 300w, https:\/\/www.blagnacartsmartiaux.fr\/site\/wp-content\/uploads\/2021\/09\/marron-noir-768x435.jpg 768w\" sizes=\"(max-width: 1000px) 100vw, 1000px\" \/><figcaption class=\"wp-element-caption\">Cours sp\u00e9cifique pour les marrons\/noires <\/figcaption><\/figure>\n\n\n\n<figure class=\"wp-block-image size-large\"><img loading=\"lazy\" decoding=\"async\" width=\"1024\" height=\"416\" src=\"https:\/\/www.blagnacartsmartiaux.fr\/site\/wp-content\/uploads\/2020\/07\/blagnac-juin-2020-karate-1024x416.jpg\" alt=\"\" class=\"wp-image-3193\" srcset=\"https:\/\/www.blagnacartsmartiaux.fr\/site\/wp-content\/uploads\/2020\/07\/blagnac-juin-2020-karate-1024x416.jpg 1024w, https:\/\/www.blagnacartsmartiaux.fr\/site\/wp-content\/uploads\/2020\/07\/blagnac-juin-2020-karate-300x122.jpg 300w, https:\/\/www.blagnacartsmartiaux.fr\/site\/wp-content\/uploads\/2020\/07\/blagnac-juin-2020-karate-768x312.jpg 768w, https:\/\/www.blagnacartsmartiaux.fr\/site\/wp-content\/uploads\/2020\/07\/blagnac-juin-2020-karate.jpg 1200w\" sizes=\"(max-width: 1024px) 100vw, 1024px\" \/><figcaption class=\"wp-element-caption\">Fin de saison (juin 2020) cours tous grades en ext\u00e9rieur<\/figcaption><\/figure>\n\n\n\n<figure class=\"wp-block-image size-large\"><img loading=\"lazy\" decoding=\"async\" width=\"1024\" height=\"576\" src=\"https:\/\/www.blagnacartsmartiaux.fr\/site\/wp-content\/uploads\/2021\/12\/karate-noel-2021-1024x576.jpg\" alt=\"\" class=\"wp-image-3986\" srcset=\"https:\/\/www.blagnacartsmartiaux.fr\/site\/wp-content\/uploads\/2021\/12\/karate-noel-2021-1024x576.jpg 1024w, https:\/\/www.blagnacartsmartiaux.fr\/site\/wp-content\/uploads\/2021\/12\/karate-noel-2021-300x169.jpg 300w, https:\/\/www.blagnacartsmartiaux.fr\/site\/wp-content\/uploads\/2021\/12\/karate-noel-2021-768x432.jpg 768w, https:\/\/www.blagnacartsmartiaux.fr\/site\/wp-content\/uploads\/2021\/12\/karate-noel-2021.jpg 1200w\" sizes=\"(max-width: 1024px) 100vw, 1024px\" \/><figcaption class=\"wp-element-caption\">Un fin d&rsquo;ann\u00e9e en couleur avec le Blagnac Karat\u00e9 &#8211; d\u00e9cembre 2021<\/figcaption><\/figure>\n\n\n\n<figure class=\"wp-block-image is-style-default\"><img loading=\"lazy\" decoding=\"async\" width=\"1000\" height=\"751\" src=\"https:\/\/www.blagnacartsmartiaux.fr\/site\/wp-content\/uploads\/2019\/07\/blagnac-karate-adolescents.jpg\" alt=\"\" class=\"wp-image-2781\" srcset=\"https:\/\/www.blagnacartsmartiaux.fr\/site\/wp-content\/uploads\/2019\/07\/blagnac-karate-adolescents.jpg 1000w, https:\/\/www.blagnacartsmartiaux.fr\/site\/wp-content\/uploads\/2019\/07\/blagnac-karate-adolescents-300x225.jpg 300w, https:\/\/www.blagnacartsmartiaux.fr\/site\/wp-content\/uploads\/2019\/07\/blagnac-karate-adolescents-768x577.jpg 768w\" sizes=\"(max-width: 1000px) 100vw, 1000px\" \/><figcaption class=\"wp-element-caption\">Selfie avec quelques ados en fin d&rsquo;ann\u00e9e \ud83d\ude09<\/figcaption><\/figure>\n\n\n\n<figure class=\"wp-block-image size-large is-style-default\"><img loading=\"lazy\" decoding=\"async\" width=\"1000\" height=\"672\" src=\"https:\/\/www.blagnacartsmartiaux.fr\/site\/wp-content\/uploads\/2021\/06\/blagnac-karate-nouveaux-ceinture-noire.jpg\" alt=\"\" class=\"wp-image-3695\" srcset=\"https:\/\/www.blagnacartsmartiaux.fr\/site\/wp-content\/uploads\/2021\/06\/blagnac-karate-nouveaux-ceinture-noire.jpg 1000w, https:\/\/www.blagnacartsmartiaux.fr\/site\/wp-content\/uploads\/2021\/06\/blagnac-karate-nouveaux-ceinture-noire-300x202.jpg 300w, https:\/\/www.blagnacartsmartiaux.fr\/site\/wp-content\/uploads\/2021\/06\/blagnac-karate-nouveaux-ceinture-noire-768x516.jpg 768w\" sizes=\"(max-width: 1000px) 100vw, 1000px\" \/><figcaption class=\"wp-element-caption\">Axel ceinture noire 1er dan &#8211; Olivier 2\u00e8me dan &#8211; Juin 2021<\/figcaption><\/figure>\n\n\n\n<figure class=\"wp-block-image size-full is-style-default\"><img loading=\"lazy\" decoding=\"async\" width=\"1000\" height=\"561\" src=\"https:\/\/www.blagnacartsmartiaux.fr\/site\/wp-content\/uploads\/2025\/06\/bam-2025-06-fete25ans-lionel.jpg\" alt=\"\" class=\"wp-image-5632\" srcset=\"https:\/\/www.blagnacartsmartiaux.fr\/site\/wp-content\/uploads\/2025\/06\/bam-2025-06-fete25ans-lionel.jpg 1000w, https:\/\/www.blagnacartsmartiaux.fr\/site\/wp-content\/uploads\/2025\/06\/bam-2025-06-fete25ans-lionel-300x168.jpg 300w, https:\/\/www.blagnacartsmartiaux.fr\/site\/wp-content\/uploads\/2025\/06\/bam-2025-06-fete25ans-lionel-768x431.jpg 768w\" sizes=\"(max-width: 1000px) 100vw, 1000px\" \/><figcaption class=\"wp-element-caption\">Confinement ? Toujours karat\u00e9 mais en ext\u00e9rieur<\/figcaption><\/figure>\n\n\n\n<figure class=\"wp-block-image alignnone wp-image-2119\"><img loading=\"lazy\" decoding=\"async\" width=\"1024\" height=\"536\" src=\"https:\/\/www.blagnacartsmartiaux.fr\/site\/wp-content\/uploads\/2017\/06\/lionel-6-dan-1024x536.jpg\" alt=\"lionel froidure 6 dan karat\u00e9\" class=\"wp-image-2119\" srcset=\"https:\/\/www.blagnacartsmartiaux.fr\/site\/wp-content\/uploads\/2017\/06\/lionel-6-dan-1024x536.jpg 1024w, https:\/\/www.blagnacartsmartiaux.fr\/site\/wp-content\/uploads\/2017\/06\/lionel-6-dan-300x157.jpg 300w, https:\/\/www.blagnacartsmartiaux.fr\/site\/wp-content\/uploads\/2017\/06\/lionel-6-dan-768x402.jpg 768w, https:\/\/www.blagnacartsmartiaux.fr\/site\/wp-content\/uploads\/2017\/06\/lionel-6-dan.jpg 1200w\" sizes=\"(max-width: 1024px) 100vw, 1024px\" \/><figcaption class=\"wp-element-caption\">Juin 2017 &#8211; Lionel Froidure 6\u00e8me dan karat\u00e9 FFKarate<\/figcaption><\/figure>\n\n\n\n<p>La formation d\u2019instructeur fait partie int\u00e9grante du cursus p\u00e9dagogique du club que ce soit via les formations f\u00e9d\u00e9rales DAF, DIF, CQP et la formation interne \u00e0 la section sous la supervision de Lionel.<\/p>\n\n\n\n<figure class=\"wp-block-image size-large\"><img loading=\"lazy\" decoding=\"async\" width=\"800\" height=\"800\" src=\"https:\/\/www.blagnacartsmartiaux.fr\/site\/wp-content\/uploads\/2020\/08\/IMG_0779-1.jpg\" alt=\"\" class=\"wp-image-3289\" srcset=\"https:\/\/www.blagnacartsmartiaux.fr\/site\/wp-content\/uploads\/2020\/08\/IMG_0779-1.jpg 800w, https:\/\/www.blagnacartsmartiaux.fr\/site\/wp-content\/uploads\/2020\/08\/IMG_0779-1-300x300.jpg 300w, https:\/\/www.blagnacartsmartiaux.fr\/site\/wp-content\/uploads\/2020\/08\/IMG_0779-1-150x150.jpg 150w, https:\/\/www.blagnacartsmartiaux.fr\/site\/wp-content\/uploads\/2020\/08\/IMG_0779-1-768x768.jpg 768w\" sizes=\"(max-width: 800px) 100vw, 800px\" \/><figcaption class=\"wp-element-caption\">R\u00e9ussite des 3 inscris au deuxi\u00e8me dan Karat\u00e9<\/figcaption><\/figure>\n\n\n\n<figure class=\"wp-block-image size-large is-style-default\"><img loading=\"lazy\" decoding=\"async\" width=\"1024\" height=\"1024\" src=\"https:\/\/www.blagnacartsmartiaux.fr\/site\/wp-content\/uploads\/2021\/04\/bamlionel-1024x1024.jpg\" alt=\"\" class=\"wp-image-3634\" srcset=\"https:\/\/www.blagnacartsmartiaux.fr\/site\/wp-content\/uploads\/2021\/04\/bamlionel-1024x1024.jpg 1024w, https:\/\/www.blagnacartsmartiaux.fr\/site\/wp-content\/uploads\/2021\/04\/bamlionel-300x300.jpg 300w, https:\/\/www.blagnacartsmartiaux.fr\/site\/wp-content\/uploads\/2021\/04\/bamlionel-150x150.jpg 150w, https:\/\/www.blagnacartsmartiaux.fr\/site\/wp-content\/uploads\/2021\/04\/bamlionel-768x768.jpg 768w, https:\/\/www.blagnacartsmartiaux.fr\/site\/wp-content\/uploads\/2021\/04\/bamlionel.jpg 1080w\" sizes=\"(max-width: 1024px) 100vw, 1024px\" \/><figcaption class=\"wp-element-caption\">Confinement ? Toujours karat\u00e9 mais en ext\u00e9rieur<\/figcaption><\/figure>\n\n\n\n<figure class=\"wp-block-embed is-type-video is-provider-youtube wp-block-embed-youtube wp-embed-aspect-16-9 wp-has-aspect-ratio\"><div class=\"wp-block-embed__wrapper\">\n<iframe title=\"Le Karat\u00e9 c&#039;est Quoi et pour Qui ?\" width=\"500\" height=\"281\" src=\"https:\/\/www.youtube.com\/embed\/e6fdazHv1U4?feature=oembed\" frameborder=\"0\" allow=\"accelerometer; autoplay; clipboard-write; encrypted-media; gyroscope; picture-in-picture; web-share\" referrerpolicy=\"strict-origin-when-cross-origin\" allowfullscreen><\/iframe>\n<\/div><\/figure>\n\n\n\n<figure class=\"wp-block-embed is-type-video is-provider-youtube wp-block-embed-youtube wp-embed-aspect-16-9 wp-has-aspect-ratio\"><div class=\"wp-block-embed__wrapper\">\n<iframe title=\"10 ans de ma vie - 12 documentaires En Terre Martiale\" width=\"500\" height=\"281\" src=\"https:\/\/www.youtube.com\/embed\/AwANoENaTMg?feature=oembed\" frameborder=\"0\" allow=\"accelerometer; autoplay; clipboard-write; encrypted-media; gyroscope; picture-in-picture; web-share\" referrerpolicy=\"strict-origin-when-cross-origin\" allowfullscreen><\/iframe>\n<\/div><\/figure>\n","protected":false},"excerpt":{"rendered":"<p>Cours de karat\u00e9 \u00e0 Blagnac sous la direction Lionel FROIDURE. Lionel FROIDURE est 6\u00e8me dan FFKDA, professeur dipl\u00f4m\u00e9 d\u2019\u00e9tat DEJEPS. Responsable de la section Karat\u00e9 au Blagnac Arts Martiaux depuis septembre 2000. Il est aussi l\u2019auteur de nombreux documentaires vu \u00e0 la TV. Responsable de la section karat\u00e9 depuis septembre 2000. Cours d\u2019essai gratuit ! [&hellip;]<\/p>\n","protected":false},"author":2,"featured_media":2243,"parent":0,"menu_order":0,"comment_status":"closed","ping_status":"closed","template":"","meta":{"site-sidebar-layout":"default","site-content-layout":"default","ast-site-content-layout":"default","site-content-style":"default","site-sidebar-style":"default","ast-global-header-display":"","ast-banner-title-visibility":"","ast-main-header-display":"","ast-hfb-above-header-display":"","ast-hfb-below-header-display":"","ast-hfb-mobile-header-display":"","site-post-title":"","ast-breadcrumbs-content":"","ast-featured-img":"","footer-sml-layout":"","ast-disable-related-posts":"","theme-transparent-header-meta":"default","adv-header-id-meta":"","stick-header-meta":"","header-above-stick-meta":"","header-main-stick-meta":"","header-below-stick-meta":"","astra-migrate-meta-layouts":"set","ast-page-background-enabled":"default","ast-page-background-meta":{"desktop":{"background-color":"","background-image":"","background-repeat":"repeat","background-position":"center center","background-size":"auto","background-attachment":"scroll","background-type":"","background-media":"","overlay-type":"","overlay-color":"","overlay-opacity":"","overlay-gradient":""},"tablet":{"background-color":"","background-image":"","background-repeat":"repeat","background-position":"center center","background-size":"auto","background-attachment":"scroll","background-type":"","background-media":"","overlay-type":"","overlay-color":"","overlay-opacity":"","overlay-gradient":""},"mobile":{"background-color":"","background-image":"","background-repeat":"repeat","background-position":"center center","background-size":"auto","background-attachment":"scroll","background-type":"","background-media":"","overlay-type":"","overlay-color":"","overlay-opacity":"","overlay-gradient":""}},"ast-content-background-meta":{"desktop":{"background-color":"var(--ast-global-color-5)","background-image":"","background-repeat":"repeat","background-position":"center center","background-size":"auto","background-attachment":"scroll","background-type":"","background-media":"","overlay-type":"","overlay-color":"","overlay-opacity":"","overlay-gradient":""},"tablet":{"background-color":"var(--ast-global-color-5)","background-image":"","background-repeat":"repeat","background-position":"center center","background-size":"auto","background-attachment":"scroll","background-type":"","background-media":"","overlay-type":"","overlay-color":"","overlay-opacity":"","overlay-gradient":""},"mobile":{"background-color":"var(--ast-global-color-5)","background-image":"","background-repeat":"repeat","background-position":"center center","background-size":"auto","background-attachment":"scroll","background-type":"","background-media":"","overlay-type":"","overlay-color":"","overlay-opacity":"","overlay-gradient":""}},"footnotes":""},"class_list":["post-2160","page","type-page","status-publish","has-post-thumbnail","hentry"],"yoast_head":"<!-- This site is optimized with the Yoast SEO plugin v27.5 - https:\/\/yoast.com\/product\/yoast-seo-wordpress\/ -->\n<title>Karat\u00e9 Adultes \u00e0 Blagnac avec Lionel Froidure - Blagnac Arts Martiaux<\/title>\n<meta name=\"robots\" content=\"index, follow, max-snippet:-1, max-image-preview:large, max-video-preview:-1\" \/>\n<link rel=\"canonical\" href=\"https:\/\/www.blagnacartsmartiaux.fr\/site\/karate-blagnac\/\" \/>\n<meta property=\"og:locale\" content=\"fr_FR\" \/>\n<meta property=\"og:type\" content=\"article\" \/>\n<meta property=\"og:title\" content=\"Karat\u00e9 Adultes \u00e0 Blagnac avec Lionel Froidure - Blagnac Arts Martiaux\" \/>\n<meta property=\"og:description\" content=\"Cours de karat\u00e9 \u00e0 Blagnac sous la direction Lionel FROIDURE. Lionel FROIDURE est 6\u00e8me dan FFKDA, professeur dipl\u00f4m\u00e9 d\u2019\u00e9tat DEJEPS. Responsable de la section Karat\u00e9 au Blagnac Arts Martiaux depuis septembre 2000. Il est aussi l\u2019auteur de nombreux documentaires vu \u00e0 la TV. Responsable de la section karat\u00e9 depuis septembre 2000. Cours d\u2019essai gratuit ! [&hellip;]\" \/>\n<meta property=\"og:url\" content=\"https:\/\/www.blagnacartsmartiaux.fr\/site\/karate-blagnac\/\" \/>\n<meta property=\"og:site_name\" content=\"Blagnac Arts Martiaux\" \/>\n<meta property=\"article:publisher\" content=\"https:\/\/www.facebook.com\/BlagnacArtsMartiaux\" \/>\n<meta property=\"article:modified_time\" content=\"2025-10-03T07:33:03+00:00\" \/>\n<meta property=\"og:image\" content=\"https:\/\/www.blagnacartsmartiaux.fr\/site\/wp-content\/uploads\/2017\/08\/AY9I0697.jpg\" \/>\n\t<meta property=\"og:image:width\" content=\"1300\" \/>\n\t<meta property=\"og:image:height\" content=\"597\" \/>\n\t<meta property=\"og:image:type\" content=\"image\/jpeg\" \/>\n<meta name=\"twitter:card\" content=\"summary_large_image\" \/>\n<meta name=\"twitter:image\" content=\"http:\/\/www.blagnacartsmartiaux.fr\/site\/wp-content\/uploads\/2017\/08\/AY9I0697.jpg\" \/>\n<meta name=\"twitter:site\" content=\"@BlagnacArtsM\" \/>\n<meta name=\"twitter:label1\" content=\"Dur\u00e9e de lecture estim\u00e9e\" \/>\n\t<meta name=\"twitter:data1\" content=\"7 minutes\" \/>\n<script type=\"application\/ld+json\" class=\"yoast-schema-graph\">{\"@context\":\"https:\\\/\\\/schema.org\",\"@graph\":[{\"@type\":\"WebPage\",\"@id\":\"https:\\\/\\\/www.blagnacartsmartiaux.fr\\\/site\\\/karate-blagnac\\\/\",\"url\":\"https:\\\/\\\/www.blagnacartsmartiaux.fr\\\/site\\\/karate-blagnac\\\/\",\"name\":\"Karat\u00e9 Adultes \u00e0 Blagnac avec Lionel Froidure - Blagnac Arts Martiaux\",\"isPartOf\":{\"@id\":\"https:\\\/\\\/www.blagnacartsmartiaux.fr\\\/site\\\/#website\"},\"primaryImageOfPage\":{\"@id\":\"https:\\\/\\\/www.blagnacartsmartiaux.fr\\\/site\\\/karate-blagnac\\\/#primaryimage\"},\"image\":{\"@id\":\"https:\\\/\\\/www.blagnacartsmartiaux.fr\\\/site\\\/karate-blagnac\\\/#primaryimage\"},\"thumbnailUrl\":\"https:\\\/\\\/www.blagnacartsmartiaux.fr\\\/site\\\/wp-content\\\/uploads\\\/2017\\\/08\\\/AY9I0697.jpg\",\"datePublished\":\"2017-08-12T11:29:04+00:00\",\"dateModified\":\"2025-10-03T07:33:03+00:00\",\"breadcrumb\":{\"@id\":\"https:\\\/\\\/www.blagnacartsmartiaux.fr\\\/site\\\/karate-blagnac\\\/#breadcrumb\"},\"inLanguage\":\"fr-FR\",\"potentialAction\":[{\"@type\":\"ReadAction\",\"target\":[\"https:\\\/\\\/www.blagnacartsmartiaux.fr\\\/site\\\/karate-blagnac\\\/\"]}]},{\"@type\":\"ImageObject\",\"inLanguage\":\"fr-FR\",\"@id\":\"https:\\\/\\\/www.blagnacartsmartiaux.fr\\\/site\\\/karate-blagnac\\\/#primaryimage\",\"url\":\"https:\\\/\\\/www.blagnacartsmartiaux.fr\\\/site\\\/wp-content\\\/uploads\\\/2017\\\/08\\\/AY9I0697.jpg\",\"contentUrl\":\"https:\\\/\\\/www.blagnacartsmartiaux.fr\\\/site\\\/wp-content\\\/uploads\\\/2017\\\/08\\\/AY9I0697.jpg\",\"width\":1300,\"height\":597,\"caption\":\"blagnac karate club - toulouse avec Lionel Froidure\"},{\"@type\":\"BreadcrumbList\",\"@id\":\"https:\\\/\\\/www.blagnacartsmartiaux.fr\\\/site\\\/karate-blagnac\\\/#breadcrumb\",\"itemListElement\":[{\"@type\":\"ListItem\",\"position\":1,\"name\":\"Accueil\",\"item\":\"https:\\\/\\\/www.blagnacartsmartiaux.fr\\\/site\\\/\"},{\"@type\":\"ListItem\",\"position\":2,\"name\":\"Karat\u00e9 Adultes \u00e0 Blagnac avec Lionel Froidure\"}]},{\"@type\":\"WebSite\",\"@id\":\"https:\\\/\\\/www.blagnacartsmartiaux.fr\\\/site\\\/#website\",\"url\":\"https:\\\/\\\/www.blagnacartsmartiaux.fr\\\/site\\\/\",\"name\":\"Blagnac Arts Martiaux\",\"description\":\"Le club de Judo, Karat\u00e9, Jujitsu, Arnis Kali et Self D\u00e9fense sur Blagnac\",\"publisher\":{\"@id\":\"https:\\\/\\\/www.blagnacartsmartiaux.fr\\\/site\\\/#organization\"},\"potentialAction\":[{\"@type\":\"SearchAction\",\"target\":{\"@type\":\"EntryPoint\",\"urlTemplate\":\"https:\\\/\\\/www.blagnacartsmartiaux.fr\\\/site\\\/?s={search_term_string}\"},\"query-input\":{\"@type\":\"PropertyValueSpecification\",\"valueRequired\":true,\"valueName\":\"search_term_string\"}}],\"inLanguage\":\"fr-FR\"},{\"@type\":\"Organization\",\"@id\":\"https:\\\/\\\/www.blagnacartsmartiaux.fr\\\/site\\\/#organization\",\"name\":\"Blagnac Arts Martiaux\",\"url\":\"https:\\\/\\\/www.blagnacartsmartiaux.fr\\\/site\\\/\",\"logo\":{\"@type\":\"ImageObject\",\"inLanguage\":\"fr-FR\",\"@id\":\"https:\\\/\\\/www.blagnacartsmartiaux.fr\\\/site\\\/#\\\/schema\\\/logo\\\/image\\\/\",\"url\":\"https:\\\/\\\/www.blagnacartsmartiaux.fr\\\/site\\\/wp-content\\\/uploads\\\/2020\\\/05\\\/cropped-bam-wide.png\",\"contentUrl\":\"https:\\\/\\\/www.blagnacartsmartiaux.fr\\\/site\\\/wp-content\\\/uploads\\\/2020\\\/05\\\/cropped-bam-wide.png\",\"width\":180,\"height\":60,\"caption\":\"Blagnac Arts Martiaux\"},\"image\":{\"@id\":\"https:\\\/\\\/www.blagnacartsmartiaux.fr\\\/site\\\/#\\\/schema\\\/logo\\\/image\\\/\"},\"sameAs\":[\"https:\\\/\\\/www.facebook.com\\\/BlagnacArtsMartiaux\",\"https:\\\/\\\/x.com\\\/BlagnacArtsM\"]}]}<\/script>\n<!-- \/ Yoast SEO plugin. -->","yoast_head_json":{"title":"Karat\u00e9 Adultes \u00e0 Blagnac avec Lionel Froidure - Blagnac Arts Martiaux","robots":{"index":"index","follow":"follow","max-snippet":"max-snippet:-1","max-image-preview":"max-image-preview:large","max-video-preview":"max-video-preview:-1"},"canonical":"https:\/\/www.blagnacartsmartiaux.fr\/site\/karate-blagnac\/","og_locale":"fr_FR","og_type":"article","og_title":"Karat\u00e9 Adultes \u00e0 Blagnac avec Lionel Froidure - Blagnac Arts Martiaux","og_description":"Cours de karat\u00e9 \u00e0 Blagnac sous la direction Lionel FROIDURE. Lionel FROIDURE est 6\u00e8me dan FFKDA, professeur dipl\u00f4m\u00e9 d\u2019\u00e9tat DEJEPS. Responsable de la section Karat\u00e9 au Blagnac Arts Martiaux depuis septembre 2000. Il est aussi l\u2019auteur de nombreux documentaires vu \u00e0 la TV. Responsable de la section karat\u00e9 depuis septembre 2000. Cours d\u2019essai gratuit ! [&hellip;]","og_url":"https:\/\/www.blagnacartsmartiaux.fr\/site\/karate-blagnac\/","og_site_name":"Blagnac Arts Martiaux","article_publisher":"https:\/\/www.facebook.com\/BlagnacArtsMartiaux","article_modified_time":"2025-10-03T07:33:03+00:00","og_image":[{"width":1300,"height":597,"url":"https:\/\/www.blagnacartsmartiaux.fr\/site\/wp-content\/uploads\/2017\/08\/AY9I0697.jpg","type":"image\/jpeg"}],"twitter_card":"summary_large_image","twitter_image":"http:\/\/www.blagnacartsmartiaux.fr\/site\/wp-content\/uploads\/2017\/08\/AY9I0697.jpg","twitter_site":"@BlagnacArtsM","twitter_misc":{"Dur\u00e9e de lecture estim\u00e9e":"7 minutes"},"schema":{"@context":"https:\/\/schema.org","@graph":[{"@type":"WebPage","@id":"https:\/\/www.blagnacartsmartiaux.fr\/site\/karate-blagnac\/","url":"https:\/\/www.blagnacartsmartiaux.fr\/site\/karate-blagnac\/","name":"Karat\u00e9 Adultes \u00e0 Blagnac avec Lionel Froidure - Blagnac Arts Martiaux","isPartOf":{"@id":"https:\/\/www.blagnacartsmartiaux.fr\/site\/#website"},"primaryImageOfPage":{"@id":"https:\/\/www.blagnacartsmartiaux.fr\/site\/karate-blagnac\/#primaryimage"},"image":{"@id":"https:\/\/www.blagnacartsmartiaux.fr\/site\/karate-blagnac\/#primaryimage"},"thumbnailUrl":"https:\/\/www.blagnacartsmartiaux.fr\/site\/wp-content\/uploads\/2017\/08\/AY9I0697.jpg","datePublished":"2017-08-12T11:29:04+00:00","dateModified":"2025-10-03T07:33:03+00:00","breadcrumb":{"@id":"https:\/\/www.blagnacartsmartiaux.fr\/site\/karate-blagnac\/#breadcrumb"},"inLanguage":"fr-FR","potentialAction":[{"@type":"ReadAction","target":["https:\/\/www.blagnacartsmartiaux.fr\/site\/karate-blagnac\/"]}]},{"@type":"ImageObject","inLanguage":"fr-FR","@id":"https:\/\/www.blagnacartsmartiaux.fr\/site\/karate-blagnac\/#primaryimage","url":"https:\/\/www.blagnacartsmartiaux.fr\/site\/wp-content\/uploads\/2017\/08\/AY9I0697.jpg","contentUrl":"https:\/\/www.blagnacartsmartiaux.fr\/site\/wp-content\/uploads\/2017\/08\/AY9I0697.jpg","width":1300,"height":597,"caption":"blagnac karate club - toulouse avec Lionel Froidure"},{"@type":"BreadcrumbList","@id":"https:\/\/www.blagnacartsmartiaux.fr\/site\/karate-blagnac\/#breadcrumb","itemListElement":[{"@type":"ListItem","position":1,"name":"Accueil","item":"https:\/\/www.blagnacartsmartiaux.fr\/site\/"},{"@type":"ListItem","position":2,"name":"Karat\u00e9 Adultes \u00e0 Blagnac avec Lionel Froidure"}]},{"@type":"WebSite","@id":"https:\/\/www.blagnacartsmartiaux.fr\/site\/#website","url":"https:\/\/www.blagnacartsmartiaux.fr\/site\/","name":"Blagnac Arts Martiaux","description":"Le club de Judo, Karat\u00e9, Jujitsu, Arnis Kali et Self D\u00e9fense sur Blagnac","publisher":{"@id":"https:\/\/www.blagnacartsmartiaux.fr\/site\/#organization"},"potentialAction":[{"@type":"SearchAction","target":{"@type":"EntryPoint","urlTemplate":"https:\/\/www.blagnacartsmartiaux.fr\/site\/?s={search_term_string}"},"query-input":{"@type":"PropertyValueSpecification","valueRequired":true,"valueName":"search_term_string"}}],"inLanguage":"fr-FR"},{"@type":"Organization","@id":"https:\/\/www.blagnacartsmartiaux.fr\/site\/#organization","name":"Blagnac Arts Martiaux","url":"https:\/\/www.blagnacartsmartiaux.fr\/site\/","logo":{"@type":"ImageObject","inLanguage":"fr-FR","@id":"https:\/\/www.blagnacartsmartiaux.fr\/site\/#\/schema\/logo\/image\/","url":"https:\/\/www.blagnacartsmartiaux.fr\/site\/wp-content\/uploads\/2020\/05\/cropped-bam-wide.png","contentUrl":"https:\/\/www.blagnacartsmartiaux.fr\/site\/wp-content\/uploads\/2020\/05\/cropped-bam-wide.png","width":180,"height":60,"caption":"Blagnac Arts Martiaux"},"image":{"@id":"https:\/\/www.blagnacartsmartiaux.fr\/site\/#\/schema\/logo\/image\/"},"sameAs":["https:\/\/www.facebook.com\/BlagnacArtsMartiaux","https:\/\/x.com\/BlagnacArtsM"]}]}},"_links":{"self":[{"href":"https:\/\/www.blagnacartsmartiaux.fr\/site\/wp-json\/wp\/v2\/pages\/2160","targetHints":{"allow":["GET"]}}],"collection":[{"href":"https:\/\/www.blagnacartsmartiaux.fr\/site\/wp-json\/wp\/v2\/pages"}],"about":[{"href":"https:\/\/www.blagnacartsmartiaux.fr\/site\/wp-json\/wp\/v2\/types\/page"}],"author":[{"embeddable":true,"href":"https:\/\/www.blagnacartsmartiaux.fr\/site\/wp-json\/wp\/v2\/users\/2"}],"replies":[{"embeddable":true,"href":"https:\/\/www.blagnacartsmartiaux.fr\/site\/wp-json\/wp\/v2\/comments?post=2160"}],"version-history":[{"count":87,"href":"https:\/\/www.blagnacartsmartiaux.fr\/site\/wp-json\/wp\/v2\/pages\/2160\/revisions"}],"predecessor-version":[{"id":5759,"href":"https:\/\/www.blagnacartsmartiaux.fr\/site\/wp-json\/wp\/v2\/pages\/2160\/revisions\/5759"}],"wp:featuredmedia":[{"embeddable":true,"href":"https:\/\/www.blagnacartsmartiaux.fr\/site\/wp-json\/wp\/v2\/media\/2243"}],"wp:attachment":[{"href":"https:\/\/www.blagnacartsmartiaux.fr\/site\/wp-json\/wp\/v2\/media?parent=2160"}],"curies":[{"name":"wp","href":"https:\/\/api.w.org\/{rel}","templated":true}]}}