{"id":4273,"date":"2022-06-21T13:41:42","date_gmt":"2022-06-21T11:41:42","guid":{"rendered":"http:\/\/www.blagnacartsmartiaux.fr\/site\/?page_id=4273"},"modified":"2025-08-31T23:20:02","modified_gmt":"2025-08-31T21:20:02","slug":"judo-enfants-blagnac","status":"publish","type":"page","link":"https:\/\/www.blagnacartsmartiaux.fr\/site\/judo\/judo-enfants-blagnac\/","title":{"rendered":"Judo enfants \u00e0 Blagnac"},"content":{"rendered":"\n<p>\u201c<em>L&rsquo;enfant, par une pratique assidue du Judo, d\u00e9veloppe sa force, sa rapidit\u00e9, sa souplesse, sa coordination, ses r\u00e9flexes, sa concentration, son \u00e9quilibre, sa r\u00e9sistance, sa personnalit\u00e9, la confiance en soi et la connaissance de son propre corps.<\/em>\u201d &#8211; ce n\u2019est pas nous, c\u2019est l\u2019UNESCO qui le dit !<\/p>\n\n\n\n<p>Mais c\u2019est ce que nous proposons \u00e0 travers les cours de <strong>judo enfants<\/strong> au Blagnac Arts Martiaux.<\/p>\n\n\n\n<p>Ils sont dispens\u00e9s par deux professeurs dipl\u00f4m\u00e9s d\u2019Etat\u00a0: Jean louis <strong>MOURLAN<\/strong> et Tanguy <strong>GRIFFAULT<\/strong><\/p>\n\n\n\n<figure class=\"wp-block-gallery has-nested-images columns-default is-cropped wp-block-gallery-1 is-layout-flex wp-block-gallery-is-layout-flex\">\n<figure class=\"wp-block-image size-large is-style-default\"><img fetchpriority=\"high\" decoding=\"async\" width=\"400\" height=\"400\" data-id=\"4826\" src=\"https:\/\/www.blagnacartsmartiaux.fr\/site\/wp-content\/uploads\/2022\/06\/judo-kids-1-1.webp\" alt=\"\" class=\"wp-image-4826\" srcset=\"https:\/\/www.blagnacartsmartiaux.fr\/site\/wp-content\/uploads\/2022\/06\/judo-kids-1-1.webp 400w, https:\/\/www.blagnacartsmartiaux.fr\/site\/wp-content\/uploads\/2022\/06\/judo-kids-1-1-300x300.webp 300w, https:\/\/www.blagnacartsmartiaux.fr\/site\/wp-content\/uploads\/2022\/06\/judo-kids-1-1-150x150.webp 150w\" sizes=\"(max-width: 400px) 100vw, 400px\" \/><\/figure>\n\n\n\n<figure class=\"wp-block-image size-large is-style-default\"><img decoding=\"async\" width=\"800\" height=\"640\" data-id=\"4827\" src=\"https:\/\/www.blagnacartsmartiaux.fr\/site\/wp-content\/uploads\/2022\/06\/judo-kids-2.webp\" alt=\"\" class=\"wp-image-4827\" srcset=\"https:\/\/www.blagnacartsmartiaux.fr\/site\/wp-content\/uploads\/2022\/06\/judo-kids-2.webp 800w, https:\/\/www.blagnacartsmartiaux.fr\/site\/wp-content\/uploads\/2022\/06\/judo-kids-2-300x240.webp 300w, https:\/\/www.blagnacartsmartiaux.fr\/site\/wp-content\/uploads\/2022\/06\/judo-kids-2-768x614.webp 768w\" sizes=\"(max-width: 800px) 100vw, 800px\" \/><\/figure>\n\n\n\n<figure class=\"wp-block-image size-large is-style-default\"><img decoding=\"async\" width=\"800\" height=\"640\" data-id=\"4825\" src=\"https:\/\/www.blagnacartsmartiaux.fr\/site\/wp-content\/uploads\/2022\/06\/judo-kids-3.webp\" alt=\"\" class=\"wp-image-4825\" srcset=\"https:\/\/www.blagnacartsmartiaux.fr\/site\/wp-content\/uploads\/2022\/06\/judo-kids-3.webp 800w, https:\/\/www.blagnacartsmartiaux.fr\/site\/wp-content\/uploads\/2022\/06\/judo-kids-3-300x240.webp 300w, https:\/\/www.blagnacartsmartiaux.fr\/site\/wp-content\/uploads\/2022\/06\/judo-kids-3-768x614.webp 768w\" sizes=\"(max-width: 800px) 100vw, 800px\" \/><\/figure>\n<\/figure>\n\n\n\n<h3 class=\"wp-block-heading\">D\u00e9roulement des cours de judo enfant<\/h3>\n\n\n\n<p>On distingue deux tranches d&rsquo;\u00e2ge pour les cours de judo enfants au Blagnac Arts Martiaux.<\/p>\n\n\n\n<ul class=\"wp-block-list\">\n<li>Les judokas entre 4 et 6 ans sont regroup\u00e9s dans 2 cours diff\u00e9rents (4\/5 ans, 5\/6 ans). On parlera alors d\u2019\u00e9veil \/ d\u2019initiation au judo.<\/li>\n\n\n\n<li>Les judokas entre 7 et 13 ans sont regroup\u00e9s dans 2 cours diff\u00e9rents (7\/9 ans et 10\/13 ans). Le perfectionnement du judo est au c\u0153ur des entra\u00eenements.<\/li>\n<\/ul>\n\n\n\n<p>A travers des jeux et exercices divers, les enfants \u00e9volueront dans leur pratique, d\u00e9velopperont leurs connaissances techniques bien s\u00fbr, mais aussi leurs capacit\u00e9s d&rsquo;adaptation, de coop\u00e9ration, le tout dans le respect de leurs camarades et de leurs professeurs.<\/p>\n\n\n\n<h4 class=\"wp-block-heading\">Education\/ transmission de valeurs du judo<\/h4>\n\n\n\n<p>Le judo n\u2019est pas seulement un art martial, il a \u00e9t\u00e9 d\u00e9velopp\u00e9 avant tout comme une m\u00e9thode d\u2019\u00e9ducation ; ainsi le professeur n\u2019a pas pour but unique le d\u00e9veloppement physique et technique des enfants. Le code moral du judo a une place importante dans les cours; il sert de trame g\u00e9n\u00e9rale et les valeurs que les jeunes judokas acqui\u00e8rent dans ce <strong>sport de combat <\/strong>seront donn\u00e9es de fa\u00e7on \u00e0 ce qu\u2019elles soient retranscrites dans tous les autres environnements de leur vie (l\u2019\u00e9cole, la maison, etc.).<\/p>\n\n\n\n<h4 class=\"wp-block-heading\">Les animations \u00e0 l\u2019ext\u00e9rieur<\/h4>\n\n\n\n<p>Nous proposons \u00e0 nos plus jeunes judokas des \u00e9v\u00e8nements en dehors du club (animations ou comp\u00e9titions interclubs) afin de leur permettre de changer de cadre, d\u2019apprendre \u00e0 pratiquer dans un environnement diff\u00e9rent et d\u2019\u00e9voluer avec d\u2019autres judokas.<\/p>\n\n\n\n<p>A partir de 10 ans, les benjamins commencent les comp\u00e9titions officielles de judo, c\u2019est-\u00e0-dire les tournois r\u00e9gionaux, championnats de districts, d\u00e9partements et r\u00e9gions pour ceux qui s\u2019y qualifient.<\/p>\n\n\n\n<h4 class=\"wp-block-heading\">Les passages de grades<\/h4>\n\n\n\n<p>Le club organise des passages de grades accessibles \u00e0 tous les judokas du club. Selon l\u2019\u00e2ge des pratiquants, ils peuvent pr\u00e9tendre \u00e0 un ou deux passages de grade durant la saison. Ce passage met d\u00e8s son plus jeune \u00e2ge l\u2019enfant en \u201csituation d&rsquo;examen\u201d, tout en restant dans un cadre connu (le dojo du club, ses professeurs). C\u2019est l\u2019occasion pour eux de montrer leurs acquis sur un plan technique bien s\u00fbr, mais aussi culturel et comportemental (on juge \u00e0 la fois Tori, celui qui fait l\u2019action et Uke, celui qui subit l\u2019action). C\u2019est \u00e0 la suite de ces passages de grades que les enfants peuvent recevoir une ceinture de couleur diff\u00e9rente, symbole de leur progression.<\/p>\n\n\n\n<h4 class=\"wp-block-heading\">Les stages de judo enfants<\/h4>\n\n\n\n<p>Depuis de nombreuses ann\u00e9es, des stages de judo enfants sont organis\u00e9s pendant les vacances scolaires \u00e0 Blagnac et sont ouverts aux enfants de 6 \u00e0 17 ans.<\/p>\n\n\n\n<p>Ils se d\u00e9roulent, g\u00e9n\u00e9ralement sur 3 jours, lors de la premi\u00e8re semaine des vacances de Toussaint, de F\u00e9vrier et de P\u00e2ques.<\/p>\n\n\n\n<p>C\u2019est l\u2019occasion de cr\u00e9er du lien entre tous nos jeunes judokas, d\u2019apprendre \u00e0 se conna\u00eetre, de varier les partenaires et pour les plus grands d\u2019\u00eatre en situation de responsabilit\u00e9 et de transmettre leur savoir aux plus jeunes.<\/p>\n\n\n\n<h4 class=\"wp-block-heading\">Les horaires des cours de judo enfants<\/h4>\n\n\n\n<p>Les horaires des cours de judo enfants d\u00e9pendent des tranches d&rsquo;\u00e2ge des jeunes judokas.<\/p>\n\n\n\n<p>Retrouvez ci-dessous la r\u00e9partition des cours selon les jours&nbsp;:<br>(Pour les plus \u00e2g\u00e9s, possibilit\u00e9 leur est donn\u00e9e de partager 30min du cours adulte qui suit le leur, afin de b\u00e9n\u00e9ficier d\u2019une opposition diff\u00e9rente)<\/p>\n\n\n\n<p class=\"has-text-align-center has-light-green-cyan-background-color has-background\">Cours d&rsquo;essai gratuit &#8211; <a href=\"https:\/\/www.blagnacartsmartiaux.fr\/site\/inscription\/\">voir les modalit\u00e9s<\/a><\/p>\n\n\n\n<div style=\"height:40px\" aria-hidden=\"true\" class=\"wp-block-spacer\"><\/div>\n\n\n\n<p><\/p>\n","protected":false},"excerpt":{"rendered":"<p>\u201cL&rsquo;enfant, par une pratique assidue du Judo, d\u00e9veloppe sa force, sa rapidit\u00e9, sa souplesse, sa coordination, ses r\u00e9flexes, sa concentration, son \u00e9quilibre, sa r\u00e9sistance, sa personnalit\u00e9, la confiance en soi et la connaissance de son propre corps.\u201d &#8211; ce n\u2019est pas nous, c\u2019est l\u2019UNESCO qui le dit ! Mais c\u2019est ce que nous proposons \u00e0 [&hellip;]<\/p>\n","protected":false},"author":1,"featured_media":4266,"parent":1433,"menu_order":0,"comment_status":"closed","ping_status":"closed","template":"","meta":{"site-sidebar-layout":"default","site-content-layout":"default","ast-site-content-layout":"default","site-content-style":"default","site-sidebar-style":"default","ast-global-header-display":"","ast-banner-title-visibility":"","ast-main-header-display":"","ast-hfb-above-header-display":"","ast-hfb-below-header-display":"","ast-hfb-mobile-header-display":"","site-post-title":"","ast-breadcrumbs-content":"","ast-featured-img":"","footer-sml-layout":"","ast-disable-related-posts":"","theme-transparent-header-meta":"default","adv-header-id-meta":"","stick-header-meta":"","header-above-stick-meta":"","header-main-stick-meta":"","header-below-stick-meta":"","astra-migrate-meta-layouts":"set","ast-page-background-enabled":"default","ast-page-background-meta":{"desktop":{"background-color":"","background-image":"","background-repeat":"repeat","background-position":"center center","background-size":"auto","background-attachment":"scroll","background-type":"","background-media":"","overlay-type":"","overlay-color":"","overlay-opacity":"","overlay-gradient":""},"tablet":{"background-color":"","background-image":"","background-repeat":"repeat","background-position":"center center","background-size":"auto","background-attachment":"scroll","background-type":"","background-media":"","overlay-type":"","overlay-color":"","overlay-opacity":"","overlay-gradient":""},"mobile":{"background-color":"","background-image":"","background-repeat":"repeat","background-position":"center center","background-size":"auto","background-attachment":"scroll","background-type":"","background-media":"","overlay-type":"","overlay-color":"","overlay-opacity":"","overlay-gradient":""}},"ast-content-background-meta":{"desktop":{"background-color":"var(--ast-global-color-5)","background-image":"","background-repeat":"repeat","background-position":"center center","background-size":"auto","background-attachment":"scroll","background-type":"","background-media":"","overlay-type":"","overlay-color":"","overlay-opacity":"","overlay-gradient":""},"tablet":{"background-color":"var(--ast-global-color-5)","background-image":"","background-repeat":"repeat","background-position":"center center","background-size":"auto","background-attachment":"scroll","background-type":"","background-media":"","overlay-type":"","overlay-color":"","overlay-opacity":"","overlay-gradient":""},"mobile":{"background-color":"var(--ast-global-color-5)","background-image":"","background-repeat":"repeat","background-position":"center center","background-size":"auto","background-attachment":"scroll","background-type":"","background-media":"","overlay-type":"","overlay-color":"","overlay-opacity":"","overlay-gradient":""}},"footnotes":""},"class_list":["post-4273","page","type-page","status-publish","has-post-thumbnail","hentry"],"yoast_head":"<!-- This site is optimized with the Yoast SEO plugin v27.4 - https:\/\/yoast.com\/product\/yoast-seo-wordpress\/ -->\n<title>Judo enfants \u00e0 Blagnac - Blagnac Arts Martiaux<\/title>\n<meta name=\"robots\" content=\"index, follow, max-snippet:-1, max-image-preview:large, max-video-preview:-1\" \/>\n<link rel=\"canonical\" href=\"https:\/\/www.blagnacartsmartiaux.fr\/site\/judo\/judo-enfants-blagnac\/\" \/>\n<meta property=\"og:locale\" content=\"fr_FR\" \/>\n<meta property=\"og:type\" content=\"article\" \/>\n<meta property=\"og:title\" content=\"Judo enfants \u00e0 Blagnac - Blagnac Arts Martiaux\" \/>\n<meta property=\"og:description\" content=\"\u201cL&rsquo;enfant, par une pratique assidue du Judo, d\u00e9veloppe sa force, sa rapidit\u00e9, sa souplesse, sa coordination, ses r\u00e9flexes, sa concentration, son \u00e9quilibre, sa r\u00e9sistance, sa personnalit\u00e9, la confiance en soi et la connaissance de son propre corps.\u201d &#8211; ce n\u2019est pas nous, c\u2019est l\u2019UNESCO qui le dit ! Mais c\u2019est ce que nous proposons \u00e0 [&hellip;]\" \/>\n<meta property=\"og:url\" content=\"https:\/\/www.blagnacartsmartiaux.fr\/site\/judo\/judo-enfants-blagnac\/\" \/>\n<meta property=\"og:site_name\" content=\"Blagnac Arts Martiaux\" \/>\n<meta property=\"article:publisher\" content=\"https:\/\/www.facebook.com\/BlagnacArtsMartiaux\" \/>\n<meta property=\"article:modified_time\" content=\"2025-08-31T21:20:02+00:00\" \/>\n<meta property=\"og:image\" content=\"https:\/\/www.blagnacartsmartiaux.fr\/site\/wp-content\/uploads\/2021\/10\/bam-karate-stage-enfants-2021-10.jpg\" \/>\n\t<meta property=\"og:image:width\" content=\"1200\" \/>\n\t<meta property=\"og:image:height\" content=\"511\" \/>\n\t<meta property=\"og:image:type\" content=\"image\/jpeg\" \/>\n<meta name=\"twitter:card\" content=\"summary_large_image\" \/>\n<meta name=\"twitter:image\" content=\"https:\/\/www.blagnacartsmartiaux.fr\/site\/wp-content\/uploads\/2021\/10\/bam-karate-stage-enfants-2021-10.jpg\" \/>\n<meta name=\"twitter:site\" content=\"@BlagnacArtsM\" \/>\n<meta name=\"twitter:label1\" content=\"Dur\u00e9e de lecture estim\u00e9e\" \/>\n\t<meta name=\"twitter:data1\" content=\"4 minutes\" \/>\n<script type=\"application\/ld+json\" class=\"yoast-schema-graph\">{\"@context\":\"https:\\\/\\\/schema.org\",\"@graph\":[{\"@type\":\"WebPage\",\"@id\":\"https:\\\/\\\/www.blagnacartsmartiaux.fr\\\/site\\\/judo\\\/judo-enfants-blagnac\\\/\",\"url\":\"https:\\\/\\\/www.blagnacartsmartiaux.fr\\\/site\\\/judo\\\/judo-enfants-blagnac\\\/\",\"name\":\"Judo enfants \u00e0 Blagnac - Blagnac Arts Martiaux\",\"isPartOf\":{\"@id\":\"https:\\\/\\\/www.blagnacartsmartiaux.fr\\\/site\\\/#website\"},\"primaryImageOfPage\":{\"@id\":\"https:\\\/\\\/www.blagnacartsmartiaux.fr\\\/site\\\/judo\\\/judo-enfants-blagnac\\\/#primaryimage\"},\"image\":{\"@id\":\"https:\\\/\\\/www.blagnacartsmartiaux.fr\\\/site\\\/judo\\\/judo-enfants-blagnac\\\/#primaryimage\"},\"thumbnailUrl\":\"https:\\\/\\\/www.blagnacartsmartiaux.fr\\\/site\\\/wp-content\\\/uploads\\\/2022\\\/06\\\/judo-kids.jpg\",\"datePublished\":\"2022-06-21T11:41:42+00:00\",\"dateModified\":\"2025-08-31T21:20:02+00:00\",\"breadcrumb\":{\"@id\":\"https:\\\/\\\/www.blagnacartsmartiaux.fr\\\/site\\\/judo\\\/judo-enfants-blagnac\\\/#breadcrumb\"},\"inLanguage\":\"fr-FR\",\"potentialAction\":[{\"@type\":\"ReadAction\",\"target\":[\"https:\\\/\\\/www.blagnacartsmartiaux.fr\\\/site\\\/judo\\\/judo-enfants-blagnac\\\/\"]}]},{\"@type\":\"ImageObject\",\"inLanguage\":\"fr-FR\",\"@id\":\"https:\\\/\\\/www.blagnacartsmartiaux.fr\\\/site\\\/judo\\\/judo-enfants-blagnac\\\/#primaryimage\",\"url\":\"https:\\\/\\\/www.blagnacartsmartiaux.fr\\\/site\\\/wp-content\\\/uploads\\\/2022\\\/06\\\/judo-kids.jpg\",\"contentUrl\":\"https:\\\/\\\/www.blagnacartsmartiaux.fr\\\/site\\\/wp-content\\\/uploads\\\/2022\\\/06\\\/judo-kids.jpg\",\"width\":1024,\"height\":517},{\"@type\":\"BreadcrumbList\",\"@id\":\"https:\\\/\\\/www.blagnacartsmartiaux.fr\\\/site\\\/judo\\\/judo-enfants-blagnac\\\/#breadcrumb\",\"itemListElement\":[{\"@type\":\"ListItem\",\"position\":1,\"name\":\"Accueil\",\"item\":\"https:\\\/\\\/www.blagnacartsmartiaux.fr\\\/site\\\/\"},{\"@type\":\"ListItem\",\"position\":2,\"name\":\"Judo\",\"item\":\"https:\\\/\\\/www.blagnacartsmartiaux.fr\\\/site\\\/judo\\\/\"},{\"@type\":\"ListItem\",\"position\":3,\"name\":\"Judo enfants \u00e0 Blagnac\"}]},{\"@type\":\"WebSite\",\"@id\":\"https:\\\/\\\/www.blagnacartsmartiaux.fr\\\/site\\\/#website\",\"url\":\"https:\\\/\\\/www.blagnacartsmartiaux.fr\\\/site\\\/\",\"name\":\"Blagnac Arts Martiaux\",\"description\":\"Le club de Judo, Karat\u00e9, Jujitsu, Arnis Kali et Self D\u00e9fense sur Blagnac\",\"publisher\":{\"@id\":\"https:\\\/\\\/www.blagnacartsmartiaux.fr\\\/site\\\/#organization\"},\"potentialAction\":[{\"@type\":\"SearchAction\",\"target\":{\"@type\":\"EntryPoint\",\"urlTemplate\":\"https:\\\/\\\/www.blagnacartsmartiaux.fr\\\/site\\\/?s={search_term_string}\"},\"query-input\":{\"@type\":\"PropertyValueSpecification\",\"valueRequired\":true,\"valueName\":\"search_term_string\"}}],\"inLanguage\":\"fr-FR\"},{\"@type\":\"Organization\",\"@id\":\"https:\\\/\\\/www.blagnacartsmartiaux.fr\\\/site\\\/#organization\",\"name\":\"Blagnac Arts Martiaux\",\"url\":\"https:\\\/\\\/www.blagnacartsmartiaux.fr\\\/site\\\/\",\"logo\":{\"@type\":\"ImageObject\",\"inLanguage\":\"fr-FR\",\"@id\":\"https:\\\/\\\/www.blagnacartsmartiaux.fr\\\/site\\\/#\\\/schema\\\/logo\\\/image\\\/\",\"url\":\"https:\\\/\\\/www.blagnacartsmartiaux.fr\\\/site\\\/wp-content\\\/uploads\\\/2020\\\/05\\\/cropped-bam-wide.png\",\"contentUrl\":\"https:\\\/\\\/www.blagnacartsmartiaux.fr\\\/site\\\/wp-content\\\/uploads\\\/2020\\\/05\\\/cropped-bam-wide.png\",\"width\":180,\"height\":60,\"caption\":\"Blagnac Arts Martiaux\"},\"image\":{\"@id\":\"https:\\\/\\\/www.blagnacartsmartiaux.fr\\\/site\\\/#\\\/schema\\\/logo\\\/image\\\/\"},\"sameAs\":[\"https:\\\/\\\/www.facebook.com\\\/BlagnacArtsMartiaux\",\"https:\\\/\\\/x.com\\\/BlagnacArtsM\"]}]}<\/script>\n<!-- \/ Yoast SEO plugin. -->","yoast_head_json":{"title":"Judo enfants \u00e0 Blagnac - Blagnac Arts Martiaux","robots":{"index":"index","follow":"follow","max-snippet":"max-snippet:-1","max-image-preview":"max-image-preview:large","max-video-preview":"max-video-preview:-1"},"canonical":"https:\/\/www.blagnacartsmartiaux.fr\/site\/judo\/judo-enfants-blagnac\/","og_locale":"fr_FR","og_type":"article","og_title":"Judo enfants \u00e0 Blagnac - Blagnac Arts Martiaux","og_description":"\u201cL&rsquo;enfant, par une pratique assidue du Judo, d\u00e9veloppe sa force, sa rapidit\u00e9, sa souplesse, sa coordination, ses r\u00e9flexes, sa concentration, son \u00e9quilibre, sa r\u00e9sistance, sa personnalit\u00e9, la confiance en soi et la connaissance de son propre corps.\u201d &#8211; ce n\u2019est pas nous, c\u2019est l\u2019UNESCO qui le dit ! Mais c\u2019est ce que nous proposons \u00e0 [&hellip;]","og_url":"https:\/\/www.blagnacartsmartiaux.fr\/site\/judo\/judo-enfants-blagnac\/","og_site_name":"Blagnac Arts Martiaux","article_publisher":"https:\/\/www.facebook.com\/BlagnacArtsMartiaux","article_modified_time":"2025-08-31T21:20:02+00:00","og_image":[{"width":1200,"height":511,"url":"https:\/\/www.blagnacartsmartiaux.fr\/site\/wp-content\/uploads\/2021\/10\/bam-karate-stage-enfants-2021-10.jpg","type":"image\/jpeg"}],"twitter_card":"summary_large_image","twitter_image":"https:\/\/www.blagnacartsmartiaux.fr\/site\/wp-content\/uploads\/2021\/10\/bam-karate-stage-enfants-2021-10.jpg","twitter_site":"@BlagnacArtsM","twitter_misc":{"Dur\u00e9e de lecture estim\u00e9e":"4 minutes"},"schema":{"@context":"https:\/\/schema.org","@graph":[{"@type":"WebPage","@id":"https:\/\/www.blagnacartsmartiaux.fr\/site\/judo\/judo-enfants-blagnac\/","url":"https:\/\/www.blagnacartsmartiaux.fr\/site\/judo\/judo-enfants-blagnac\/","name":"Judo enfants \u00e0 Blagnac - Blagnac Arts Martiaux","isPartOf":{"@id":"https:\/\/www.blagnacartsmartiaux.fr\/site\/#website"},"primaryImageOfPage":{"@id":"https:\/\/www.blagnacartsmartiaux.fr\/site\/judo\/judo-enfants-blagnac\/#primaryimage"},"image":{"@id":"https:\/\/www.blagnacartsmartiaux.fr\/site\/judo\/judo-enfants-blagnac\/#primaryimage"},"thumbnailUrl":"https:\/\/www.blagnacartsmartiaux.fr\/site\/wp-content\/uploads\/2022\/06\/judo-kids.jpg","datePublished":"2022-06-21T11:41:42+00:00","dateModified":"2025-08-31T21:20:02+00:00","breadcrumb":{"@id":"https:\/\/www.blagnacartsmartiaux.fr\/site\/judo\/judo-enfants-blagnac\/#breadcrumb"},"inLanguage":"fr-FR","potentialAction":[{"@type":"ReadAction","target":["https:\/\/www.blagnacartsmartiaux.fr\/site\/judo\/judo-enfants-blagnac\/"]}]},{"@type":"ImageObject","inLanguage":"fr-FR","@id":"https:\/\/www.blagnacartsmartiaux.fr\/site\/judo\/judo-enfants-blagnac\/#primaryimage","url":"https:\/\/www.blagnacartsmartiaux.fr\/site\/wp-content\/uploads\/2022\/06\/judo-kids.jpg","contentUrl":"https:\/\/www.blagnacartsmartiaux.fr\/site\/wp-content\/uploads\/2022\/06\/judo-kids.jpg","width":1024,"height":517},{"@type":"BreadcrumbList","@id":"https:\/\/www.blagnacartsmartiaux.fr\/site\/judo\/judo-enfants-blagnac\/#breadcrumb","itemListElement":[{"@type":"ListItem","position":1,"name":"Accueil","item":"https:\/\/www.blagnacartsmartiaux.fr\/site\/"},{"@type":"ListItem","position":2,"name":"Judo","item":"https:\/\/www.blagnacartsmartiaux.fr\/site\/judo\/"},{"@type":"ListItem","position":3,"name":"Judo enfants \u00e0 Blagnac"}]},{"@type":"WebSite","@id":"https:\/\/www.blagnacartsmartiaux.fr\/site\/#website","url":"https:\/\/www.blagnacartsmartiaux.fr\/site\/","name":"Blagnac Arts Martiaux","description":"Le club de Judo, Karat\u00e9, Jujitsu, Arnis Kali et Self D\u00e9fense sur Blagnac","publisher":{"@id":"https:\/\/www.blagnacartsmartiaux.fr\/site\/#organization"},"potentialAction":[{"@type":"SearchAction","target":{"@type":"EntryPoint","urlTemplate":"https:\/\/www.blagnacartsmartiaux.fr\/site\/?s={search_term_string}"},"query-input":{"@type":"PropertyValueSpecification","valueRequired":true,"valueName":"search_term_string"}}],"inLanguage":"fr-FR"},{"@type":"Organization","@id":"https:\/\/www.blagnacartsmartiaux.fr\/site\/#organization","name":"Blagnac Arts Martiaux","url":"https:\/\/www.blagnacartsmartiaux.fr\/site\/","logo":{"@type":"ImageObject","inLanguage":"fr-FR","@id":"https:\/\/www.blagnacartsmartiaux.fr\/site\/#\/schema\/logo\/image\/","url":"https:\/\/www.blagnacartsmartiaux.fr\/site\/wp-content\/uploads\/2020\/05\/cropped-bam-wide.png","contentUrl":"https:\/\/www.blagnacartsmartiaux.fr\/site\/wp-content\/uploads\/2020\/05\/cropped-bam-wide.png","width":180,"height":60,"caption":"Blagnac Arts Martiaux"},"image":{"@id":"https:\/\/www.blagnacartsmartiaux.fr\/site\/#\/schema\/logo\/image\/"},"sameAs":["https:\/\/www.facebook.com\/BlagnacArtsMartiaux","https:\/\/x.com\/BlagnacArtsM"]}]}},"_links":{"self":[{"href":"https:\/\/www.blagnacartsmartiaux.fr\/site\/wp-json\/wp\/v2\/pages\/4273","targetHints":{"allow":["GET"]}}],"collection":[{"href":"https:\/\/www.blagnacartsmartiaux.fr\/site\/wp-json\/wp\/v2\/pages"}],"about":[{"href":"https:\/\/www.blagnacartsmartiaux.fr\/site\/wp-json\/wp\/v2\/types\/page"}],"author":[{"embeddable":true,"href":"https:\/\/www.blagnacartsmartiaux.fr\/site\/wp-json\/wp\/v2\/users\/1"}],"replies":[{"embeddable":true,"href":"https:\/\/www.blagnacartsmartiaux.fr\/site\/wp-json\/wp\/v2\/comments?post=4273"}],"version-history":[{"count":5,"href":"https:\/\/www.blagnacartsmartiaux.fr\/site\/wp-json\/wp\/v2\/pages\/4273\/revisions"}],"predecessor-version":[{"id":5685,"href":"https:\/\/www.blagnacartsmartiaux.fr\/site\/wp-json\/wp\/v2\/pages\/4273\/revisions\/5685"}],"up":[{"embeddable":true,"href":"https:\/\/www.blagnacartsmartiaux.fr\/site\/wp-json\/wp\/v2\/pages\/1433"}],"wp:featuredmedia":[{"embeddable":true,"href":"https:\/\/www.blagnacartsmartiaux.fr\/site\/wp-json\/wp\/v2\/media\/4266"}],"wp:attachment":[{"href":"https:\/\/www.blagnacartsmartiaux.fr\/site\/wp-json\/wp\/v2\/media?parent=4273"}],"curies":[{"name":"wp","href":"https:\/\/api.w.org\/{rel}","templated":true}]}}