{"id":4292,"date":"2022-06-21T15:12:07","date_gmt":"2022-06-21T13:12:07","guid":{"rendered":"http:\/\/www.blagnacartsmartiaux.fr\/site\/?page_id=4292"},"modified":"2022-06-22T10:47:45","modified_gmt":"2022-06-22T08:47:45","slug":"actualites-karate","status":"publish","type":"page","link":"https:\/\/www.blagnacartsmartiaux.fr\/site\/karate-a-blagnac\/actualites-karate\/","title":{"rendered":"Actualit\u00e9s Karat\u00e9"},"content":{"rendered":"\t\t<div data-elementor-type=\"wp-page\" data-elementor-id=\"4292\" class=\"elementor elementor-4292\" data-elementor-post-type=\"page\">\n\t\t\t\t\t\t<section class=\"elementor-section elementor-top-section elementor-element elementor-element-79ebf320 elementor-section-boxed elementor-section-height-default elementor-section-height-default\" data-id=\"79ebf320\" data-element_type=\"section\" data-e-type=\"section\">\n\t\t\t\t\t\t<div class=\"elementor-container elementor-column-gap-default\">\n\t\t\t\t\t<div class=\"elementor-column elementor-col-100 elementor-top-column elementor-element elementor-element-335e2a7c\" data-id=\"335e2a7c\" data-element_type=\"column\" data-e-type=\"column\">\n\t\t\t<div class=\"elementor-widget-wrap elementor-element-populated\">\n\t\t\t\t\t\t<div class=\"elementor-element elementor-element-22bd90b elementor-widget elementor-widget-heading\" data-id=\"22bd90b\" data-element_type=\"widget\" data-e-type=\"widget\" data-widget_type=\"heading.default\">\n\t\t\t\t<div class=\"elementor-widget-container\">\n\t\t\t\t\t<h2 class=\"elementor-heading-title elementor-size-default\">L'actualit\u00e9 du Karat\u00e9 \u00e0 Blagnac !<\/h2>\t\t\t\t<\/div>\n\t\t\t\t<\/div>\n\t\t\t\t<div class=\"elementor-element elementor-element-52ecf7d5 elementor-grid-3 elementor-grid-tablet-2 elementor-grid-mobile-1 elementor-posts--thumbnail-top elementor-card-shadow-yes elementor-posts__hover-gradient elementor-widget elementor-widget-posts\" data-id=\"52ecf7d5\" data-element_type=\"widget\" data-e-type=\"widget\" data-settings=\"{&quot;pagination_type&quot;:&quot;load_more_infinite_scroll&quot;,&quot;cards_columns&quot;:&quot;3&quot;,&quot;cards_columns_tablet&quot;:&quot;2&quot;,&quot;cards_columns_mobile&quot;:&quot;1&quot;,&quot;cards_row_gap&quot;:{&quot;unit&quot;:&quot;px&quot;,&quot;size&quot;:35,&quot;sizes&quot;:[]},&quot;cards_row_gap_tablet&quot;:{&quot;unit&quot;:&quot;px&quot;,&quot;size&quot;:&quot;&quot;,&quot;sizes&quot;:[]},&quot;cards_row_gap_mobile&quot;:{&quot;unit&quot;:&quot;px&quot;,&quot;size&quot;:&quot;&quot;,&quot;sizes&quot;:[]},&quot;load_more_spinner&quot;:{&quot;value&quot;:&quot;fas fa-spinner&quot;,&quot;library&quot;:&quot;fa-solid&quot;}}\" data-widget_type=\"posts.cards\">\n\t\t\t\t<div class=\"elementor-widget-container\">\n\t\t\t\t\t\t\t<div class=\"elementor-posts-container elementor-posts elementor-posts--skin-cards elementor-grid\" role=\"list\">\n\t\t\t\t<article class=\"elementor-post elementor-grid-item post-5820 post type-post status-publish format-standard has-post-thumbnail hentry category-karate tag-karate-2 tag-resultats\" role=\"listitem\">\n\t\t\t<div class=\"elementor-post__card\">\n\t\t\t\t<a class=\"elementor-post__thumbnail__link\" href=\"https:\/\/www.blagnacartsmartiaux.fr\/site\/2026\/02\/17\/championnats-doccitanie-kata-karate-khalissa-progresse-raphael-sur-le-podium\/\" tabindex=\"-1\" ><div class=\"elementor-post__thumbnail\"><img fetchpriority=\"high\" decoding=\"async\" width=\"300\" height=\"169\" src=\"https:\/\/www.blagnacartsmartiaux.fr\/site\/wp-content\/uploads\/2026\/02\/2026-02-raphael-3-300x169.jpg\" class=\"attachment-medium size-medium wp-image-5821\" alt=\"\" srcset=\"https:\/\/www.blagnacartsmartiaux.fr\/site\/wp-content\/uploads\/2026\/02\/2026-02-raphael-3-300x169.jpg 300w, https:\/\/www.blagnacartsmartiaux.fr\/site\/wp-content\/uploads\/2026\/02\/2026-02-raphael-3-1024x576.jpg 1024w, https:\/\/www.blagnacartsmartiaux.fr\/site\/wp-content\/uploads\/2026\/02\/2026-02-raphael-3-768x432.jpg 768w, https:\/\/www.blagnacartsmartiaux.fr\/site\/wp-content\/uploads\/2026\/02\/2026-02-raphael-3.jpg 1200w\" sizes=\"(max-width: 300px) 100vw, 300px\" \/><\/div><\/a>\n\t\t\t\t<div class=\"elementor-post__text\">\n\t\t\t\t<h3 class=\"elementor-post__title\">\n\t\t\t<a href=\"https:\/\/www.blagnacartsmartiaux.fr\/site\/2026\/02\/17\/championnats-doccitanie-kata-karate-khalissa-progresse-raphael-sur-le-podium\/\" >\n\t\t\t\tChampionnats d\u2019Occitanie Kata Karat\u00e9 : Khalissa progresse, Rapha\u00ebl sur le podium !\t\t\t<\/a>\n\t\t<\/h3>\n\t\t\t\t<div class=\"elementor-post__excerpt\">\n\t\t\t<p>Ce week-end, les Championnats d\u2019Occitanie de karat\u00e9 kata ont mis les projecteurs sur l\u2019engagement et la progression de nos athl\u00e8tes. Le Blagnac Karat\u00e9 \u00e9tait fi\u00e8rement<\/p>\n\t\t<\/div>\n\t\t\n\t\t<a class=\"elementor-post__read-more\" href=\"https:\/\/www.blagnacartsmartiaux.fr\/site\/2026\/02\/17\/championnats-doccitanie-kata-karate-khalissa-progresse-raphael-sur-le-podium\/\" aria-label=\"En savoir plus sur Championnats d\u2019Occitanie Kata Karat\u00e9 : Khalissa progresse, Rapha\u00ebl sur le podium !\" tabindex=\"-1\" >\n\t\t\tLire la suite \u00bb\t\t<\/a>\n\n\t\t\t\t<\/div>\n\t\t\t\t<div class=\"elementor-post__meta-data\">\n\t\t\t\t\t<span class=\"elementor-post-date\">\n\t\t\t17 f\u00e9vrier 2026\t\t<\/span>\n\t\t\t\t<\/div>\n\t\t\t\t\t<\/div>\n\t\t<\/article>\n\t\t\t\t<article class=\"elementor-post elementor-grid-item post-5807 post type-post status-publish format-standard has-post-thumbnail hentry category-karate tag-karate-2\" role=\"listitem\">\n\t\t\t<div class=\"elementor-post__card\">\n\t\t\t\t<a class=\"elementor-post__thumbnail__link\" href=\"https:\/\/www.blagnacartsmartiaux.fr\/site\/2026\/01\/28\/50-katas-en-une-soiree-le-defi-releve-par-la-section-adultes-karate-de-blagnac\/\" tabindex=\"-1\" ><div class=\"elementor-post__thumbnail\"><img decoding=\"async\" width=\"300\" height=\"140\" src=\"https:\/\/www.blagnacartsmartiaux.fr\/site\/wp-content\/uploads\/2026\/01\/50katas-2026-karate-blagnac-300x140.jpg\" class=\"attachment-medium size-medium wp-image-5808\" alt=\"\" srcset=\"https:\/\/www.blagnacartsmartiaux.fr\/site\/wp-content\/uploads\/2026\/01\/50katas-2026-karate-blagnac-300x140.jpg 300w, https:\/\/www.blagnacartsmartiaux.fr\/site\/wp-content\/uploads\/2026\/01\/50katas-2026-karate-blagnac-1024x476.jpg 1024w, https:\/\/www.blagnacartsmartiaux.fr\/site\/wp-content\/uploads\/2026\/01\/50katas-2026-karate-blagnac-768x357.jpg 768w, https:\/\/www.blagnacartsmartiaux.fr\/site\/wp-content\/uploads\/2026\/01\/50katas-2026-karate-blagnac.jpg 1200w\" sizes=\"(max-width: 300px) 100vw, 300px\" \/><\/div><\/a>\n\t\t\t\t<div class=\"elementor-post__text\">\n\t\t\t\t<h3 class=\"elementor-post__title\">\n\t\t\t<a href=\"https:\/\/www.blagnacartsmartiaux.fr\/site\/2026\/01\/28\/50-katas-en-une-soiree-le-defi-releve-par-la-section-adultes-karate-de-blagnac\/\" >\n\t\t\t\t50 katas en une soir\u00e9e : le d\u00e9fi relev\u00e9 par la section adultes karat\u00e9 de Blagnac\t\t\t<\/a>\n\t\t<\/h3>\n\t\t\t\t<div class=\"elementor-post__excerpt\">\n\t\t\t<p>Hier soir, le lundi 27 janvier, la section adultes karat\u00e9 de Blagnac Arts Martiaux s\u2019est lanc\u00e9e dans un d\u00e9fi aussi simple sur le papier qu\u2019exigeant<\/p>\n\t\t<\/div>\n\t\t\n\t\t<a class=\"elementor-post__read-more\" href=\"https:\/\/www.blagnacartsmartiaux.fr\/site\/2026\/01\/28\/50-katas-en-une-soiree-le-defi-releve-par-la-section-adultes-karate-de-blagnac\/\" aria-label=\"En savoir plus sur 50 katas en une soir\u00e9e : le d\u00e9fi relev\u00e9 par la section adultes karat\u00e9 de Blagnac\" tabindex=\"-1\" >\n\t\t\tLire la suite \u00bb\t\t<\/a>\n\n\t\t\t\t<\/div>\n\t\t\t\t<div class=\"elementor-post__meta-data\">\n\t\t\t\t\t<span class=\"elementor-post-date\">\n\t\t\t28 janvier 2026\t\t<\/span>\n\t\t\t\t<\/div>\n\t\t\t\t\t<\/div>\n\t\t<\/article>\n\t\t\t\t<article class=\"elementor-post elementor-grid-item post-5797 post type-post status-publish format-standard has-post-thumbnail hentry category-karate tag-karate-2\" role=\"listitem\">\n\t\t\t<div class=\"elementor-post__card\">\n\t\t\t\t<a class=\"elementor-post__thumbnail__link\" href=\"https:\/\/www.blagnacartsmartiaux.fr\/site\/2025\/12\/08\/3-argents-1-bronze-pour-le-blagnac-karate-club\/\" tabindex=\"-1\" ><div class=\"elementor-post__thumbnail\"><img decoding=\"async\" width=\"300\" height=\"169\" src=\"https:\/\/www.blagnacartsmartiaux.fr\/site\/wp-content\/uploads\/2025\/12\/karate-blagnac-cdk31-2025-300x169.jpg\" class=\"attachment-medium size-medium wp-image-5802\" alt=\"\" srcset=\"https:\/\/www.blagnacartsmartiaux.fr\/site\/wp-content\/uploads\/2025\/12\/karate-blagnac-cdk31-2025-300x169.jpg 300w, https:\/\/www.blagnacartsmartiaux.fr\/site\/wp-content\/uploads\/2025\/12\/karate-blagnac-cdk31-2025-1024x576.jpg 1024w, https:\/\/www.blagnacartsmartiaux.fr\/site\/wp-content\/uploads\/2025\/12\/karate-blagnac-cdk31-2025-768x432.jpg 768w, https:\/\/www.blagnacartsmartiaux.fr\/site\/wp-content\/uploads\/2025\/12\/karate-blagnac-cdk31-2025.jpg 1200w\" sizes=\"(max-width: 300px) 100vw, 300px\" \/><\/div><\/a>\n\t\t\t\t<div class=\"elementor-post__text\">\n\t\t\t\t<h3 class=\"elementor-post__title\">\n\t\t\t<a href=\"https:\/\/www.blagnacartsmartiaux.fr\/site\/2025\/12\/08\/3-argents-1-bronze-pour-le-blagnac-karate-club\/\" >\n\t\t\t\t3 Argents + 1 Bronze pour le Blagnac Karat\u00e9 Club\t\t\t<\/a>\n\t\t<\/h3>\n\t\t\t\t<div class=\"elementor-post__excerpt\">\n\t\t\t<p>Championnats d\u00e9partementaux Karat\u00e9. Toutes nos f\u00e9licitations \u00e0 ces jeunes qui ont grandement repr\u00e9sent\u00e9s le dojo de Blagnac Karate. Rapha\u00ebl PAOLI &#8211; m\u00e9daille argent KataRapha\u00ebl PAOLI<\/p>\n\t\t<\/div>\n\t\t\n\t\t<a class=\"elementor-post__read-more\" href=\"https:\/\/www.blagnacartsmartiaux.fr\/site\/2025\/12\/08\/3-argents-1-bronze-pour-le-blagnac-karate-club\/\" aria-label=\"En savoir plus sur 3 Argents + 1 Bronze pour le Blagnac Karat\u00e9 Club\" tabindex=\"-1\" >\n\t\t\tLire la suite \u00bb\t\t<\/a>\n\n\t\t\t\t<\/div>\n\t\t\t\t<div class=\"elementor-post__meta-data\">\n\t\t\t\t\t<span class=\"elementor-post-date\">\n\t\t\t8 d\u00e9cembre 2025\t\t<\/span>\n\t\t\t\t<\/div>\n\t\t\t\t\t<\/div>\n\t\t<\/article>\n\t\t\t\t<article class=\"elementor-post elementor-grid-item post-5789 post type-post status-publish format-standard has-post-thumbnail hentry category-karate tag-karate-2\" role=\"listitem\">\n\t\t\t<div class=\"elementor-post__card\">\n\t\t\t\t<a class=\"elementor-post__thumbnail__link\" href=\"https:\/\/www.blagnacartsmartiaux.fr\/site\/2025\/11\/29\/raphael-en-bronze-karate\/\" tabindex=\"-1\" ><div class=\"elementor-post__thumbnail\"><img loading=\"lazy\" decoding=\"async\" width=\"225\" height=\"300\" src=\"https:\/\/www.blagnacartsmartiaux.fr\/site\/wp-content\/uploads\/2025\/11\/rapghael-3e-kata-prades-225x300.jpg\" class=\"attachment-medium size-medium wp-image-5790\" alt=\"\" srcset=\"https:\/\/www.blagnacartsmartiaux.fr\/site\/wp-content\/uploads\/2025\/11\/rapghael-3e-kata-prades-225x300.jpg 225w, https:\/\/www.blagnacartsmartiaux.fr\/site\/wp-content\/uploads\/2025\/11\/rapghael-3e-kata-prades.jpg 600w\" sizes=\"(max-width: 225px) 100vw, 225px\" \/><\/div><\/a>\n\t\t\t\t<div class=\"elementor-post__text\">\n\t\t\t\t<h3 class=\"elementor-post__title\">\n\t\t\t<a href=\"https:\/\/www.blagnacartsmartiaux.fr\/site\/2025\/11\/29\/raphael-en-bronze-karate\/\" >\n\t\t\t\tRapha\u00ebl en Bronze &#8211; Karat\u00e9\t\t\t<\/a>\n\t\t<\/h3>\n\t\t\t\t<div class=\"elementor-post__excerpt\">\n\t\t\t<p>F\u00e9licitation \u00e0 Rapha\u00ebl PAOLI qui termine 3e au challenge r\u00e9gional kata de karat\u00e9 en minimes alors qu&rsquo;il n&rsquo;est que premi\u00e8re ann\u00e9e. Un beau d\u00e9but de<\/p>\n\t\t<\/div>\n\t\t\n\t\t<a class=\"elementor-post__read-more\" href=\"https:\/\/www.blagnacartsmartiaux.fr\/site\/2025\/11\/29\/raphael-en-bronze-karate\/\" aria-label=\"En savoir plus sur Rapha\u00ebl en Bronze &#8211; Karat\u00e9\" tabindex=\"-1\" >\n\t\t\tLire la suite \u00bb\t\t<\/a>\n\n\t\t\t\t<\/div>\n\t\t\t\t<div class=\"elementor-post__meta-data\">\n\t\t\t\t\t<span class=\"elementor-post-date\">\n\t\t\t29 novembre 2025\t\t<\/span>\n\t\t\t\t<\/div>\n\t\t\t\t\t<\/div>\n\t\t<\/article>\n\t\t\t\t<article class=\"elementor-post elementor-grid-item post-5766 post type-post status-publish format-standard hentry category-arnis-kali category-body-karate-blagnac category-evenement category-judo category-jujitsu category-karate category-non-classe category-self-defense tag-arnis-kali-2 tag-bam tag-ju-jitsu tag-judo tag-jujitsu-2 tag-karate\" role=\"listitem\">\n\t\t\t<div class=\"elementor-post__card\">\n\t\t\t\t<div class=\"elementor-post__text\">\n\t\t\t\t<h3 class=\"elementor-post__title\">\n\t\t\t<a href=\"https:\/\/www.blagnacartsmartiaux.fr\/site\/2025\/11\/19\/la-nuit-du-combat-2026-le-blagnac-arts-martiaux-sengage-pour-une-soiree-100-sportive-et-solidaire\/\" >\n\t\t\t\tLa Nuit du Combat 2026 : le Blagnac Arts Martiaux s\u2019engage pour une soir\u00e9e 100% sportive et solidaire !\t\t\t<\/a>\n\t\t<\/h3>\n\t\t\t\t<div class=\"elementor-post__excerpt\">\n\t\t\t<p>Le Blagnac Arts Martiaux est fier de vous annoncer la Nuit du Combat 2026. Rendez-vous samedi 31 janvier 2026, de 16h \u00e0 23h30, dans notre<\/p>\n\t\t<\/div>\n\t\t\n\t\t<a class=\"elementor-post__read-more\" href=\"https:\/\/www.blagnacartsmartiaux.fr\/site\/2025\/11\/19\/la-nuit-du-combat-2026-le-blagnac-arts-martiaux-sengage-pour-une-soiree-100-sportive-et-solidaire\/\" aria-label=\"En savoir plus sur La Nuit du Combat 2026 : le Blagnac Arts Martiaux s\u2019engage pour une soir\u00e9e 100% sportive et solidaire !\" tabindex=\"-1\" >\n\t\t\tLire la suite \u00bb\t\t<\/a>\n\n\t\t\t\t<\/div>\n\t\t\t\t<div class=\"elementor-post__meta-data\">\n\t\t\t\t\t<span class=\"elementor-post-date\">\n\t\t\t19 novembre 2025\t\t<\/span>\n\t\t\t\t<\/div>\n\t\t\t\t\t<\/div>\n\t\t<\/article>\n\t\t\t\t<article class=\"elementor-post elementor-grid-item post-5620 post type-post status-publish format-standard has-post-thumbnail hentry category-karate tag-karate-2\" role=\"listitem\">\n\t\t\t<div class=\"elementor-post__card\">\n\t\t\t\t<a class=\"elementor-post__thumbnail__link\" href=\"https:\/\/www.blagnacartsmartiaux.fr\/site\/2025\/06\/20\/nouveaux-grades-karate\/\" tabindex=\"-1\" ><div class=\"elementor-post__thumbnail\"><img loading=\"lazy\" decoding=\"async\" width=\"300\" height=\"225\" src=\"https:\/\/www.blagnacartsmartiaux.fr\/site\/wp-content\/uploads\/2025\/06\/blagnac-karate-nouveau-grade-dan-300x225.jpg\" class=\"attachment-medium size-medium wp-image-5621\" alt=\"\" srcset=\"https:\/\/www.blagnacartsmartiaux.fr\/site\/wp-content\/uploads\/2025\/06\/blagnac-karate-nouveau-grade-dan-300x225.jpg 300w, https:\/\/www.blagnacartsmartiaux.fr\/site\/wp-content\/uploads\/2025\/06\/blagnac-karate-nouveau-grade-dan-1024x768.jpg 1024w, https:\/\/www.blagnacartsmartiaux.fr\/site\/wp-content\/uploads\/2025\/06\/blagnac-karate-nouveau-grade-dan-768x576.jpg 768w, https:\/\/www.blagnacartsmartiaux.fr\/site\/wp-content\/uploads\/2025\/06\/blagnac-karate-nouveau-grade-dan.jpg 1200w\" sizes=\"(max-width: 300px) 100vw, 300px\" \/><\/div><\/a>\n\t\t\t\t<div class=\"elementor-post__text\">\n\t\t\t\t<h3 class=\"elementor-post__title\">\n\t\t\t<a href=\"https:\/\/www.blagnacartsmartiaux.fr\/site\/2025\/06\/20\/nouveaux-grades-karate\/\" >\n\t\t\t\tNouveaux Grad\u00e9s &#8211; Karat\u00e9\t\t\t<\/a>\n\t\t<\/h3>\n\t\t\t\t<div class=\"elementor-post__excerpt\">\n\t\t\t<p>Le week-end du 14 et 15 juin a marqu\u00e9 une belle \u00e9tape pour notre section de karat\u00e9 \u00e0 Blagnac ! Samedi 14\/06, Vincent Dodelin et<\/p>\n\t\t<\/div>\n\t\t\n\t\t<a class=\"elementor-post__read-more\" href=\"https:\/\/www.blagnacartsmartiaux.fr\/site\/2025\/06\/20\/nouveaux-grades-karate\/\" aria-label=\"En savoir plus sur Nouveaux Grad\u00e9s &#8211; Karat\u00e9\" tabindex=\"-1\" >\n\t\t\tLire la suite \u00bb\t\t<\/a>\n\n\t\t\t\t<\/div>\n\t\t\t\t<div class=\"elementor-post__meta-data\">\n\t\t\t\t\t<span class=\"elementor-post-date\">\n\t\t\t20 juin 2025\t\t<\/span>\n\t\t\t\t<\/div>\n\t\t\t\t\t<\/div>\n\t\t<\/article>\n\t\t\t\t<article class=\"elementor-post elementor-grid-item post-5613 post type-post status-publish format-standard has-post-thumbnail hentry category-karate tag-karate-2\" role=\"listitem\">\n\t\t\t<div class=\"elementor-post__card\">\n\t\t\t\t<a class=\"elementor-post__thumbnail__link\" href=\"https:\/\/www.blagnacartsmartiaux.fr\/site\/2025\/05\/07\/coupe-valera-karate-contact\/\" tabindex=\"-1\" ><div class=\"elementor-post__thumbnail\"><img loading=\"lazy\" decoding=\"async\" width=\"300\" height=\"169\" src=\"https:\/\/www.blagnacartsmartiaux.fr\/site\/wp-content\/uploads\/2025\/05\/coupe-valera-2025-300x169.jpg\" class=\"attachment-medium size-medium wp-image-5614\" alt=\"\" srcset=\"https:\/\/www.blagnacartsmartiaux.fr\/site\/wp-content\/uploads\/2025\/05\/coupe-valera-2025-300x169.jpg 300w, https:\/\/www.blagnacartsmartiaux.fr\/site\/wp-content\/uploads\/2025\/05\/coupe-valera-2025-768x432.jpg 768w, https:\/\/www.blagnacartsmartiaux.fr\/site\/wp-content\/uploads\/2025\/05\/coupe-valera-2025.jpg 1000w\" sizes=\"(max-width: 300px) 100vw, 300px\" \/><\/div><\/a>\n\t\t\t\t<div class=\"elementor-post__text\">\n\t\t\t\t<h3 class=\"elementor-post__title\">\n\t\t\t<a href=\"https:\/\/www.blagnacartsmartiaux.fr\/site\/2025\/05\/07\/coupe-valera-karate-contact\/\" >\n\t\t\t\tCoupe Val\u00e9ra &#8211; Karat\u00e9 Contact\t\t\t<\/a>\n\t\t<\/h3>\n\t\t\t\t<div class=\"elementor-post__excerpt\">\n\t\t\t<p>Le dimanche 4 mai 2025 s\u2019est tenue la prestigieuse Coupe Val\u00e9ra de Karat\u00e9 Contact, un \u00e9v\u00e9nement incontournable du circuit.\u00c0 l\u2019occasion de sa seconde participation, mais<\/p>\n\t\t<\/div>\n\t\t\n\t\t<a class=\"elementor-post__read-more\" href=\"https:\/\/www.blagnacartsmartiaux.fr\/site\/2025\/05\/07\/coupe-valera-karate-contact\/\" aria-label=\"En savoir plus sur Coupe Val\u00e9ra &#8211; Karat\u00e9 Contact\" tabindex=\"-1\" >\n\t\t\tLire la suite \u00bb\t\t<\/a>\n\n\t\t\t\t<\/div>\n\t\t\t\t<div class=\"elementor-post__meta-data\">\n\t\t\t\t\t<span class=\"elementor-post-date\">\n\t\t\t7 mai 2025\t\t<\/span>\n\t\t\t\t<\/div>\n\t\t\t\t\t<\/div>\n\t\t<\/article>\n\t\t\t\t<article class=\"elementor-post elementor-grid-item post-5588 post type-post status-publish format-standard has-post-thumbnail hentry category-karate tag-karate-2\" role=\"listitem\">\n\t\t\t<div class=\"elementor-post__card\">\n\t\t\t\t<a class=\"elementor-post__thumbnail__link\" href=\"https:\/\/www.blagnacartsmartiaux.fr\/site\/2025\/01\/27\/medailles-departementales-en-karate\/\" tabindex=\"-1\" ><div class=\"elementor-post__thumbnail\"><img loading=\"lazy\" decoding=\"async\" width=\"300\" height=\"300\" src=\"https:\/\/www.blagnacartsmartiaux.fr\/site\/wp-content\/uploads\/2025\/01\/2025-01-raphael-olivier-300x300.jpg\" class=\"attachment-medium size-medium wp-image-5591\" alt=\"\" srcset=\"https:\/\/www.blagnacartsmartiaux.fr\/site\/wp-content\/uploads\/2025\/01\/2025-01-raphael-olivier-300x300.jpg 300w, https:\/\/www.blagnacartsmartiaux.fr\/site\/wp-content\/uploads\/2025\/01\/2025-01-raphael-olivier-150x150.jpg 150w, https:\/\/www.blagnacartsmartiaux.fr\/site\/wp-content\/uploads\/2025\/01\/2025-01-raphael-olivier.jpg 600w\" sizes=\"(max-width: 300px) 100vw, 300px\" \/><\/div><\/a>\n\t\t\t\t<div class=\"elementor-post__text\">\n\t\t\t\t<h3 class=\"elementor-post__title\">\n\t\t\t<a href=\"https:\/\/www.blagnacartsmartiaux.fr\/site\/2025\/01\/27\/medailles-departementales-en-karate\/\" >\n\t\t\t\tM\u00e9dailles d\u00e9partementales en Karat\u00e9\t\t\t<\/a>\n\t\t<\/h3>\n\t\t\t\t<div class=\"elementor-post__excerpt\">\n\t\t\t<p>Un week-end de comp\u00e9titions pour la section karat\u00e9 de Blagnac ! Samedi 25 janvier, Rapha\u00ebl Paoli d\u00e9croche une belle 2\u1d49 place en combat dans la<\/p>\n\t\t<\/div>\n\t\t\n\t\t<a class=\"elementor-post__read-more\" href=\"https:\/\/www.blagnacartsmartiaux.fr\/site\/2025\/01\/27\/medailles-departementales-en-karate\/\" aria-label=\"En savoir plus sur M\u00e9dailles d\u00e9partementales en Karat\u00e9\" tabindex=\"-1\" >\n\t\t\tLire la suite \u00bb\t\t<\/a>\n\n\t\t\t\t<\/div>\n\t\t\t\t<div class=\"elementor-post__meta-data\">\n\t\t\t\t\t<span class=\"elementor-post-date\">\n\t\t\t27 janvier 2025\t\t<\/span>\n\t\t\t\t<\/div>\n\t\t\t\t\t<\/div>\n\t\t<\/article>\n\t\t\t\t<article class=\"elementor-post elementor-grid-item post-5582 post type-post status-publish format-standard has-post-thumbnail hentry category-karate tag-karate-2\" role=\"listitem\">\n\t\t\t<div class=\"elementor-post__card\">\n\t\t\t\t<a class=\"elementor-post__thumbnail__link\" href=\"https:\/\/www.blagnacartsmartiaux.fr\/site\/2025\/01\/15\/50-fois-le-meme-kata\/\" tabindex=\"-1\" ><div class=\"elementor-post__thumbnail\"><img loading=\"lazy\" decoding=\"async\" width=\"300\" height=\"136\" src=\"https:\/\/www.blagnacartsmartiaux.fr\/site\/wp-content\/uploads\/2025\/01\/2025-01-50-kata-challenge-300x136.jpg\" class=\"attachment-medium size-medium wp-image-5583\" alt=\"\" srcset=\"https:\/\/www.blagnacartsmartiaux.fr\/site\/wp-content\/uploads\/2025\/01\/2025-01-50-kata-challenge-300x136.jpg 300w, https:\/\/www.blagnacartsmartiaux.fr\/site\/wp-content\/uploads\/2025\/01\/2025-01-50-kata-challenge-1024x463.jpg 1024w, https:\/\/www.blagnacartsmartiaux.fr\/site\/wp-content\/uploads\/2025\/01\/2025-01-50-kata-challenge-768x347.jpg 768w, https:\/\/www.blagnacartsmartiaux.fr\/site\/wp-content\/uploads\/2025\/01\/2025-01-50-kata-challenge.jpg 1200w\" sizes=\"(max-width: 300px) 100vw, 300px\" \/><\/div><\/a>\n\t\t\t\t<div class=\"elementor-post__text\">\n\t\t\t\t<h3 class=\"elementor-post__title\">\n\t\t\t<a href=\"https:\/\/www.blagnacartsmartiaux.fr\/site\/2025\/01\/15\/50-fois-le-meme-kata\/\" >\n\t\t\t\t50 fois le m\u00eame kata !\t\t\t<\/a>\n\t\t<\/h3>\n\t\t\t\t<div class=\"elementor-post__excerpt\">\n\t\t\t<p>Hier, nous avons v\u00e9cu une belle exp\u00e9rience ensemble au dojo de Blagnac. Pas seulement un entra\u00eenement, mais un v\u00e9ritable\u00a0voyage au c\u0153ur de l\u2019essence du karat\u00e9.<\/p>\n\t\t<\/div>\n\t\t\n\t\t<a class=\"elementor-post__read-more\" href=\"https:\/\/www.blagnacartsmartiaux.fr\/site\/2025\/01\/15\/50-fois-le-meme-kata\/\" aria-label=\"En savoir plus sur 50 fois le m\u00eame kata !\" tabindex=\"-1\" >\n\t\t\tLire la suite \u00bb\t\t<\/a>\n\n\t\t\t\t<\/div>\n\t\t\t\t<div class=\"elementor-post__meta-data\">\n\t\t\t\t\t<span class=\"elementor-post-date\">\n\t\t\t15 janvier 2025\t\t<\/span>\n\t\t\t\t<\/div>\n\t\t\t\t\t<\/div>\n\t\t<\/article>\n\t\t\t\t<article class=\"elementor-post elementor-grid-item post-5559 post type-post status-publish format-standard has-post-thumbnail hentry category-karate tag-karate-2\" role=\"listitem\">\n\t\t\t<div class=\"elementor-post__card\">\n\t\t\t\t<a class=\"elementor-post__thumbnail__link\" href=\"https:\/\/www.blagnacartsmartiaux.fr\/site\/2024\/12\/17\/karate-nouveau-2e-dan\/\" tabindex=\"-1\" ><div class=\"elementor-post__thumbnail\"><img loading=\"lazy\" decoding=\"async\" width=\"300\" height=\"300\" src=\"https:\/\/www.blagnacartsmartiaux.fr\/site\/wp-content\/uploads\/2024\/12\/blagnac-axel-2-dan-karate-2024-300x300.jpg\" class=\"attachment-medium size-medium wp-image-5560\" alt=\"\" srcset=\"https:\/\/www.blagnacartsmartiaux.fr\/site\/wp-content\/uploads\/2024\/12\/blagnac-axel-2-dan-karate-2024-300x300.jpg 300w, https:\/\/www.blagnacartsmartiaux.fr\/site\/wp-content\/uploads\/2024\/12\/blagnac-axel-2-dan-karate-2024-150x150.jpg 150w, https:\/\/www.blagnacartsmartiaux.fr\/site\/wp-content\/uploads\/2024\/12\/blagnac-axel-2-dan-karate-2024-768x768.jpg 768w, https:\/\/www.blagnacartsmartiaux.fr\/site\/wp-content\/uploads\/2024\/12\/blagnac-axel-2-dan-karate-2024.jpg 800w\" sizes=\"(max-width: 300px) 100vw, 300px\" \/><\/div><\/a>\n\t\t\t\t<div class=\"elementor-post__text\">\n\t\t\t\t<h3 class=\"elementor-post__title\">\n\t\t\t<a href=\"https:\/\/www.blagnacartsmartiaux.fr\/site\/2024\/12\/17\/karate-nouveau-2e-dan\/\" >\n\t\t\t\tKarat\u00e9 &#8211; nouveau 2e dan\t\t\t<\/a>\n\t\t<\/h3>\n\t\t\t\t<div class=\"elementor-post__excerpt\">\n\t\t\t<p>C&rsquo;est avec grand plaisir que nous vous annon\u00e7ons qu&rsquo;Axel ZANEBONI a \u00e9t\u00e9 re\u00e7u au grade de la ceinture noire 2e dan ce dimanche 15 d\u00e9cembre<\/p>\n\t\t<\/div>\n\t\t\n\t\t<a class=\"elementor-post__read-more\" href=\"https:\/\/www.blagnacartsmartiaux.fr\/site\/2024\/12\/17\/karate-nouveau-2e-dan\/\" aria-label=\"En savoir plus sur Karat\u00e9 &#8211; nouveau 2e dan\" tabindex=\"-1\" >\n\t\t\tLire la suite \u00bb\t\t<\/a>\n\n\t\t\t\t<\/div>\n\t\t\t\t<div class=\"elementor-post__meta-data\">\n\t\t\t\t\t<span class=\"elementor-post-date\">\n\t\t\t17 d\u00e9cembre 2024\t\t<\/span>\n\t\t\t\t<\/div>\n\t\t\t\t\t<\/div>\n\t\t<\/article>\n\t\t\t\t<article class=\"elementor-post elementor-grid-item post-5451 post type-post status-publish format-standard has-post-thumbnail hentry category-karate tag-karate-2\" role=\"listitem\">\n\t\t\t<div class=\"elementor-post__card\">\n\t\t\t\t<a class=\"elementor-post__thumbnail__link\" href=\"https:\/\/www.blagnacartsmartiaux.fr\/site\/2024\/06\/21\/karate-les-nouveaux-grades\/\" tabindex=\"-1\" ><div class=\"elementor-post__thumbnail\"><img loading=\"lazy\" decoding=\"async\" width=\"300\" height=\"225\" src=\"https:\/\/www.blagnacartsmartiaux.fr\/site\/wp-content\/uploads\/2024\/06\/blagnac-noire-juin-2024-300x225.jpg\" class=\"attachment-medium size-medium wp-image-5452\" alt=\"\" srcset=\"https:\/\/www.blagnacartsmartiaux.fr\/site\/wp-content\/uploads\/2024\/06\/blagnac-noire-juin-2024-300x225.jpg 300w, https:\/\/www.blagnacartsmartiaux.fr\/site\/wp-content\/uploads\/2024\/06\/blagnac-noire-juin-2024-768x577.jpg 768w, https:\/\/www.blagnacartsmartiaux.fr\/site\/wp-content\/uploads\/2024\/06\/blagnac-noire-juin-2024.jpg 1000w\" sizes=\"(max-width: 300px) 100vw, 300px\" \/><\/div><\/a>\n\t\t\t\t<div class=\"elementor-post__text\">\n\t\t\t\t<h3 class=\"elementor-post__title\">\n\t\t\t<a href=\"https:\/\/www.blagnacartsmartiaux.fr\/site\/2024\/06\/21\/karate-les-nouveaux-grades\/\" >\n\t\t\t\tKarat\u00e9, les nouveaux grad\u00e9s !\t\t\t<\/a>\n\t\t<\/h3>\n\t\t\t\t<div class=\"elementor-post__excerpt\">\n\t\t\t<p>La fin de saison est toujours synonyme de passage de grade. Ce mois de juin 2024 ne fait pas exception. Voici les adh\u00e9rents du Blagnac<\/p>\n\t\t<\/div>\n\t\t\n\t\t<a class=\"elementor-post__read-more\" href=\"https:\/\/www.blagnacartsmartiaux.fr\/site\/2024\/06\/21\/karate-les-nouveaux-grades\/\" aria-label=\"En savoir plus sur Karat\u00e9, les nouveaux grad\u00e9s !\" tabindex=\"-1\" >\n\t\t\tLire la suite \u00bb\t\t<\/a>\n\n\t\t\t\t<\/div>\n\t\t\t\t<div class=\"elementor-post__meta-data\">\n\t\t\t\t\t<span class=\"elementor-post-date\">\n\t\t\t21 juin 2024\t\t<\/span>\n\t\t\t\t<\/div>\n\t\t\t\t\t<\/div>\n\t\t<\/article>\n\t\t\t\t<article class=\"elementor-post elementor-grid-item post-5440 post type-post status-publish format-standard has-post-thumbnail hentry category-karate tag-karate-2\" role=\"listitem\">\n\t\t\t<div class=\"elementor-post__card\">\n\t\t\t\t<a class=\"elementor-post__thumbnail__link\" href=\"https:\/\/www.blagnacartsmartiaux.fr\/site\/2024\/05\/07\/karate-podiums-et-francius\/\" tabindex=\"-1\" ><div class=\"elementor-post__thumbnail\"><img loading=\"lazy\" decoding=\"async\" width=\"300\" height=\"225\" src=\"https:\/\/www.blagnacartsmartiaux.fr\/site\/wp-content\/uploads\/2024\/05\/francius-karate-contact-blagnac-300x225.jpg\" class=\"attachment-medium size-medium wp-image-5441\" alt=\"\" srcset=\"https:\/\/www.blagnacartsmartiaux.fr\/site\/wp-content\/uploads\/2024\/05\/francius-karate-contact-blagnac-300x225.jpg 300w, https:\/\/www.blagnacartsmartiaux.fr\/site\/wp-content\/uploads\/2024\/05\/francius-karate-contact-blagnac-768x575.jpg 768w, https:\/\/www.blagnacartsmartiaux.fr\/site\/wp-content\/uploads\/2024\/05\/francius-karate-contact-blagnac.jpg 1000w\" sizes=\"(max-width: 300px) 100vw, 300px\" \/><\/div><\/a>\n\t\t\t\t<div class=\"elementor-post__text\">\n\t\t\t\t<h3 class=\"elementor-post__title\">\n\t\t\t<a href=\"https:\/\/www.blagnacartsmartiaux.fr\/site\/2024\/05\/07\/karate-podiums-et-francius\/\" >\n\t\t\t\tKarat\u00e9 Podiums et Francius\t\t\t<\/a>\n\t\t<\/h3>\n\t\t\t\t<div class=\"elementor-post__excerpt\">\n\t\t\t<p>Francius est un adh\u00e9rent du Blagnac Arts Martiaux et un acharn\u00e9 de l&rsquo;entra\u00eenement. Cette fin de saison il a fait ses preuves en comp\u00e9tition et<\/p>\n\t\t<\/div>\n\t\t\n\t\t<a class=\"elementor-post__read-more\" href=\"https:\/\/www.blagnacartsmartiaux.fr\/site\/2024\/05\/07\/karate-podiums-et-francius\/\" aria-label=\"En savoir plus sur Karat\u00e9 Podiums et Francius\" tabindex=\"-1\" >\n\t\t\tLire la suite \u00bb\t\t<\/a>\n\n\t\t\t\t<\/div>\n\t\t\t\t<div class=\"elementor-post__meta-data\">\n\t\t\t\t\t<span class=\"elementor-post-date\">\n\t\t\t7 mai 2024\t\t<\/span>\n\t\t\t\t<\/div>\n\t\t\t\t\t<\/div>\n\t\t<\/article>\n\t\t\t\t<\/div>\n\t\t\t\t\t<span class=\"e-load-more-spinner\">\n\t\t\t\t<i aria-hidden=\"true\" class=\"fas fa-spinner\"><\/i>\t\t\t<\/span>\n\t\t\n\t\t\t\t<div class=\"e-load-more-anchor\" data-page=\"1\" data-max-page=\"14\" data-next-page=\"https:\/\/www.blagnacartsmartiaux.fr\/site\/wp-json\/wp\/v2\/pages\/4292\/page\/2\/\"><\/div>\n\t\t\t\t<div class=\"e-load-more-message\"><\/div>\n\t\t\t\t\t\t<\/div>\n\t\t\t\t<\/div>\n\t\t\t\t\t<\/div>\n\t\t<\/div>\n\t\t\t\t\t<\/div>\n\t\t<\/section>\n\t\t\t\t<\/div>\n\t\t","protected":false},"excerpt":{"rendered":"<p>L&rsquo;actualit\u00e9 du Karat\u00e9 \u00e0 Blagnac !<\/p>\n","protected":false},"author":2,"featured_media":0,"parent":3292,"menu_order":5,"comment_status":"closed","ping_status":"closed","template":"","meta":{"site-sidebar-layout":"no-sidebar","site-content-layout":"page-builder","ast-site-content-layout":"default","site-content-style":"default","site-sidebar-style":"default","ast-global-header-display":"","ast-banner-title-visibility":"","ast-main-header-display":"","ast-hfb-above-header-display":"","ast-hfb-below-header-display":"","ast-hfb-mobile-header-display":"","site-post-title":"disabled","ast-breadcrumbs-content":"","ast-featured-img":"disabled","footer-sml-layout":"","ast-disable-related-posts":"","theme-transparent-header-meta":"","adv-header-id-meta":"","stick-header-meta":"","header-above-stick-meta":"","header-main-stick-meta":"","header-below-stick-meta":"","astra-migrate-meta-layouts":"default","ast-page-background-enabled":"default","ast-page-background-meta":{"desktop":{"background-color":"","background-image":"","background-repeat":"repeat","background-position":"center center","background-size":"auto","background-attachment":"scroll","background-type":"","background-media":"","overlay-type":"","overlay-color":"","overlay-opacity":"","overlay-gradient":""},"tablet":{"background-color":"","background-image":"","background-repeat":"repeat","background-position":"center center","background-size":"auto","background-attachment":"scroll","background-type":"","background-media":"","overlay-type":"","overlay-color":"","overlay-opacity":"","overlay-gradient":""},"mobile":{"background-color":"","background-image":"","background-repeat":"repeat","background-position":"center center","background-size":"auto","background-attachment":"scroll","background-type":"","background-media":"","overlay-type":"","overlay-color":"","overlay-opacity":"","overlay-gradient":""}},"ast-content-background-meta":{"desktop":{"background-color":"var(--ast-global-color-5)","background-image":"","background-repeat":"repeat","background-position":"center center","background-size":"auto","background-attachment":"scroll","background-type":"","background-media":"","overlay-type":"","overlay-color":"","overlay-opacity":"","overlay-gradient":""},"tablet":{"background-color":"var(--ast-global-color-5)","background-image":"","background-repeat":"repeat","background-position":"center center","background-size":"auto","background-attachment":"scroll","background-type":"","background-media":"","overlay-type":"","overlay-color":"","overlay-opacity":"","overlay-gradient":""},"mobile":{"background-color":"var(--ast-global-color-5)","background-image":"","background-repeat":"repeat","background-position":"center center","background-size":"auto","background-attachment":"scroll","background-type":"","background-media":"","overlay-type":"","overlay-color":"","overlay-opacity":"","overlay-gradient":""}},"footnotes":""},"class_list":["post-4292","page","type-page","status-publish","hentry"],"yoast_head":"<!-- This site is optimized with the Yoast SEO plugin v27.5 - https:\/\/yoast.com\/product\/yoast-seo-wordpress\/ -->\n<title>Actualit\u00e9s Karat\u00e9 - Blagnac Arts Martiaux<\/title>\n<meta name=\"robots\" content=\"index, follow, max-snippet:-1, max-image-preview:large, max-video-preview:-1\" \/>\n<link rel=\"canonical\" href=\"https:\/\/www.blagnacartsmartiaux.fr\/site\/karate-a-blagnac\/actualites-karate\/\" \/>\n<meta property=\"og:locale\" content=\"fr_FR\" \/>\n<meta property=\"og:type\" content=\"article\" \/>\n<meta property=\"og:title\" content=\"Actualit\u00e9s Karat\u00e9 - Blagnac Arts Martiaux\" \/>\n<meta property=\"og:description\" content=\"L&rsquo;actualit\u00e9 du Karat\u00e9 \u00e0 Blagnac !\" \/>\n<meta property=\"og:url\" content=\"https:\/\/www.blagnacartsmartiaux.fr\/site\/karate-a-blagnac\/actualites-karate\/\" \/>\n<meta property=\"og:site_name\" content=\"Blagnac Arts Martiaux\" \/>\n<meta property=\"article:publisher\" content=\"https:\/\/www.facebook.com\/BlagnacArtsMartiaux\" \/>\n<meta property=\"article:modified_time\" content=\"2022-06-22T08:47:45+00:00\" \/>\n<meta name=\"twitter:card\" content=\"summary_large_image\" \/>\n<meta name=\"twitter:site\" content=\"@BlagnacArtsM\" \/>\n<meta name=\"twitter:label1\" content=\"Dur\u00e9e de lecture estim\u00e9e\" \/>\n\t<meta name=\"twitter:data1\" content=\"5 minutes\" \/>\n<script type=\"application\/ld+json\" class=\"yoast-schema-graph\">{\"@context\":\"https:\\\/\\\/schema.org\",\"@graph\":[{\"@type\":\"WebPage\",\"@id\":\"https:\\\/\\\/www.blagnacartsmartiaux.fr\\\/site\\\/karate-a-blagnac\\\/actualites-karate\\\/\",\"url\":\"https:\\\/\\\/www.blagnacartsmartiaux.fr\\\/site\\\/karate-a-blagnac\\\/actualites-karate\\\/\",\"name\":\"Actualit\u00e9s Karat\u00e9 - Blagnac Arts Martiaux\",\"isPartOf\":{\"@id\":\"https:\\\/\\\/www.blagnacartsmartiaux.fr\\\/site\\\/#website\"},\"datePublished\":\"2022-06-21T13:12:07+00:00\",\"dateModified\":\"2022-06-22T08:47:45+00:00\",\"breadcrumb\":{\"@id\":\"https:\\\/\\\/www.blagnacartsmartiaux.fr\\\/site\\\/karate-a-blagnac\\\/actualites-karate\\\/#breadcrumb\"},\"inLanguage\":\"fr-FR\",\"potentialAction\":[{\"@type\":\"ReadAction\",\"target\":[\"https:\\\/\\\/www.blagnacartsmartiaux.fr\\\/site\\\/karate-a-blagnac\\\/actualites-karate\\\/\"]}]},{\"@type\":\"BreadcrumbList\",\"@id\":\"https:\\\/\\\/www.blagnacartsmartiaux.fr\\\/site\\\/karate-a-blagnac\\\/actualites-karate\\\/#breadcrumb\",\"itemListElement\":[{\"@type\":\"ListItem\",\"position\":1,\"name\":\"Accueil\",\"item\":\"https:\\\/\\\/www.blagnacartsmartiaux.fr\\\/site\\\/\"},{\"@type\":\"ListItem\",\"position\":2,\"name\":\"Karate \u00e0 Blagnac\",\"item\":\"https:\\\/\\\/www.blagnacartsmartiaux.fr\\\/site\\\/karate-a-blagnac\\\/\"},{\"@type\":\"ListItem\",\"position\":3,\"name\":\"Actualit\u00e9s Karat\u00e9\"}]},{\"@type\":\"WebSite\",\"@id\":\"https:\\\/\\\/www.blagnacartsmartiaux.fr\\\/site\\\/#website\",\"url\":\"https:\\\/\\\/www.blagnacartsmartiaux.fr\\\/site\\\/\",\"name\":\"Blagnac Arts Martiaux\",\"description\":\"Le club de Judo, Karat\u00e9, Jujitsu, Arnis Kali et Self D\u00e9fense sur Blagnac\",\"publisher\":{\"@id\":\"https:\\\/\\\/www.blagnacartsmartiaux.fr\\\/site\\\/#organization\"},\"potentialAction\":[{\"@type\":\"SearchAction\",\"target\":{\"@type\":\"EntryPoint\",\"urlTemplate\":\"https:\\\/\\\/www.blagnacartsmartiaux.fr\\\/site\\\/?s={search_term_string}\"},\"query-input\":{\"@type\":\"PropertyValueSpecification\",\"valueRequired\":true,\"valueName\":\"search_term_string\"}}],\"inLanguage\":\"fr-FR\"},{\"@type\":\"Organization\",\"@id\":\"https:\\\/\\\/www.blagnacartsmartiaux.fr\\\/site\\\/#organization\",\"name\":\"Blagnac Arts Martiaux\",\"url\":\"https:\\\/\\\/www.blagnacartsmartiaux.fr\\\/site\\\/\",\"logo\":{\"@type\":\"ImageObject\",\"inLanguage\":\"fr-FR\",\"@id\":\"https:\\\/\\\/www.blagnacartsmartiaux.fr\\\/site\\\/#\\\/schema\\\/logo\\\/image\\\/\",\"url\":\"https:\\\/\\\/www.blagnacartsmartiaux.fr\\\/site\\\/wp-content\\\/uploads\\\/2020\\\/05\\\/cropped-bam-wide.png\",\"contentUrl\":\"https:\\\/\\\/www.blagnacartsmartiaux.fr\\\/site\\\/wp-content\\\/uploads\\\/2020\\\/05\\\/cropped-bam-wide.png\",\"width\":180,\"height\":60,\"caption\":\"Blagnac Arts Martiaux\"},\"image\":{\"@id\":\"https:\\\/\\\/www.blagnacartsmartiaux.fr\\\/site\\\/#\\\/schema\\\/logo\\\/image\\\/\"},\"sameAs\":[\"https:\\\/\\\/www.facebook.com\\\/BlagnacArtsMartiaux\",\"https:\\\/\\\/x.com\\\/BlagnacArtsM\"]}]}<\/script>\n<!-- \/ Yoast SEO plugin. -->","yoast_head_json":{"title":"Actualit\u00e9s Karat\u00e9 - Blagnac Arts Martiaux","robots":{"index":"index","follow":"follow","max-snippet":"max-snippet:-1","max-image-preview":"max-image-preview:large","max-video-preview":"max-video-preview:-1"},"canonical":"https:\/\/www.blagnacartsmartiaux.fr\/site\/karate-a-blagnac\/actualites-karate\/","og_locale":"fr_FR","og_type":"article","og_title":"Actualit\u00e9s Karat\u00e9 - Blagnac Arts Martiaux","og_description":"L&rsquo;actualit\u00e9 du Karat\u00e9 \u00e0 Blagnac !","og_url":"https:\/\/www.blagnacartsmartiaux.fr\/site\/karate-a-blagnac\/actualites-karate\/","og_site_name":"Blagnac Arts Martiaux","article_publisher":"https:\/\/www.facebook.com\/BlagnacArtsMartiaux","article_modified_time":"2022-06-22T08:47:45+00:00","twitter_card":"summary_large_image","twitter_site":"@BlagnacArtsM","twitter_misc":{"Dur\u00e9e de lecture estim\u00e9e":"5 minutes"},"schema":{"@context":"https:\/\/schema.org","@graph":[{"@type":"WebPage","@id":"https:\/\/www.blagnacartsmartiaux.fr\/site\/karate-a-blagnac\/actualites-karate\/","url":"https:\/\/www.blagnacartsmartiaux.fr\/site\/karate-a-blagnac\/actualites-karate\/","name":"Actualit\u00e9s Karat\u00e9 - Blagnac Arts Martiaux","isPartOf":{"@id":"https:\/\/www.blagnacartsmartiaux.fr\/site\/#website"},"datePublished":"2022-06-21T13:12:07+00:00","dateModified":"2022-06-22T08:47:45+00:00","breadcrumb":{"@id":"https:\/\/www.blagnacartsmartiaux.fr\/site\/karate-a-blagnac\/actualites-karate\/#breadcrumb"},"inLanguage":"fr-FR","potentialAction":[{"@type":"ReadAction","target":["https:\/\/www.blagnacartsmartiaux.fr\/site\/karate-a-blagnac\/actualites-karate\/"]}]},{"@type":"BreadcrumbList","@id":"https:\/\/www.blagnacartsmartiaux.fr\/site\/karate-a-blagnac\/actualites-karate\/#breadcrumb","itemListElement":[{"@type":"ListItem","position":1,"name":"Accueil","item":"https:\/\/www.blagnacartsmartiaux.fr\/site\/"},{"@type":"ListItem","position":2,"name":"Karate \u00e0 Blagnac","item":"https:\/\/www.blagnacartsmartiaux.fr\/site\/karate-a-blagnac\/"},{"@type":"ListItem","position":3,"name":"Actualit\u00e9s Karat\u00e9"}]},{"@type":"WebSite","@id":"https:\/\/www.blagnacartsmartiaux.fr\/site\/#website","url":"https:\/\/www.blagnacartsmartiaux.fr\/site\/","name":"Blagnac Arts Martiaux","description":"Le club de Judo, Karat\u00e9, Jujitsu, Arnis Kali et Self D\u00e9fense sur Blagnac","publisher":{"@id":"https:\/\/www.blagnacartsmartiaux.fr\/site\/#organization"},"potentialAction":[{"@type":"SearchAction","target":{"@type":"EntryPoint","urlTemplate":"https:\/\/www.blagnacartsmartiaux.fr\/site\/?s={search_term_string}"},"query-input":{"@type":"PropertyValueSpecification","valueRequired":true,"valueName":"search_term_string"}}],"inLanguage":"fr-FR"},{"@type":"Organization","@id":"https:\/\/www.blagnacartsmartiaux.fr\/site\/#organization","name":"Blagnac Arts Martiaux","url":"https:\/\/www.blagnacartsmartiaux.fr\/site\/","logo":{"@type":"ImageObject","inLanguage":"fr-FR","@id":"https:\/\/www.blagnacartsmartiaux.fr\/site\/#\/schema\/logo\/image\/","url":"https:\/\/www.blagnacartsmartiaux.fr\/site\/wp-content\/uploads\/2020\/05\/cropped-bam-wide.png","contentUrl":"https:\/\/www.blagnacartsmartiaux.fr\/site\/wp-content\/uploads\/2020\/05\/cropped-bam-wide.png","width":180,"height":60,"caption":"Blagnac Arts Martiaux"},"image":{"@id":"https:\/\/www.blagnacartsmartiaux.fr\/site\/#\/schema\/logo\/image\/"},"sameAs":["https:\/\/www.facebook.com\/BlagnacArtsMartiaux","https:\/\/x.com\/BlagnacArtsM"]}]}},"_links":{"self":[{"href":"https:\/\/www.blagnacartsmartiaux.fr\/site\/wp-json\/wp\/v2\/pages\/4292","targetHints":{"allow":["GET"]}}],"collection":[{"href":"https:\/\/www.blagnacartsmartiaux.fr\/site\/wp-json\/wp\/v2\/pages"}],"about":[{"href":"https:\/\/www.blagnacartsmartiaux.fr\/site\/wp-json\/wp\/v2\/types\/page"}],"author":[{"embeddable":true,"href":"https:\/\/www.blagnacartsmartiaux.fr\/site\/wp-json\/wp\/v2\/users\/2"}],"replies":[{"embeddable":true,"href":"https:\/\/www.blagnacartsmartiaux.fr\/site\/wp-json\/wp\/v2\/comments?post=4292"}],"version-history":[{"count":13,"href":"https:\/\/www.blagnacartsmartiaux.fr\/site\/wp-json\/wp\/v2\/pages\/4292\/revisions"}],"predecessor-version":[{"id":4790,"href":"https:\/\/www.blagnacartsmartiaux.fr\/site\/wp-json\/wp\/v2\/pages\/4292\/revisions\/4790"}],"up":[{"embeddable":true,"href":"https:\/\/www.blagnacartsmartiaux.fr\/site\/wp-json\/wp\/v2\/pages\/3292"}],"wp:attachment":[{"href":"https:\/\/www.blagnacartsmartiaux.fr\/site\/wp-json\/wp\/v2\/media?parent=4292"}],"curies":[{"name":"wp","href":"https:\/\/api.w.org\/{rel}","templated":true}]}}