{"id":4305,"date":"2022-06-21T15:17:45","date_gmt":"2022-06-21T13:17:45","guid":{"rendered":"http:\/\/www.blagnacartsmartiaux.fr\/site\/?page_id=4305"},"modified":"2022-06-22T10:52:22","modified_gmt":"2022-06-22T08:52:22","slug":"actualites-judo","status":"publish","type":"page","link":"https:\/\/www.blagnacartsmartiaux.fr\/site\/judo\/actualites-judo\/","title":{"rendered":"Actualit\u00e9s Judo"},"content":{"rendered":"\t\t<div data-elementor-type=\"wp-page\" data-elementor-id=\"4305\" class=\"elementor elementor-4305\" data-elementor-post-type=\"page\">\n\t\t\t\t\t\t<section class=\"elementor-section elementor-top-section elementor-element elementor-element-5b852048 elementor-section-boxed elementor-section-height-default elementor-section-height-default\" data-id=\"5b852048\" data-element_type=\"section\" data-e-type=\"section\">\n\t\t\t\t\t\t<div class=\"elementor-container elementor-column-gap-default\">\n\t\t\t\t\t<div class=\"elementor-column elementor-col-100 elementor-top-column elementor-element elementor-element-2b32d5c0\" data-id=\"2b32d5c0\" data-element_type=\"column\" data-e-type=\"column\">\n\t\t\t<div class=\"elementor-widget-wrap elementor-element-populated\">\n\t\t\t\t\t\t<div class=\"elementor-element elementor-element-84f98cb elementor-widget elementor-widget-heading\" data-id=\"84f98cb\" data-element_type=\"widget\" data-e-type=\"widget\" data-widget_type=\"heading.default\">\n\t\t\t\t<div class=\"elementor-widget-container\">\n\t\t\t\t\t<h2 class=\"elementor-heading-title elementor-size-default\">L'actualit\u00e9 Judo \u00e0 Blagnac<\/h2>\t\t\t\t<\/div>\n\t\t\t\t<\/div>\n\t\t\t\t<div class=\"elementor-element elementor-element-4e6053c9 elementor-grid-3 elementor-grid-tablet-2 elementor-grid-mobile-1 elementor-posts--thumbnail-top elementor-card-shadow-yes elementor-posts__hover-gradient elementor-widget elementor-widget-posts\" data-id=\"4e6053c9\" data-element_type=\"widget\" data-e-type=\"widget\" data-settings=\"{&quot;pagination_type&quot;:&quot;load_more_infinite_scroll&quot;,&quot;cards_columns&quot;:&quot;3&quot;,&quot;cards_columns_tablet&quot;:&quot;2&quot;,&quot;cards_columns_mobile&quot;:&quot;1&quot;,&quot;cards_row_gap&quot;:{&quot;unit&quot;:&quot;px&quot;,&quot;size&quot;:35,&quot;sizes&quot;:[]},&quot;cards_row_gap_tablet&quot;:{&quot;unit&quot;:&quot;px&quot;,&quot;size&quot;:&quot;&quot;,&quot;sizes&quot;:[]},&quot;cards_row_gap_mobile&quot;:{&quot;unit&quot;:&quot;px&quot;,&quot;size&quot;:&quot;&quot;,&quot;sizes&quot;:[]},&quot;load_more_spinner&quot;:{&quot;value&quot;:&quot;fas fa-spinner&quot;,&quot;library&quot;:&quot;fa-solid&quot;}}\" data-widget_type=\"posts.cards\">\n\t\t\t\t<div class=\"elementor-widget-container\">\n\t\t\t\t\t\t\t<div class=\"elementor-posts-container elementor-posts elementor-posts--skin-cards elementor-grid\" role=\"list\">\n\t\t\t\t<article class=\"elementor-post elementor-grid-item post-5766 post type-post status-publish format-standard hentry category-arnis-kali category-body-karate-blagnac category-evenement category-judo category-jujitsu category-karate category-non-classe category-self-defense tag-arnis-kali-2 tag-bam tag-ju-jitsu tag-judo tag-jujitsu-2 tag-karate\" role=\"listitem\">\n\t\t\t<div class=\"elementor-post__card\">\n\t\t\t\t<div class=\"elementor-post__text\">\n\t\t\t\t<h3 class=\"elementor-post__title\">\n\t\t\t<a href=\"https:\/\/www.blagnacartsmartiaux.fr\/site\/2025\/11\/19\/la-nuit-du-combat-2026-le-blagnac-arts-martiaux-sengage-pour-une-soiree-100-sportive-et-solidaire\/\" >\n\t\t\t\tLa Nuit du Combat 2026 : le Blagnac Arts Martiaux s\u2019engage pour une soir\u00e9e 100% sportive et solidaire !\t\t\t<\/a>\n\t\t<\/h3>\n\t\t\t\t<div class=\"elementor-post__excerpt\">\n\t\t\t<p>Le Blagnac Arts Martiaux est fier de vous annoncer la Nuit du Combat 2026. Rendez-vous samedi 31 janvier 2026, de 16h \u00e0 23h30, dans notre<\/p>\n\t\t<\/div>\n\t\t\n\t\t<a class=\"elementor-post__read-more\" href=\"https:\/\/www.blagnacartsmartiaux.fr\/site\/2025\/11\/19\/la-nuit-du-combat-2026-le-blagnac-arts-martiaux-sengage-pour-une-soiree-100-sportive-et-solidaire\/\" aria-label=\"En savoir plus sur La Nuit du Combat 2026 : le Blagnac Arts Martiaux s\u2019engage pour une soir\u00e9e 100% sportive et solidaire !\" tabindex=\"-1\" >\n\t\t\tLire la suite \u00bb\t\t<\/a>\n\n\t\t\t\t<\/div>\n\t\t\t\t<div class=\"elementor-post__meta-data\">\n\t\t\t\t\t<span class=\"elementor-post-date\">\n\t\t\t19 novembre 2025\t\t<\/span>\n\t\t\t\t<\/div>\n\t\t\t\t\t<\/div>\n\t\t<\/article>\n\t\t\t\t<article class=\"elementor-post elementor-grid-item post-5547 post type-post status-publish format-standard has-post-thumbnail hentry category-evenement category-judo category-jujitsu tag-ju-jitsu tag-judo\" role=\"listitem\">\n\t\t\t<div class=\"elementor-post__card\">\n\t\t\t\t<a class=\"elementor-post__thumbnail__link\" href=\"https:\/\/www.blagnacartsmartiaux.fr\/site\/2024\/11\/05\/jacques-seguin-a-blagnac-pour-la-toussaint\/\" tabindex=\"-1\" ><div class=\"elementor-post__thumbnail\"><img fetchpriority=\"high\" decoding=\"async\" width=\"300\" height=\"225\" src=\"https:\/\/www.blagnacartsmartiaux.fr\/site\/wp-content\/uploads\/2024\/11\/1000006051-300x225.jpg\" class=\"attachment-medium size-medium wp-image-5549\" alt=\"\" srcset=\"https:\/\/www.blagnacartsmartiaux.fr\/site\/wp-content\/uploads\/2024\/11\/1000006051-300x225.jpg 300w, https:\/\/www.blagnacartsmartiaux.fr\/site\/wp-content\/uploads\/2024\/11\/1000006051-1024x768.jpg 1024w, https:\/\/www.blagnacartsmartiaux.fr\/site\/wp-content\/uploads\/2024\/11\/1000006051-768x576.jpg 768w, https:\/\/www.blagnacartsmartiaux.fr\/site\/wp-content\/uploads\/2024\/11\/1000006051-1536x1152.jpg 1536w, https:\/\/www.blagnacartsmartiaux.fr\/site\/wp-content\/uploads\/2024\/11\/1000006051.jpg 1600w\" sizes=\"(max-width: 300px) 100vw, 300px\" \/><\/div><\/a>\n\t\t\t\t<div class=\"elementor-post__text\">\n\t\t\t\t<h3 class=\"elementor-post__title\">\n\t\t\t<a href=\"https:\/\/www.blagnacartsmartiaux.fr\/site\/2024\/11\/05\/jacques-seguin-a-blagnac-pour-la-toussaint\/\" >\n\t\t\t\tJacques Seguin \u00e0 Blagnac pour la Toussaint\t\t\t<\/a>\n\t\t<\/h3>\n\t\t\t\t<div class=\"elementor-post__excerpt\">\n\t\t\t<p>Vendredi 25 octobre, apr\u00e8s la pr\u00e9paration physique, les cours de Ju-jitsu combat et de Judo comp\u00e9tition ont laiss\u00e9 la place \u00e0 Jacques Seguin.<\/p>\n\t\t<\/div>\n\t\t\n\t\t<a class=\"elementor-post__read-more\" href=\"https:\/\/www.blagnacartsmartiaux.fr\/site\/2024\/11\/05\/jacques-seguin-a-blagnac-pour-la-toussaint\/\" aria-label=\"En savoir plus sur Jacques Seguin \u00e0 Blagnac pour la Toussaint\" tabindex=\"-1\" >\n\t\t\tLire la suite \u00bb\t\t<\/a>\n\n\t\t\t\t<\/div>\n\t\t\t\t<div class=\"elementor-post__meta-data\">\n\t\t\t\t\t<span class=\"elementor-post-date\">\n\t\t\t5 novembre 2024\t\t<\/span>\n\t\t\t\t<\/div>\n\t\t\t\t\t<\/div>\n\t\t<\/article>\n\t\t\t\t<article class=\"elementor-post elementor-grid-item post-5382 post type-post status-publish format-standard has-post-thumbnail hentry category-judo tag-bam tag-judo tag-stage\" role=\"listitem\">\n\t\t\t<div class=\"elementor-post__card\">\n\t\t\t\t<a class=\"elementor-post__thumbnail__link\" href=\"https:\/\/www.blagnacartsmartiaux.fr\/site\/2023\/11\/08\/le-bam-au-stage-darbitrage-departemental\/\" tabindex=\"-1\" ><div class=\"elementor-post__thumbnail\"><img decoding=\"async\" width=\"300\" height=\"202\" src=\"https:\/\/www.blagnacartsmartiaux.fr\/site\/wp-content\/uploads\/2023\/10\/20230930_123657-300x202.jpg\" class=\"attachment-medium size-medium wp-image-5385\" alt=\"\" srcset=\"https:\/\/www.blagnacartsmartiaux.fr\/site\/wp-content\/uploads\/2023\/10\/20230930_123657-300x202.jpg 300w, https:\/\/www.blagnacartsmartiaux.fr\/site\/wp-content\/uploads\/2023\/10\/20230930_123657-1024x690.jpg 1024w, https:\/\/www.blagnacartsmartiaux.fr\/site\/wp-content\/uploads\/2023\/10\/20230930_123657-768x518.jpg 768w, https:\/\/www.blagnacartsmartiaux.fr\/site\/wp-content\/uploads\/2023\/10\/20230930_123657-1536x1035.jpg 1536w, https:\/\/www.blagnacartsmartiaux.fr\/site\/wp-content\/uploads\/2023\/10\/20230930_123657-2048x1380.jpg 2048w\" sizes=\"(max-width: 300px) 100vw, 300px\" \/><\/div><\/a>\n\t\t\t\t<div class=\"elementor-post__text\">\n\t\t\t\t<h3 class=\"elementor-post__title\">\n\t\t\t<a href=\"https:\/\/www.blagnacartsmartiaux.fr\/site\/2023\/11\/08\/le-bam-au-stage-darbitrage-departemental\/\" >\n\t\t\t\tLe BAM au stage d&rsquo;arbitrage d\u00e9partemental\t\t\t<\/a>\n\t\t<\/h3>\n\t\t\t\t<div class=\"elementor-post__excerpt\">\n\t\t\t<p>Toute la journ\u00e9e du 30 septembre 2023 a eu lieu le stage d\u00e9partemental d&rsquo;arbitrage de Judo \u00e0 Fonsorbes. Les membres du BAM sont venus en<\/p>\n\t\t<\/div>\n\t\t\n\t\t<a class=\"elementor-post__read-more\" href=\"https:\/\/www.blagnacartsmartiaux.fr\/site\/2023\/11\/08\/le-bam-au-stage-darbitrage-departemental\/\" aria-label=\"En savoir plus sur Le BAM au stage d&rsquo;arbitrage d\u00e9partemental\" tabindex=\"-1\" >\n\t\t\tLire la suite \u00bb\t\t<\/a>\n\n\t\t\t\t<\/div>\n\t\t\t\t<div class=\"elementor-post__meta-data\">\n\t\t\t\t\t<span class=\"elementor-post-date\">\n\t\t\t8 novembre 2023\t\t<\/span>\n\t\t\t\t<\/div>\n\t\t\t\t\t<\/div>\n\t\t<\/article>\n\t\t\t\t<article class=\"elementor-post elementor-grid-item post-5283 post type-post status-publish format-standard has-post-thumbnail hentry category-evenement category-judo category-jujitsu category-non-classe category-stage tag-bam\" role=\"listitem\">\n\t\t\t<div class=\"elementor-post__card\">\n\t\t\t\t<a class=\"elementor-post__thumbnail__link\" href=\"https:\/\/www.blagnacartsmartiaux.fr\/site\/2023\/06\/16\/premier-stage-de-cyberjutsu-lapplication-des-methodes-des-arts-martiaux-a-la-cybersecurite-un-concept-innovant\/\" tabindex=\"-1\" ><div class=\"elementor-post__thumbnail\"><img decoding=\"async\" width=\"300\" height=\"300\" src=\"https:\/\/www.blagnacartsmartiaux.fr\/site\/wp-content\/uploads\/2023\/06\/Cyberjutsu-300x300.jpg\" class=\"attachment-medium size-medium wp-image-5291\" alt=\"\" srcset=\"https:\/\/www.blagnacartsmartiaux.fr\/site\/wp-content\/uploads\/2023\/06\/Cyberjutsu-300x300.jpg 300w, https:\/\/www.blagnacartsmartiaux.fr\/site\/wp-content\/uploads\/2023\/06\/Cyberjutsu-150x150.jpg 150w, https:\/\/www.blagnacartsmartiaux.fr\/site\/wp-content\/uploads\/2023\/06\/Cyberjutsu.jpg 512w\" sizes=\"(max-width: 300px) 100vw, 300px\" \/><\/div><\/a>\n\t\t\t\t<div class=\"elementor-post__text\">\n\t\t\t\t<h3 class=\"elementor-post__title\">\n\t\t\t<a href=\"https:\/\/www.blagnacartsmartiaux.fr\/site\/2023\/06\/16\/premier-stage-de-cyberjutsu-lapplication-des-methodes-des-arts-martiaux-a-la-cybersecurite-un-concept-innovant\/\" >\n\t\t\t\tPremier stage de Cyberjutsu : L&rsquo;Application des M\u00e9thodes des Arts Martiaux \u00e0 la Cybers\u00e9curit\u00e9, un Concept Innovant\t\t\t<\/a>\n\t\t<\/h3>\n\t\t\t\t<div class=\"elementor-post__excerpt\">\n\t\t\t<p>L&rsquo;association WOCSA (Worldwide Open Cyber Security Association) en partenariat avec Blagnac Arts Martiaux organise du 3 au 5 juillet le premier stage de Cyberjutsu \u00e0<\/p>\n\t\t<\/div>\n\t\t\n\t\t<a class=\"elementor-post__read-more\" href=\"https:\/\/www.blagnacartsmartiaux.fr\/site\/2023\/06\/16\/premier-stage-de-cyberjutsu-lapplication-des-methodes-des-arts-martiaux-a-la-cybersecurite-un-concept-innovant\/\" aria-label=\"En savoir plus sur Premier stage de Cyberjutsu : L&rsquo;Application des M\u00e9thodes des Arts Martiaux \u00e0 la Cybers\u00e9curit\u00e9, un Concept Innovant\" tabindex=\"-1\" >\n\t\t\tLire la suite \u00bb\t\t<\/a>\n\n\t\t\t\t<\/div>\n\t\t\t\t<div class=\"elementor-post__meta-data\">\n\t\t\t\t\t<span class=\"elementor-post-date\">\n\t\t\t16 juin 2023\t\t<\/span>\n\t\t\t\t<\/div>\n\t\t\t\t\t<\/div>\n\t\t<\/article>\n\t\t\t\t<article class=\"elementor-post elementor-grid-item post-5213 post type-post status-publish format-standard hentry category-judo\" role=\"listitem\">\n\t\t\t<div class=\"elementor-post__card\">\n\t\t\t\t<div class=\"elementor-post__text\">\n\t\t\t\t<h3 class=\"elementor-post__title\">\n\t\t\t<a href=\"https:\/\/www.blagnacartsmartiaux.fr\/site\/2023\/04\/12\/week-end-judo-passage-de-grade-et-shiai\/\" >\n\t\t\t\tWeek-end Judo : Passage de grade et Shiai\t\t\t<\/a>\n\t\t<\/h3>\n\t\t\t\t<div class=\"elementor-post__excerpt\">\n\t\t\t<p>Nos judokas ont \u00e9t\u00e9 bien occup\u00e9s durant le week-end du 25 et 26 mars ! Passage de grade et Shiai obligent. C\u2019est \u00e0 la Maison<\/p>\n\t\t<\/div>\n\t\t\n\t\t<a class=\"elementor-post__read-more\" href=\"https:\/\/www.blagnacartsmartiaux.fr\/site\/2023\/04\/12\/week-end-judo-passage-de-grade-et-shiai\/\" aria-label=\"En savoir plus sur Week-end Judo : Passage de grade et Shiai\" tabindex=\"-1\" >\n\t\t\tLire la suite \u00bb\t\t<\/a>\n\n\t\t\t\t<\/div>\n\t\t\t\t<div class=\"elementor-post__meta-data\">\n\t\t\t\t\t<span class=\"elementor-post-date\">\n\t\t\t12 avril 2023\t\t<\/span>\n\t\t\t\t<\/div>\n\t\t\t\t\t<\/div>\n\t\t<\/article>\n\t\t\t\t<article class=\"elementor-post elementor-grid-item post-5049 post type-post status-publish format-standard has-post-thumbnail hentry category-judo category-jujitsu\" role=\"listitem\">\n\t\t\t<div class=\"elementor-post__card\">\n\t\t\t\t<a class=\"elementor-post__thumbnail__link\" href=\"https:\/\/www.blagnacartsmartiaux.fr\/site\/2022\/10\/26\/rentree-bam-judo-2022\/\" tabindex=\"-1\" ><div class=\"elementor-post__thumbnail\"><img loading=\"lazy\" decoding=\"async\" width=\"300\" height=\"185\" src=\"https:\/\/www.blagnacartsmartiaux.fr\/site\/wp-content\/uploads\/2022\/10\/IMG_20221010_1834232-300x185.jpg\" class=\"attachment-medium size-medium wp-image-5063\" alt=\"\" srcset=\"https:\/\/www.blagnacartsmartiaux.fr\/site\/wp-content\/uploads\/2022\/10\/IMG_20221010_1834232-300x185.jpg 300w, https:\/\/www.blagnacartsmartiaux.fr\/site\/wp-content\/uploads\/2022\/10\/IMG_20221010_1834232-1024x632.jpg 1024w, https:\/\/www.blagnacartsmartiaux.fr\/site\/wp-content\/uploads\/2022\/10\/IMG_20221010_1834232-768x474.jpg 768w, https:\/\/www.blagnacartsmartiaux.fr\/site\/wp-content\/uploads\/2022\/10\/IMG_20221010_1834232-1536x947.jpg 1536w, https:\/\/www.blagnacartsmartiaux.fr\/site\/wp-content\/uploads\/2022\/10\/IMG_20221010_1834232-2048x1263.jpg 2048w\" sizes=\"(max-width: 300px) 100vw, 300px\" \/><\/div><\/a>\n\t\t\t\t<div class=\"elementor-post__text\">\n\t\t\t\t<h3 class=\"elementor-post__title\">\n\t\t\t<a href=\"https:\/\/www.blagnacartsmartiaux.fr\/site\/2022\/10\/26\/rentree-bam-judo-2022\/\" >\n\t\t\t\tRentr\u00e9e BAM judo 2022\t\t\t<\/a>\n\t\t<\/h3>\n\t\t\t\t<div class=\"elementor-post__excerpt\">\n\t\t\t<p>Septembre veut dire rentr\u00e9e des classes &#8211; ou plus tristement, rentr\u00e9e de vacances -, bonne nouvelle cependant, \u00e7a veut aussi dire rentr\u00e9e au BAM et<\/p>\n\t\t<\/div>\n\t\t\n\t\t<a class=\"elementor-post__read-more\" href=\"https:\/\/www.blagnacartsmartiaux.fr\/site\/2022\/10\/26\/rentree-bam-judo-2022\/\" aria-label=\"En savoir plus sur Rentr\u00e9e BAM judo 2022\" tabindex=\"-1\" >\n\t\t\tLire la suite \u00bb\t\t<\/a>\n\n\t\t\t\t<\/div>\n\t\t\t\t<div class=\"elementor-post__meta-data\">\n\t\t\t\t\t<span class=\"elementor-post-date\">\n\t\t\t26 octobre 2022\t\t<\/span>\n\t\t\t\t<\/div>\n\t\t\t\t\t<\/div>\n\t\t<\/article>\n\t\t\t\t<article class=\"elementor-post elementor-grid-item post-5019 post type-post status-publish format-standard has-post-thumbnail hentry category-judo\" role=\"listitem\">\n\t\t\t<div class=\"elementor-post__card\">\n\t\t\t\t<a class=\"elementor-post__thumbnail__link\" href=\"https:\/\/www.blagnacartsmartiaux.fr\/site\/2022\/09\/23\/jean-francois-mougenot-decroche-son-cqp-judo\/\" tabindex=\"-1\" ><div class=\"elementor-post__thumbnail\"><img loading=\"lazy\" decoding=\"async\" width=\"300\" height=\"169\" src=\"https:\/\/www.blagnacartsmartiaux.fr\/site\/wp-content\/uploads\/2022\/09\/Judo_Adultes_Lundi_Technique-300x169.jpg\" class=\"attachment-medium size-medium wp-image-5060\" alt=\"\" srcset=\"https:\/\/www.blagnacartsmartiaux.fr\/site\/wp-content\/uploads\/2022\/09\/Judo_Adultes_Lundi_Technique-300x169.jpg 300w, https:\/\/www.blagnacartsmartiaux.fr\/site\/wp-content\/uploads\/2022\/09\/Judo_Adultes_Lundi_Technique-1024x576.jpg 1024w, https:\/\/www.blagnacartsmartiaux.fr\/site\/wp-content\/uploads\/2022\/09\/Judo_Adultes_Lundi_Technique-768x432.jpg 768w, https:\/\/www.blagnacartsmartiaux.fr\/site\/wp-content\/uploads\/2022\/09\/Judo_Adultes_Lundi_Technique-1536x864.jpg 1536w, https:\/\/www.blagnacartsmartiaux.fr\/site\/wp-content\/uploads\/2022\/09\/Judo_Adultes_Lundi_Technique-2048x1152.jpg 2048w\" sizes=\"(max-width: 300px) 100vw, 300px\" \/><\/div><\/a>\n\t\t\t\t<div class=\"elementor-post__text\">\n\t\t\t\t<h3 class=\"elementor-post__title\">\n\t\t\t<a href=\"https:\/\/www.blagnacartsmartiaux.fr\/site\/2022\/09\/23\/jean-francois-mougenot-decroche-son-cqp-judo\/\" >\n\t\t\t\tJean-Fran\u00e7ois Mougenot d\u00e9croche son CQP Judo!\t\t\t<\/a>\n\t\t<\/h3>\n\t\t\t\t<div class=\"elementor-post__excerpt\">\n\t\t\t<p>Avec une formation am\u00e9nag\u00e9e sur plusieurs ann\u00e9es (contraintes professionnelles), Jean-Fran\u00e7ois a d\u00e9croch\u00e9 fin juin son CQP judo! Intervenant r\u00e9guli\u00e8rement au cours adulte cette saison dans<\/p>\n\t\t<\/div>\n\t\t\n\t\t<a class=\"elementor-post__read-more\" href=\"https:\/\/www.blagnacartsmartiaux.fr\/site\/2022\/09\/23\/jean-francois-mougenot-decroche-son-cqp-judo\/\" aria-label=\"En savoir plus sur Jean-Fran\u00e7ois Mougenot d\u00e9croche son CQP Judo!\" tabindex=\"-1\" >\n\t\t\tLire la suite \u00bb\t\t<\/a>\n\n\t\t\t\t<\/div>\n\t\t\t\t<div class=\"elementor-post__meta-data\">\n\t\t\t\t\t<span class=\"elementor-post-date\">\n\t\t\t23 septembre 2022\t\t<\/span>\n\t\t\t\t<\/div>\n\t\t\t\t\t<\/div>\n\t\t<\/article>\n\t\t\t\t<article class=\"elementor-post elementor-grid-item post-3710 post type-post status-publish format-standard has-post-thumbnail hentry category-evenement category-judo category-karate\" role=\"listitem\">\n\t\t\t<div class=\"elementor-post__card\">\n\t\t\t\t<a class=\"elementor-post__thumbnail__link\" href=\"https:\/\/www.blagnacartsmartiaux.fr\/site\/2021\/07\/22\/le-karate-et-le-judo-sports-olympiques-a-tokyo\/\" tabindex=\"-1\" ><div class=\"elementor-post__thumbnail\"><img loading=\"lazy\" decoding=\"async\" width=\"300\" height=\"200\" src=\"https:\/\/www.blagnacartsmartiaux.fr\/site\/wp-content\/uploads\/2021\/07\/judo-tokyo-2021-300x200.jpg\" class=\"attachment-medium size-medium wp-image-3712\" alt=\"\" srcset=\"https:\/\/www.blagnacartsmartiaux.fr\/site\/wp-content\/uploads\/2021\/07\/judo-tokyo-2021-300x200.jpg 300w, https:\/\/www.blagnacartsmartiaux.fr\/site\/wp-content\/uploads\/2021\/07\/judo-tokyo-2021-1024x683.jpg 1024w, https:\/\/www.blagnacartsmartiaux.fr\/site\/wp-content\/uploads\/2021\/07\/judo-tokyo-2021-768x512.jpg 768w, https:\/\/www.blagnacartsmartiaux.fr\/site\/wp-content\/uploads\/2021\/07\/judo-tokyo-2021-1536x1024.jpg 1536w, https:\/\/www.blagnacartsmartiaux.fr\/site\/wp-content\/uploads\/2021\/07\/judo-tokyo-2021.jpg 2048w\" sizes=\"(max-width: 300px) 100vw, 300px\" \/><\/div><\/a>\n\t\t\t\t<div class=\"elementor-post__text\">\n\t\t\t\t<h3 class=\"elementor-post__title\">\n\t\t\t<a href=\"https:\/\/www.blagnacartsmartiaux.fr\/site\/2021\/07\/22\/le-karate-et-le-judo-sports-olympiques-a-tokyo\/\" >\n\t\t\t\tLe Karat\u00e9 et le Judo : sports olympiques \u00e0 Tokyo\t\t\t<\/a>\n\t\t<\/h3>\n\t\t\t\t<div class=\"elementor-post__excerpt\">\n\t\t\t<p>Les Jeux Olympiques de Tokyo s\u2019ouvrent ce vendredi&nbsp;; apr\u00e8s Teddy Riner \u00e0 Rio, le judo fran\u00e7ais sera encore \u00e0 l\u2019honneur d\u00e8s la c\u00e9r\u00e9monie d\u2019ouverture! Pour<\/p>\n\t\t<\/div>\n\t\t\n\t\t<a class=\"elementor-post__read-more\" href=\"https:\/\/www.blagnacartsmartiaux.fr\/site\/2021\/07\/22\/le-karate-et-le-judo-sports-olympiques-a-tokyo\/\" aria-label=\"En savoir plus sur Le Karat\u00e9 et le Judo : sports olympiques \u00e0 Tokyo\" tabindex=\"-1\" >\n\t\t\tLire la suite \u00bb\t\t<\/a>\n\n\t\t\t\t<\/div>\n\t\t\t\t<div class=\"elementor-post__meta-data\">\n\t\t\t\t\t<span class=\"elementor-post-date\">\n\t\t\t22 juillet 2021\t\t<\/span>\n\t\t\t\t<\/div>\n\t\t\t\t\t<\/div>\n\t\t<\/article>\n\t\t\t\t<article class=\"elementor-post elementor-grid-item post-3588 post type-post status-publish format-standard has-post-thumbnail hentry category-evenement category-judo category-karate category-stage tag-judo tag-karate-2\" role=\"listitem\">\n\t\t\t<div class=\"elementor-post__card\">\n\t\t\t\t<a class=\"elementor-post__thumbnail__link\" href=\"https:\/\/www.blagnacartsmartiaux.fr\/site\/2020\/12\/16\/stage-karate-et-judo-enfants\/\" tabindex=\"-1\" ><div class=\"elementor-post__thumbnail\"><img loading=\"lazy\" decoding=\"async\" width=\"300\" height=\"210\" src=\"https:\/\/www.blagnacartsmartiaux.fr\/site\/wp-content\/uploads\/2020\/12\/stage-karate-judo-enfant-noel-2020-300x210.jpg\" class=\"attachment-medium size-medium wp-image-3589\" alt=\"\" srcset=\"https:\/\/www.blagnacartsmartiaux.fr\/site\/wp-content\/uploads\/2020\/12\/stage-karate-judo-enfant-noel-2020-300x210.jpg 300w, https:\/\/www.blagnacartsmartiaux.fr\/site\/wp-content\/uploads\/2020\/12\/stage-karate-judo-enfant-noel-2020-768x537.jpg 768w, https:\/\/www.blagnacartsmartiaux.fr\/site\/wp-content\/uploads\/2020\/12\/stage-karate-judo-enfant-noel-2020.jpg 1000w\" sizes=\"(max-width: 300px) 100vw, 300px\" \/><\/div><\/a>\n\t\t\t\t<div class=\"elementor-post__text\">\n\t\t\t\t<h3 class=\"elementor-post__title\">\n\t\t\t<a href=\"https:\/\/www.blagnacartsmartiaux.fr\/site\/2020\/12\/16\/stage-karate-et-judo-enfants\/\" >\n\t\t\t\tStage Karate et Judo enfants\t\t\t<\/a>\n\t\t<\/h3>\n\t\t\t\t<div class=\"elementor-post__excerpt\">\n\t\t\t<p>Bonjour \u00e0 tous, Voil\u00e0 les bulletins d&rsquo;inscription aux stage des vacances : Pour les plus jeunes, n\u00e9s entre 2015 et 2016 Il se d\u00e9roulera samedi<\/p>\n\t\t<\/div>\n\t\t\n\t\t<a class=\"elementor-post__read-more\" href=\"https:\/\/www.blagnacartsmartiaux.fr\/site\/2020\/12\/16\/stage-karate-et-judo-enfants\/\" aria-label=\"En savoir plus sur Stage Karate et Judo enfants\" tabindex=\"-1\" >\n\t\t\tLire la suite \u00bb\t\t<\/a>\n\n\t\t\t\t<\/div>\n\t\t\t\t<div class=\"elementor-post__meta-data\">\n\t\t\t\t\t<span class=\"elementor-post-date\">\n\t\t\t16 d\u00e9cembre 2020\t\t<\/span>\n\t\t\t\t<\/div>\n\t\t\t\t\t<\/div>\n\t\t<\/article>\n\t\t\t\t<article class=\"elementor-post elementor-grid-item post-3491 post type-post status-publish format-standard has-post-thumbnail hentry category-arnis-kali category-evenement category-judo category-jujitsu category-karate category-non-classe\" role=\"listitem\">\n\t\t\t<div class=\"elementor-post__card\">\n\t\t\t\t<a class=\"elementor-post__thumbnail__link\" href=\"https:\/\/www.blagnacartsmartiaux.fr\/site\/2020\/09\/11\/portes-ouvertes-2\/\" tabindex=\"-1\" ><div class=\"elementor-post__thumbnail\"><img loading=\"lazy\" decoding=\"async\" width=\"300\" height=\"237\" src=\"https:\/\/www.blagnacartsmartiaux.fr\/site\/wp-content\/uploads\/2020\/09\/IMG-20200827-WA0005-Copie-300x237.jpg\" class=\"attachment-medium size-medium wp-image-3495\" alt=\"\" srcset=\"https:\/\/www.blagnacartsmartiaux.fr\/site\/wp-content\/uploads\/2020\/09\/IMG-20200827-WA0005-Copie-300x237.jpg 300w, https:\/\/www.blagnacartsmartiaux.fr\/site\/wp-content\/uploads\/2020\/09\/IMG-20200827-WA0005-Copie.jpg 756w\" sizes=\"(max-width: 300px) 100vw, 300px\" \/><\/div><\/a>\n\t\t\t\t<div class=\"elementor-post__text\">\n\t\t\t\t<h3 class=\"elementor-post__title\">\n\t\t\t<a href=\"https:\/\/www.blagnacartsmartiaux.fr\/site\/2020\/09\/11\/portes-ouvertes-2\/\" >\n\t\t\t\tPortes Ouvertes !\t\t\t<\/a>\n\t\t<\/h3>\n\t\t\t\t<div class=\"elementor-post__excerpt\">\n\t\t\t<p>Venez d\u00e9couvrir nos disciplines au Blagnac Arts Martiaux ! 12 septembre &#8211; Portes ouvertes On vous attends dans notre beau dojo de 10h \u00e0 12h<\/p>\n\t\t<\/div>\n\t\t\n\t\t<a class=\"elementor-post__read-more\" href=\"https:\/\/www.blagnacartsmartiaux.fr\/site\/2020\/09\/11\/portes-ouvertes-2\/\" aria-label=\"En savoir plus sur Portes Ouvertes !\" tabindex=\"-1\" >\n\t\t\tLire la suite \u00bb\t\t<\/a>\n\n\t\t\t\t<\/div>\n\t\t\t\t<div class=\"elementor-post__meta-data\">\n\t\t\t\t\t<span class=\"elementor-post-date\">\n\t\t\t11 septembre 2020\t\t<\/span>\n\t\t\t\t<\/div>\n\t\t\t\t\t<\/div>\n\t\t<\/article>\n\t\t\t\t<article class=\"elementor-post elementor-grid-item post-3179 post type-post status-publish format-standard has-post-thumbnail hentry category-evenement category-judo category-karate\" role=\"listitem\">\n\t\t\t<div class=\"elementor-post__card\">\n\t\t\t\t<a class=\"elementor-post__thumbnail__link\" href=\"https:\/\/www.blagnacartsmartiaux.fr\/site\/2020\/06\/29\/reprise-des-cours-au-bam\/\" tabindex=\"-1\" ><div class=\"elementor-post__thumbnail\"><img loading=\"lazy\" decoding=\"async\" width=\"300\" height=\"300\" src=\"https:\/\/www.blagnacartsmartiaux.fr\/site\/wp-content\/uploads\/2020\/06\/FotoJet-300x300.jpg\" class=\"attachment-medium size-medium wp-image-3188\" alt=\"\" srcset=\"https:\/\/www.blagnacartsmartiaux.fr\/site\/wp-content\/uploads\/2020\/06\/FotoJet-300x300.jpg 300w, https:\/\/www.blagnacartsmartiaux.fr\/site\/wp-content\/uploads\/2020\/06\/FotoJet-1024x1024.jpg 1024w, https:\/\/www.blagnacartsmartiaux.fr\/site\/wp-content\/uploads\/2020\/06\/FotoJet-150x150.jpg 150w, https:\/\/www.blagnacartsmartiaux.fr\/site\/wp-content\/uploads\/2020\/06\/FotoJet-768x768.jpg 768w, https:\/\/www.blagnacartsmartiaux.fr\/site\/wp-content\/uploads\/2020\/06\/FotoJet.jpg 1200w\" sizes=\"(max-width: 300px) 100vw, 300px\" \/><\/div><\/a>\n\t\t\t\t<div class=\"elementor-post__text\">\n\t\t\t\t<h3 class=\"elementor-post__title\">\n\t\t\t<a href=\"https:\/\/www.blagnacartsmartiaux.fr\/site\/2020\/06\/29\/reprise-des-cours-au-bam\/\" >\n\t\t\t\tReprise des cours au BAM\t\t\t<\/a>\n\t\t<\/h3>\n\t\t\t\t<div class=\"elementor-post__excerpt\">\n\t\t\t<p>Bonjour \u00e0 tous, Apr\u00e8s la p\u00e9riode particuli\u00e8re que nous venons de vivre, le BAM a repris ses cours en ext\u00e9rieur en s\u2019appuyant sur le protocole<\/p>\n\t\t<\/div>\n\t\t\n\t\t<a class=\"elementor-post__read-more\" href=\"https:\/\/www.blagnacartsmartiaux.fr\/site\/2020\/06\/29\/reprise-des-cours-au-bam\/\" aria-label=\"En savoir plus sur Reprise des cours au BAM\" tabindex=\"-1\" >\n\t\t\tLire la suite \u00bb\t\t<\/a>\n\n\t\t\t\t<\/div>\n\t\t\t\t<div class=\"elementor-post__meta-data\">\n\t\t\t\t\t<span class=\"elementor-post-date\">\n\t\t\t29 juin 2020\t\t<\/span>\n\t\t\t\t<\/div>\n\t\t\t\t\t<\/div>\n\t\t<\/article>\n\t\t\t\t<article class=\"elementor-post elementor-grid-item post-3132 post type-post status-publish format-standard has-post-thumbnail hentry category-competition category-evenement category-judo category-non-classe\" role=\"listitem\">\n\t\t\t<div class=\"elementor-post__card\">\n\t\t\t\t<a class=\"elementor-post__thumbnail__link\" href=\"https:\/\/www.blagnacartsmartiaux.fr\/site\/2020\/03\/09\/la-coupe-des-caouecs-1ere-edition\/\" tabindex=\"-1\" ><div class=\"elementor-post__thumbnail\"><img loading=\"lazy\" decoding=\"async\" width=\"300\" height=\"132\" src=\"https:\/\/www.blagnacartsmartiaux.fr\/site\/wp-content\/uploads\/2020\/03\/IMG_4322-copie-e1583769414797-300x132.jpg\" class=\"attachment-medium size-medium wp-image-3136\" alt=\"\" srcset=\"https:\/\/www.blagnacartsmartiaux.fr\/site\/wp-content\/uploads\/2020\/03\/IMG_4322-copie-e1583769414797-300x132.jpg 300w, https:\/\/www.blagnacartsmartiaux.fr\/site\/wp-content\/uploads\/2020\/03\/IMG_4322-copie-e1583769414797-768x337.jpg 768w, https:\/\/www.blagnacartsmartiaux.fr\/site\/wp-content\/uploads\/2020\/03\/IMG_4322-copie-e1583769414797-1024x450.jpg 1024w\" sizes=\"(max-width: 300px) 100vw, 300px\" \/><\/div><\/a>\n\t\t\t\t<div class=\"elementor-post__text\">\n\t\t\t\t<h3 class=\"elementor-post__title\">\n\t\t\t<a href=\"https:\/\/www.blagnacartsmartiaux.fr\/site\/2020\/03\/09\/la-coupe-des-caouecs-1ere-edition\/\" >\n\t\t\t\tLa Coupe des Caouecs &#8211; 1\u00e9re \u00e9dition\t\t\t<\/a>\n\t\t<\/h3>\n\t\t\t\t<div class=\"elementor-post__excerpt\">\n\t\t\t<p>Dimanche 1er mars, le Blagnac Arts Martiaux organisait au gymnase Androm\u00e8de sa 1\u00e8re comp\u00e9tition amicale inter-clubs de judo&nbsp;\u00ab&nbsp;La Coupe des Caouecs \u00bb. L\u2019id\u00e9e de cet<\/p>\n\t\t<\/div>\n\t\t\n\t\t<a class=\"elementor-post__read-more\" href=\"https:\/\/www.blagnacartsmartiaux.fr\/site\/2020\/03\/09\/la-coupe-des-caouecs-1ere-edition\/\" aria-label=\"En savoir plus sur La Coupe des Caouecs &#8211; 1\u00e9re \u00e9dition\" tabindex=\"-1\" >\n\t\t\tLire la suite \u00bb\t\t<\/a>\n\n\t\t\t\t<\/div>\n\t\t\t\t<div class=\"elementor-post__meta-data\">\n\t\t\t\t\t<span class=\"elementor-post-date\">\n\t\t\t9 mars 2020\t\t<\/span>\n\t\t\t\t<\/div>\n\t\t\t\t\t<\/div>\n\t\t<\/article>\n\t\t\t\t<\/div>\n\t\t\t\t\t<span class=\"e-load-more-spinner\">\n\t\t\t\t<i aria-hidden=\"true\" class=\"fas fa-spinner\"><\/i>\t\t\t<\/span>\n\t\t\n\t\t\t\t<div class=\"e-load-more-anchor\" data-page=\"1\" data-max-page=\"12\" data-next-page=\"https:\/\/www.blagnacartsmartiaux.fr\/site\/wp-json\/wp\/v2\/pages\/4305\/page\/2\/\"><\/div>\n\t\t\t\t<div class=\"e-load-more-message\"><\/div>\n\t\t\t\t\t\t<\/div>\n\t\t\t\t<\/div>\n\t\t\t\t\t<\/div>\n\t\t<\/div>\n\t\t\t\t\t<\/div>\n\t\t<\/section>\n\t\t\t\t<\/div>\n\t\t","protected":false},"excerpt":{"rendered":"<p>L&rsquo;actualit\u00e9 Judo \u00e0 Blagnac<\/p>\n","protected":false},"author":1,"featured_media":0,"parent":1433,"menu_order":5,"comment_status":"closed","ping_status":"closed","template":"","meta":{"site-sidebar-layout":"no-sidebar","site-content-layout":"page-builder","ast-site-content-layout":"default","site-content-style":"default","site-sidebar-style":"default","ast-global-header-display":"","ast-banner-title-visibility":"","ast-main-header-display":"","ast-hfb-above-header-display":"","ast-hfb-below-header-display":"","ast-hfb-mobile-header-display":"","site-post-title":"disabled","ast-breadcrumbs-content":"","ast-featured-img":"disabled","footer-sml-layout":"","ast-disable-related-posts":"","theme-transparent-header-meta":"","adv-header-id-meta":"","stick-header-meta":"","header-above-stick-meta":"","header-main-stick-meta":"","header-below-stick-meta":"","astra-migrate-meta-layouts":"default","ast-page-background-enabled":"default","ast-page-background-meta":{"desktop":{"background-color":"","background-image":"","background-repeat":"repeat","background-position":"center center","background-size":"auto","background-attachment":"scroll","background-type":"","background-media":"","overlay-type":"","overlay-color":"","overlay-opacity":"","overlay-gradient":""},"tablet":{"background-color":"","background-image":"","background-repeat":"repeat","background-position":"center center","background-size":"auto","background-attachment":"scroll","background-type":"","background-media":"","overlay-type":"","overlay-color":"","overlay-opacity":"","overlay-gradient":""},"mobile":{"background-color":"","background-image":"","background-repeat":"repeat","background-position":"center center","background-size":"auto","background-attachment":"scroll","background-type":"","background-media":"","overlay-type":"","overlay-color":"","overlay-opacity":"","overlay-gradient":""}},"ast-content-background-meta":{"desktop":{"background-color":"var(--ast-global-color-5)","background-image":"","background-repeat":"repeat","background-position":"center center","background-size":"auto","background-attachment":"scroll","background-type":"","background-media":"","overlay-type":"","overlay-color":"","overlay-opacity":"","overlay-gradient":""},"tablet":{"background-color":"var(--ast-global-color-5)","background-image":"","background-repeat":"repeat","background-position":"center center","background-size":"auto","background-attachment":"scroll","background-type":"","background-media":"","overlay-type":"","overlay-color":"","overlay-opacity":"","overlay-gradient":""},"mobile":{"background-color":"var(--ast-global-color-5)","background-image":"","background-repeat":"repeat","background-position":"center center","background-size":"auto","background-attachment":"scroll","background-type":"","background-media":"","overlay-type":"","overlay-color":"","overlay-opacity":"","overlay-gradient":""}},"footnotes":""},"class_list":["post-4305","page","type-page","status-publish","hentry"],"yoast_head":"<!-- This site is optimized with the Yoast SEO plugin v27.5 - https:\/\/yoast.com\/product\/yoast-seo-wordpress\/ -->\n<title>Actualit\u00e9s Judo - Blagnac Arts Martiaux<\/title>\n<meta name=\"robots\" content=\"index, follow, max-snippet:-1, max-image-preview:large, max-video-preview:-1\" \/>\n<link rel=\"canonical\" href=\"https:\/\/www.blagnacartsmartiaux.fr\/site\/judo\/actualites-judo\/\" \/>\n<meta property=\"og:locale\" content=\"fr_FR\" \/>\n<meta property=\"og:type\" content=\"article\" \/>\n<meta property=\"og:title\" content=\"Actualit\u00e9s Judo - Blagnac Arts Martiaux\" \/>\n<meta property=\"og:description\" content=\"L&rsquo;actualit\u00e9 Judo \u00e0 Blagnac\" \/>\n<meta property=\"og:url\" content=\"https:\/\/www.blagnacartsmartiaux.fr\/site\/judo\/actualites-judo\/\" \/>\n<meta property=\"og:site_name\" content=\"Blagnac Arts Martiaux\" \/>\n<meta property=\"article:publisher\" content=\"https:\/\/www.facebook.com\/BlagnacArtsMartiaux\" \/>\n<meta property=\"article:modified_time\" content=\"2022-06-22T08:52:22+00:00\" \/>\n<meta name=\"twitter:card\" content=\"summary_large_image\" \/>\n<meta name=\"twitter:site\" content=\"@BlagnacArtsM\" \/>\n<meta name=\"twitter:label1\" content=\"Dur\u00e9e de lecture estim\u00e9e\" \/>\n\t<meta name=\"twitter:data1\" content=\"5 minutes\" \/>\n<script type=\"application\/ld+json\" class=\"yoast-schema-graph\">{\"@context\":\"https:\\\/\\\/schema.org\",\"@graph\":[{\"@type\":\"WebPage\",\"@id\":\"https:\\\/\\\/www.blagnacartsmartiaux.fr\\\/site\\\/judo\\\/actualites-judo\\\/\",\"url\":\"https:\\\/\\\/www.blagnacartsmartiaux.fr\\\/site\\\/judo\\\/actualites-judo\\\/\",\"name\":\"Actualit\u00e9s Judo - Blagnac Arts Martiaux\",\"isPartOf\":{\"@id\":\"https:\\\/\\\/www.blagnacartsmartiaux.fr\\\/site\\\/#website\"},\"datePublished\":\"2022-06-21T13:17:45+00:00\",\"dateModified\":\"2022-06-22T08:52:22+00:00\",\"breadcrumb\":{\"@id\":\"https:\\\/\\\/www.blagnacartsmartiaux.fr\\\/site\\\/judo\\\/actualites-judo\\\/#breadcrumb\"},\"inLanguage\":\"fr-FR\",\"potentialAction\":[{\"@type\":\"ReadAction\",\"target\":[\"https:\\\/\\\/www.blagnacartsmartiaux.fr\\\/site\\\/judo\\\/actualites-judo\\\/\"]}]},{\"@type\":\"BreadcrumbList\",\"@id\":\"https:\\\/\\\/www.blagnacartsmartiaux.fr\\\/site\\\/judo\\\/actualites-judo\\\/#breadcrumb\",\"itemListElement\":[{\"@type\":\"ListItem\",\"position\":1,\"name\":\"Accueil\",\"item\":\"https:\\\/\\\/www.blagnacartsmartiaux.fr\\\/site\\\/\"},{\"@type\":\"ListItem\",\"position\":2,\"name\":\"Judo\",\"item\":\"https:\\\/\\\/www.blagnacartsmartiaux.fr\\\/site\\\/judo\\\/\"},{\"@type\":\"ListItem\",\"position\":3,\"name\":\"Actualit\u00e9s Judo\"}]},{\"@type\":\"WebSite\",\"@id\":\"https:\\\/\\\/www.blagnacartsmartiaux.fr\\\/site\\\/#website\",\"url\":\"https:\\\/\\\/www.blagnacartsmartiaux.fr\\\/site\\\/\",\"name\":\"Blagnac Arts Martiaux\",\"description\":\"Le club de Judo, Karat\u00e9, Jujitsu, Arnis Kali et Self D\u00e9fense sur Blagnac\",\"publisher\":{\"@id\":\"https:\\\/\\\/www.blagnacartsmartiaux.fr\\\/site\\\/#organization\"},\"potentialAction\":[{\"@type\":\"SearchAction\",\"target\":{\"@type\":\"EntryPoint\",\"urlTemplate\":\"https:\\\/\\\/www.blagnacartsmartiaux.fr\\\/site\\\/?s={search_term_string}\"},\"query-input\":{\"@type\":\"PropertyValueSpecification\",\"valueRequired\":true,\"valueName\":\"search_term_string\"}}],\"inLanguage\":\"fr-FR\"},{\"@type\":\"Organization\",\"@id\":\"https:\\\/\\\/www.blagnacartsmartiaux.fr\\\/site\\\/#organization\",\"name\":\"Blagnac Arts Martiaux\",\"url\":\"https:\\\/\\\/www.blagnacartsmartiaux.fr\\\/site\\\/\",\"logo\":{\"@type\":\"ImageObject\",\"inLanguage\":\"fr-FR\",\"@id\":\"https:\\\/\\\/www.blagnacartsmartiaux.fr\\\/site\\\/#\\\/schema\\\/logo\\\/image\\\/\",\"url\":\"https:\\\/\\\/www.blagnacartsmartiaux.fr\\\/site\\\/wp-content\\\/uploads\\\/2020\\\/05\\\/cropped-bam-wide.png\",\"contentUrl\":\"https:\\\/\\\/www.blagnacartsmartiaux.fr\\\/site\\\/wp-content\\\/uploads\\\/2020\\\/05\\\/cropped-bam-wide.png\",\"width\":180,\"height\":60,\"caption\":\"Blagnac Arts Martiaux\"},\"image\":{\"@id\":\"https:\\\/\\\/www.blagnacartsmartiaux.fr\\\/site\\\/#\\\/schema\\\/logo\\\/image\\\/\"},\"sameAs\":[\"https:\\\/\\\/www.facebook.com\\\/BlagnacArtsMartiaux\",\"https:\\\/\\\/x.com\\\/BlagnacArtsM\"]}]}<\/script>\n<!-- \/ Yoast SEO plugin. -->","yoast_head_json":{"title":"Actualit\u00e9s Judo - Blagnac Arts Martiaux","robots":{"index":"index","follow":"follow","max-snippet":"max-snippet:-1","max-image-preview":"max-image-preview:large","max-video-preview":"max-video-preview:-1"},"canonical":"https:\/\/www.blagnacartsmartiaux.fr\/site\/judo\/actualites-judo\/","og_locale":"fr_FR","og_type":"article","og_title":"Actualit\u00e9s Judo - Blagnac Arts Martiaux","og_description":"L&rsquo;actualit\u00e9 Judo \u00e0 Blagnac","og_url":"https:\/\/www.blagnacartsmartiaux.fr\/site\/judo\/actualites-judo\/","og_site_name":"Blagnac Arts Martiaux","article_publisher":"https:\/\/www.facebook.com\/BlagnacArtsMartiaux","article_modified_time":"2022-06-22T08:52:22+00:00","twitter_card":"summary_large_image","twitter_site":"@BlagnacArtsM","twitter_misc":{"Dur\u00e9e de lecture estim\u00e9e":"5 minutes"},"schema":{"@context":"https:\/\/schema.org","@graph":[{"@type":"WebPage","@id":"https:\/\/www.blagnacartsmartiaux.fr\/site\/judo\/actualites-judo\/","url":"https:\/\/www.blagnacartsmartiaux.fr\/site\/judo\/actualites-judo\/","name":"Actualit\u00e9s Judo - Blagnac Arts Martiaux","isPartOf":{"@id":"https:\/\/www.blagnacartsmartiaux.fr\/site\/#website"},"datePublished":"2022-06-21T13:17:45+00:00","dateModified":"2022-06-22T08:52:22+00:00","breadcrumb":{"@id":"https:\/\/www.blagnacartsmartiaux.fr\/site\/judo\/actualites-judo\/#breadcrumb"},"inLanguage":"fr-FR","potentialAction":[{"@type":"ReadAction","target":["https:\/\/www.blagnacartsmartiaux.fr\/site\/judo\/actualites-judo\/"]}]},{"@type":"BreadcrumbList","@id":"https:\/\/www.blagnacartsmartiaux.fr\/site\/judo\/actualites-judo\/#breadcrumb","itemListElement":[{"@type":"ListItem","position":1,"name":"Accueil","item":"https:\/\/www.blagnacartsmartiaux.fr\/site\/"},{"@type":"ListItem","position":2,"name":"Judo","item":"https:\/\/www.blagnacartsmartiaux.fr\/site\/judo\/"},{"@type":"ListItem","position":3,"name":"Actualit\u00e9s Judo"}]},{"@type":"WebSite","@id":"https:\/\/www.blagnacartsmartiaux.fr\/site\/#website","url":"https:\/\/www.blagnacartsmartiaux.fr\/site\/","name":"Blagnac Arts Martiaux","description":"Le club de Judo, Karat\u00e9, Jujitsu, Arnis Kali et Self D\u00e9fense sur Blagnac","publisher":{"@id":"https:\/\/www.blagnacartsmartiaux.fr\/site\/#organization"},"potentialAction":[{"@type":"SearchAction","target":{"@type":"EntryPoint","urlTemplate":"https:\/\/www.blagnacartsmartiaux.fr\/site\/?s={search_term_string}"},"query-input":{"@type":"PropertyValueSpecification","valueRequired":true,"valueName":"search_term_string"}}],"inLanguage":"fr-FR"},{"@type":"Organization","@id":"https:\/\/www.blagnacartsmartiaux.fr\/site\/#organization","name":"Blagnac Arts Martiaux","url":"https:\/\/www.blagnacartsmartiaux.fr\/site\/","logo":{"@type":"ImageObject","inLanguage":"fr-FR","@id":"https:\/\/www.blagnacartsmartiaux.fr\/site\/#\/schema\/logo\/image\/","url":"https:\/\/www.blagnacartsmartiaux.fr\/site\/wp-content\/uploads\/2020\/05\/cropped-bam-wide.png","contentUrl":"https:\/\/www.blagnacartsmartiaux.fr\/site\/wp-content\/uploads\/2020\/05\/cropped-bam-wide.png","width":180,"height":60,"caption":"Blagnac Arts Martiaux"},"image":{"@id":"https:\/\/www.blagnacartsmartiaux.fr\/site\/#\/schema\/logo\/image\/"},"sameAs":["https:\/\/www.facebook.com\/BlagnacArtsMartiaux","https:\/\/x.com\/BlagnacArtsM"]}]}},"_links":{"self":[{"href":"https:\/\/www.blagnacartsmartiaux.fr\/site\/wp-json\/wp\/v2\/pages\/4305","targetHints":{"allow":["GET"]}}],"collection":[{"href":"https:\/\/www.blagnacartsmartiaux.fr\/site\/wp-json\/wp\/v2\/pages"}],"about":[{"href":"https:\/\/www.blagnacartsmartiaux.fr\/site\/wp-json\/wp\/v2\/types\/page"}],"author":[{"embeddable":true,"href":"https:\/\/www.blagnacartsmartiaux.fr\/site\/wp-json\/wp\/v2\/users\/1"}],"replies":[{"embeddable":true,"href":"https:\/\/www.blagnacartsmartiaux.fr\/site\/wp-json\/wp\/v2\/comments?post=4305"}],"version-history":[{"count":7,"href":"https:\/\/www.blagnacartsmartiaux.fr\/site\/wp-json\/wp\/v2\/pages\/4305\/revisions"}],"predecessor-version":[{"id":4799,"href":"https:\/\/www.blagnacartsmartiaux.fr\/site\/wp-json\/wp\/v2\/pages\/4305\/revisions\/4799"}],"up":[{"embeddable":true,"href":"https:\/\/www.blagnacartsmartiaux.fr\/site\/wp-json\/wp\/v2\/pages\/1433"}],"wp:attachment":[{"href":"https:\/\/www.blagnacartsmartiaux.fr\/site\/wp-json\/wp\/v2\/media?parent=4305"}],"curies":[{"name":"wp","href":"https:\/\/api.w.org\/{rel}","templated":true}]}}