{"id":5331,"date":"2023-07-06T17:55:14","date_gmt":"2023-07-06T15:55:14","guid":{"rendered":"https:\/\/www.blagnacartsmartiaux.fr\/site\/?page_id=5331"},"modified":"2023-07-06T17:57:05","modified_gmt":"2023-07-06T15:57:05","slug":"les-enseignants-de-karate","status":"publish","type":"page","link":"https:\/\/www.blagnacartsmartiaux.fr\/site\/karate-a-blagnac\/les-enseignants-de-karate\/","title":{"rendered":"Les enseignants de Karat\u00e9"},"content":{"rendered":"\n<p>Permettez-moi de vous pr\u00e9senter l&rsquo;\u00e9quipe enseignante de la section <strong>KARATE<\/strong> du Blagnac Arts Martiaux, dirig\u00e9e par <strong>Lionel Froidure<\/strong>. Avec une passion commune pour les arts martiaux et une expertise approfondie, cette \u00e9quipe d\u00e9vou\u00e9e se consacre \u00e0 l&rsquo;enseignement et \u00e0 la transmission des valeurs fondamentales du Karat\u00e9.<\/p>\n\n\n\n<p class=\"has-medium-font-size\"><strong>LIONEL FROIDURE<\/strong><\/p>\n\n\n\n<p><strong>Lionel Froidure<\/strong>, 6e dan de Karat\u00e9 Shotokan FFKarate, est un pratiquant assidu du Karat\u00e9 depuis son plus jeune \u00e2ge. Son parcours dans les arts martiaux est riche et vari\u00e9, et son d\u00e9vouement \u00e0 sa pratique est ind\u00e9niable.<\/p>\n\n\n\n<p>En tant que membre de l&rsquo;\u00e9quipe de France combat en cat\u00e9gorie cadet\/junior, Lionel a fait ses preuves sur le plan comp\u00e9titif, d\u00e9montrant sa ma\u00eetrise des techniques et sa d\u00e9termination sur le tatami. Il a \u00e9galement apport\u00e9 son expertise en tant qu&rsquo;entra\u00eeneur de ligue kumite et jutsu, partageant ainsi son savoir avec la prochaine g\u00e9n\u00e9ration.<\/p>\n\n\n\n<figure class=\"wp-block-gallery has-nested-images columns-3 is-cropped wp-block-gallery-1 is-layout-flex wp-block-gallery-is-layout-flex\">\n<figure class=\"wp-block-image size-full\"><img fetchpriority=\"high\" decoding=\"async\" width=\"1000\" height=\"750\" data-id=\"5332\" src=\"https:\/\/www.blagnacartsmartiaux.fr\/site\/wp-content\/uploads\/2023\/07\/okinawa-2019.webp\" alt=\"\" class=\"wp-image-5332\" srcset=\"https:\/\/www.blagnacartsmartiaux.fr\/site\/wp-content\/uploads\/2023\/07\/okinawa-2019.webp 1000w, https:\/\/www.blagnacartsmartiaux.fr\/site\/wp-content\/uploads\/2023\/07\/okinawa-2019-300x225.webp 300w, https:\/\/www.blagnacartsmartiaux.fr\/site\/wp-content\/uploads\/2023\/07\/okinawa-2019-768x576.webp 768w\" sizes=\"(max-width: 1000px) 100vw, 1000px\" \/><\/figure>\n\n\n\n<figure class=\"wp-block-image size-full\"><img decoding=\"async\" width=\"1000\" height=\"667\" data-id=\"5333\" src=\"https:\/\/www.blagnacartsmartiaux.fr\/site\/wp-content\/uploads\/2023\/07\/hino-2017.webp\" alt=\"\" class=\"wp-image-5333\" srcset=\"https:\/\/www.blagnacartsmartiaux.fr\/site\/wp-content\/uploads\/2023\/07\/hino-2017.webp 1000w, https:\/\/www.blagnacartsmartiaux.fr\/site\/wp-content\/uploads\/2023\/07\/hino-2017-300x200.webp 300w, https:\/\/www.blagnacartsmartiaux.fr\/site\/wp-content\/uploads\/2023\/07\/hino-2017-768x512.webp 768w\" sizes=\"(max-width: 1000px) 100vw, 1000px\" \/><\/figure>\n\n\n\n<figure class=\"wp-block-image size-full\"><img decoding=\"async\" width=\"1000\" height=\"563\" data-id=\"5334\" src=\"https:\/\/www.blagnacartsmartiaux.fr\/site\/wp-content\/uploads\/2023\/07\/okinawa-2009.webp\" alt=\"\" class=\"wp-image-5334\" srcset=\"https:\/\/www.blagnacartsmartiaux.fr\/site\/wp-content\/uploads\/2023\/07\/okinawa-2009.webp 1000w, https:\/\/www.blagnacartsmartiaux.fr\/site\/wp-content\/uploads\/2023\/07\/okinawa-2009-300x169.webp 300w, https:\/\/www.blagnacartsmartiaux.fr\/site\/wp-content\/uploads\/2023\/07\/okinawa-2009-768x432.webp 768w\" sizes=\"(max-width: 1000px) 100vw, 1000px\" \/><\/figure>\n\n\n\n<figure class=\"wp-block-image size-full\"><img loading=\"lazy\" decoding=\"async\" width=\"1000\" height=\"563\" data-id=\"5335\" src=\"https:\/\/www.blagnacartsmartiaux.fr\/site\/wp-content\/uploads\/2023\/07\/wudang-2014.webp\" alt=\"\" class=\"wp-image-5335\" srcset=\"https:\/\/www.blagnacartsmartiaux.fr\/site\/wp-content\/uploads\/2023\/07\/wudang-2014.webp 1000w, https:\/\/www.blagnacartsmartiaux.fr\/site\/wp-content\/uploads\/2023\/07\/wudang-2014-300x169.webp 300w, https:\/\/www.blagnacartsmartiaux.fr\/site\/wp-content\/uploads\/2023\/07\/wudang-2014-768x432.webp 768w\" sizes=\"(max-width: 1000px) 100vw, 1000px\" \/><\/figure>\n\n\n\n<figure class=\"wp-block-image size-full\"><img loading=\"lazy\" decoding=\"async\" width=\"1000\" height=\"667\" data-id=\"5336\" src=\"https:\/\/www.blagnacartsmartiaux.fr\/site\/wp-content\/uploads\/2023\/07\/vietnam-2010.webp\" alt=\"\" class=\"wp-image-5336\" srcset=\"https:\/\/www.blagnacartsmartiaux.fr\/site\/wp-content\/uploads\/2023\/07\/vietnam-2010.webp 1000w, https:\/\/www.blagnacartsmartiaux.fr\/site\/wp-content\/uploads\/2023\/07\/vietnam-2010-300x200.webp 300w, https:\/\/www.blagnacartsmartiaux.fr\/site\/wp-content\/uploads\/2023\/07\/vietnam-2010-768x512.webp 768w\" sizes=\"(max-width: 1000px) 100vw, 1000px\" \/><\/figure>\n<\/figure>\n\n\n\n<p>Depuis 2007, Lionel parcourt le monde \u00e0 la recherche de perfectionnement et d&rsquo;inspiration. Il a saisi l&rsquo;occasion de r\u00e9aliser des documentaires diffus\u00e9s \u00e0 la t\u00e9l\u00e9vision, permettant de partager les enseignements des grands ma\u00eetres et d&rsquo;explorer diff\u00e9rentes facettes des arts martiaux. Sa cha\u00eene <a href=\"https:\/\/www.youtube.com\/channel\/UCey8n1y9a2vPxV_m4oxrCJQ\" target=\"_blank\" rel=\"noreferrer noopener\">YouTube<\/a> est un moyen privil\u00e9gi\u00e9 pour Lionel de transmettre ses connaissances et ses conseils \u00e0 une vaste communaut\u00e9 de pratiquants. Il partage des vid\u00e9os \u00e9ducatives, des d\u00e9monstrations techniques et r\u00e9alise des interviews avec des experts renomm\u00e9s, offrant ainsi des ressources pr\u00e9cieuses \u00e0 tous ceux qui s&rsquo;int\u00e9ressent au Karat\u00e9 et aux arts martiaux en g\u00e9n\u00e9ral.<\/p>\n\n\n\n<p>Aux c\u00f4t\u00e9s de Lionel, l&rsquo;\u00e9quipe enseignante comprend des instructeurs et animateurs comp\u00e9tents qui partagent la m\u00eame passion et le m\u00eame d\u00e9vouement pour le Karat\u00e9. Leur expertise technique et leur approche p\u00e9dagogique bienveillante cr\u00e9ent un environnement d&rsquo;apprentissage stimulant et s\u00e9curitaire pour tous les \u00e9l\u00e8ves, quels que soient leur niveau et leurs objectifs.<\/p>\n\n\n\n<p style=\"font-size:17px\"><strong>Val\u00e9rie ROCHERY<\/strong> &#8211; moniteur professionnel<br><strong>Olivier DE JUST<\/strong> &#8211; moniteur professionnel<br><strong>Christophe COUSINIE <\/strong>&#8211; instructeur f\u00e9d\u00e9ral<br><strong>Jason ZANEBONI<\/strong> &#8211; instructeur f\u00e9d\u00e9ral<br><strong>Cyril PUJOS<\/strong> &#8211; animateur f\u00e9d\u00e9ral<br><strong>Axel ZANEBONI<\/strong> &#8211; animateur f\u00e9d\u00e9ral<br><strong>Hugo DELBOS<\/strong> &#8211; animateur f\u00e9d\u00e9ral<\/p>\n\n\n\n<p>Chaque membre de l&rsquo;\u00e9quipe enseignante du KARATE au Blagnac Arts Martiaux est d\u00e9di\u00e9 \u00e0 aider les \u00e9l\u00e8ves, petits et grands, \u00e0 atteindre leur plein potentiel, tant sur le plan physique que mental. Ils valorisent l&rsquo;apprentissage continu, la discipline, le respect et la camaraderie, et ils s&rsquo;efforcent d&rsquo;inculquer ces valeurs \u00e0 leurs \u00e9l\u00e8ves.<\/p>\n","protected":false},"excerpt":{"rendered":"<p>Permettez-moi de vous pr\u00e9senter l&rsquo;\u00e9quipe enseignante de la section KARATE du Blagnac Arts Martiaux, dirig\u00e9e par Lionel Froidure. Avec une passion commune pour les arts martiaux et une expertise approfondie, cette \u00e9quipe d\u00e9vou\u00e9e se consacre \u00e0 l&rsquo;enseignement et \u00e0 la transmission des valeurs fondamentales du Karat\u00e9. LIONEL FROIDURE Lionel Froidure, 6e dan de Karat\u00e9 Shotokan [&hellip;]<\/p>\n","protected":false},"author":2,"featured_media":0,"parent":3292,"menu_order":0,"comment_status":"closed","ping_status":"closed","template":"","meta":{"site-sidebar-layout":"default","site-content-layout":"","ast-site-content-layout":"default","site-content-style":"default","site-sidebar-style":"default","ast-global-header-display":"","ast-banner-title-visibility":"","ast-main-header-display":"","ast-hfb-above-header-display":"","ast-hfb-below-header-display":"","ast-hfb-mobile-header-display":"","site-post-title":"","ast-breadcrumbs-content":"","ast-featured-img":"","footer-sml-layout":"","ast-disable-related-posts":"","theme-transparent-header-meta":"","adv-header-id-meta":"","stick-header-meta":"","header-above-stick-meta":"","header-main-stick-meta":"","header-below-stick-meta":"","astra-migrate-meta-layouts":"default","ast-page-background-enabled":"default","ast-page-background-meta":{"desktop":{"background-color":"","background-image":"","background-repeat":"repeat","background-position":"center center","background-size":"auto","background-attachment":"scroll","background-type":"","background-media":"","overlay-type":"","overlay-color":"","overlay-opacity":"","overlay-gradient":""},"tablet":{"background-color":"","background-image":"","background-repeat":"repeat","background-position":"center center","background-size":"auto","background-attachment":"scroll","background-type":"","background-media":"","overlay-type":"","overlay-color":"","overlay-opacity":"","overlay-gradient":""},"mobile":{"background-color":"","background-image":"","background-repeat":"repeat","background-position":"center center","background-size":"auto","background-attachment":"scroll","background-type":"","background-media":"","overlay-type":"","overlay-color":"","overlay-opacity":"","overlay-gradient":""}},"ast-content-background-meta":{"desktop":{"background-color":"var(--ast-global-color-5)","background-image":"","background-repeat":"repeat","background-position":"center center","background-size":"auto","background-attachment":"scroll","background-type":"","background-media":"","overlay-type":"","overlay-color":"","overlay-opacity":"","overlay-gradient":""},"tablet":{"background-color":"var(--ast-global-color-5)","background-image":"","background-repeat":"repeat","background-position":"center center","background-size":"auto","background-attachment":"scroll","background-type":"","background-media":"","overlay-type":"","overlay-color":"","overlay-opacity":"","overlay-gradient":""},"mobile":{"background-color":"var(--ast-global-color-5)","background-image":"","background-repeat":"repeat","background-position":"center center","background-size":"auto","background-attachment":"scroll","background-type":"","background-media":"","overlay-type":"","overlay-color":"","overlay-opacity":"","overlay-gradient":""}},"footnotes":""},"class_list":["post-5331","page","type-page","status-publish","hentry"],"yoast_head":"<!-- This site is optimized with the Yoast SEO plugin v27.5 - https:\/\/yoast.com\/product\/yoast-seo-wordpress\/ -->\n<title>Les enseignants de Karat\u00e9 - Blagnac Arts Martiaux<\/title>\n<meta name=\"robots\" content=\"index, follow, max-snippet:-1, max-image-preview:large, max-video-preview:-1\" \/>\n<link rel=\"canonical\" href=\"https:\/\/www.blagnacartsmartiaux.fr\/site\/karate-a-blagnac\/les-enseignants-de-karate\/\" \/>\n<meta property=\"og:locale\" content=\"fr_FR\" \/>\n<meta property=\"og:type\" content=\"article\" \/>\n<meta property=\"og:title\" content=\"Les enseignants de Karat\u00e9 - Blagnac Arts Martiaux\" \/>\n<meta property=\"og:description\" content=\"Permettez-moi de vous pr\u00e9senter l&rsquo;\u00e9quipe enseignante de la section KARATE du Blagnac Arts Martiaux, dirig\u00e9e par Lionel Froidure. Avec une passion commune pour les arts martiaux et une expertise approfondie, cette \u00e9quipe d\u00e9vou\u00e9e se consacre \u00e0 l&rsquo;enseignement et \u00e0 la transmission des valeurs fondamentales du Karat\u00e9. LIONEL FROIDURE Lionel Froidure, 6e dan de Karat\u00e9 Shotokan [&hellip;]\" \/>\n<meta property=\"og:url\" content=\"https:\/\/www.blagnacartsmartiaux.fr\/site\/karate-a-blagnac\/les-enseignants-de-karate\/\" \/>\n<meta property=\"og:site_name\" content=\"Blagnac Arts Martiaux\" \/>\n<meta property=\"article:publisher\" content=\"https:\/\/www.facebook.com\/BlagnacArtsMartiaux\" \/>\n<meta property=\"article:modified_time\" content=\"2023-07-06T15:57:05+00:00\" \/>\n<meta property=\"og:image\" content=\"https:\/\/www.blagnacartsmartiaux.fr\/site\/wp-content\/uploads\/2023\/07\/okinawa-2019.webp\" \/>\n<meta name=\"twitter:card\" content=\"summary_large_image\" \/>\n<meta name=\"twitter:site\" content=\"@BlagnacArtsM\" \/>\n<meta name=\"twitter:label1\" content=\"Dur\u00e9e de lecture estim\u00e9e\" \/>\n\t<meta name=\"twitter:data1\" content=\"3 minutes\" \/>\n<script type=\"application\/ld+json\" class=\"yoast-schema-graph\">{\"@context\":\"https:\\\/\\\/schema.org\",\"@graph\":[{\"@type\":\"WebPage\",\"@id\":\"https:\\\/\\\/www.blagnacartsmartiaux.fr\\\/site\\\/karate-a-blagnac\\\/les-enseignants-de-karate\\\/\",\"url\":\"https:\\\/\\\/www.blagnacartsmartiaux.fr\\\/site\\\/karate-a-blagnac\\\/les-enseignants-de-karate\\\/\",\"name\":\"Les enseignants de Karat\u00e9 - Blagnac Arts Martiaux\",\"isPartOf\":{\"@id\":\"https:\\\/\\\/www.blagnacartsmartiaux.fr\\\/site\\\/#website\"},\"primaryImageOfPage\":{\"@id\":\"https:\\\/\\\/www.blagnacartsmartiaux.fr\\\/site\\\/karate-a-blagnac\\\/les-enseignants-de-karate\\\/#primaryimage\"},\"image\":{\"@id\":\"https:\\\/\\\/www.blagnacartsmartiaux.fr\\\/site\\\/karate-a-blagnac\\\/les-enseignants-de-karate\\\/#primaryimage\"},\"thumbnailUrl\":\"https:\\\/\\\/www.blagnacartsmartiaux.fr\\\/site\\\/wp-content\\\/uploads\\\/2023\\\/07\\\/okinawa-2019.webp\",\"datePublished\":\"2023-07-06T15:55:14+00:00\",\"dateModified\":\"2023-07-06T15:57:05+00:00\",\"breadcrumb\":{\"@id\":\"https:\\\/\\\/www.blagnacartsmartiaux.fr\\\/site\\\/karate-a-blagnac\\\/les-enseignants-de-karate\\\/#breadcrumb\"},\"inLanguage\":\"fr-FR\",\"potentialAction\":[{\"@type\":\"ReadAction\",\"target\":[\"https:\\\/\\\/www.blagnacartsmartiaux.fr\\\/site\\\/karate-a-blagnac\\\/les-enseignants-de-karate\\\/\"]}]},{\"@type\":\"ImageObject\",\"inLanguage\":\"fr-FR\",\"@id\":\"https:\\\/\\\/www.blagnacartsmartiaux.fr\\\/site\\\/karate-a-blagnac\\\/les-enseignants-de-karate\\\/#primaryimage\",\"url\":\"https:\\\/\\\/www.blagnacartsmartiaux.fr\\\/site\\\/wp-content\\\/uploads\\\/2023\\\/07\\\/okinawa-2019.webp\",\"contentUrl\":\"https:\\\/\\\/www.blagnacartsmartiaux.fr\\\/site\\\/wp-content\\\/uploads\\\/2023\\\/07\\\/okinawa-2019.webp\",\"width\":1000,\"height\":750},{\"@type\":\"BreadcrumbList\",\"@id\":\"https:\\\/\\\/www.blagnacartsmartiaux.fr\\\/site\\\/karate-a-blagnac\\\/les-enseignants-de-karate\\\/#breadcrumb\",\"itemListElement\":[{\"@type\":\"ListItem\",\"position\":1,\"name\":\"Accueil\",\"item\":\"https:\\\/\\\/www.blagnacartsmartiaux.fr\\\/site\\\/\"},{\"@type\":\"ListItem\",\"position\":2,\"name\":\"Karate \u00e0 Blagnac\",\"item\":\"https:\\\/\\\/www.blagnacartsmartiaux.fr\\\/site\\\/karate-a-blagnac\\\/\"},{\"@type\":\"ListItem\",\"position\":3,\"name\":\"Les enseignants de Karat\u00e9\"}]},{\"@type\":\"WebSite\",\"@id\":\"https:\\\/\\\/www.blagnacartsmartiaux.fr\\\/site\\\/#website\",\"url\":\"https:\\\/\\\/www.blagnacartsmartiaux.fr\\\/site\\\/\",\"name\":\"Blagnac Arts Martiaux\",\"description\":\"Le club de Judo, Karat\u00e9, Jujitsu, Arnis Kali et Self D\u00e9fense sur Blagnac\",\"publisher\":{\"@id\":\"https:\\\/\\\/www.blagnacartsmartiaux.fr\\\/site\\\/#organization\"},\"potentialAction\":[{\"@type\":\"SearchAction\",\"target\":{\"@type\":\"EntryPoint\",\"urlTemplate\":\"https:\\\/\\\/www.blagnacartsmartiaux.fr\\\/site\\\/?s={search_term_string}\"},\"query-input\":{\"@type\":\"PropertyValueSpecification\",\"valueRequired\":true,\"valueName\":\"search_term_string\"}}],\"inLanguage\":\"fr-FR\"},{\"@type\":\"Organization\",\"@id\":\"https:\\\/\\\/www.blagnacartsmartiaux.fr\\\/site\\\/#organization\",\"name\":\"Blagnac Arts Martiaux\",\"url\":\"https:\\\/\\\/www.blagnacartsmartiaux.fr\\\/site\\\/\",\"logo\":{\"@type\":\"ImageObject\",\"inLanguage\":\"fr-FR\",\"@id\":\"https:\\\/\\\/www.blagnacartsmartiaux.fr\\\/site\\\/#\\\/schema\\\/logo\\\/image\\\/\",\"url\":\"https:\\\/\\\/www.blagnacartsmartiaux.fr\\\/site\\\/wp-content\\\/uploads\\\/2020\\\/05\\\/cropped-bam-wide.png\",\"contentUrl\":\"https:\\\/\\\/www.blagnacartsmartiaux.fr\\\/site\\\/wp-content\\\/uploads\\\/2020\\\/05\\\/cropped-bam-wide.png\",\"width\":180,\"height\":60,\"caption\":\"Blagnac Arts Martiaux\"},\"image\":{\"@id\":\"https:\\\/\\\/www.blagnacartsmartiaux.fr\\\/site\\\/#\\\/schema\\\/logo\\\/image\\\/\"},\"sameAs\":[\"https:\\\/\\\/www.facebook.com\\\/BlagnacArtsMartiaux\",\"https:\\\/\\\/x.com\\\/BlagnacArtsM\"]}]}<\/script>\n<!-- \/ Yoast SEO plugin. -->","yoast_head_json":{"title":"Les enseignants de Karat\u00e9 - Blagnac Arts Martiaux","robots":{"index":"index","follow":"follow","max-snippet":"max-snippet:-1","max-image-preview":"max-image-preview:large","max-video-preview":"max-video-preview:-1"},"canonical":"https:\/\/www.blagnacartsmartiaux.fr\/site\/karate-a-blagnac\/les-enseignants-de-karate\/","og_locale":"fr_FR","og_type":"article","og_title":"Les enseignants de Karat\u00e9 - Blagnac Arts Martiaux","og_description":"Permettez-moi de vous pr\u00e9senter l&rsquo;\u00e9quipe enseignante de la section KARATE du Blagnac Arts Martiaux, dirig\u00e9e par Lionel Froidure. Avec une passion commune pour les arts martiaux et une expertise approfondie, cette \u00e9quipe d\u00e9vou\u00e9e se consacre \u00e0 l&rsquo;enseignement et \u00e0 la transmission des valeurs fondamentales du Karat\u00e9. LIONEL FROIDURE Lionel Froidure, 6e dan de Karat\u00e9 Shotokan [&hellip;]","og_url":"https:\/\/www.blagnacartsmartiaux.fr\/site\/karate-a-blagnac\/les-enseignants-de-karate\/","og_site_name":"Blagnac Arts Martiaux","article_publisher":"https:\/\/www.facebook.com\/BlagnacArtsMartiaux","article_modified_time":"2023-07-06T15:57:05+00:00","og_image":[{"url":"https:\/\/www.blagnacartsmartiaux.fr\/site\/wp-content\/uploads\/2023\/07\/okinawa-2019.webp","type":"","width":"","height":""}],"twitter_card":"summary_large_image","twitter_site":"@BlagnacArtsM","twitter_misc":{"Dur\u00e9e de lecture estim\u00e9e":"3 minutes"},"schema":{"@context":"https:\/\/schema.org","@graph":[{"@type":"WebPage","@id":"https:\/\/www.blagnacartsmartiaux.fr\/site\/karate-a-blagnac\/les-enseignants-de-karate\/","url":"https:\/\/www.blagnacartsmartiaux.fr\/site\/karate-a-blagnac\/les-enseignants-de-karate\/","name":"Les enseignants de Karat\u00e9 - Blagnac Arts Martiaux","isPartOf":{"@id":"https:\/\/www.blagnacartsmartiaux.fr\/site\/#website"},"primaryImageOfPage":{"@id":"https:\/\/www.blagnacartsmartiaux.fr\/site\/karate-a-blagnac\/les-enseignants-de-karate\/#primaryimage"},"image":{"@id":"https:\/\/www.blagnacartsmartiaux.fr\/site\/karate-a-blagnac\/les-enseignants-de-karate\/#primaryimage"},"thumbnailUrl":"https:\/\/www.blagnacartsmartiaux.fr\/site\/wp-content\/uploads\/2023\/07\/okinawa-2019.webp","datePublished":"2023-07-06T15:55:14+00:00","dateModified":"2023-07-06T15:57:05+00:00","breadcrumb":{"@id":"https:\/\/www.blagnacartsmartiaux.fr\/site\/karate-a-blagnac\/les-enseignants-de-karate\/#breadcrumb"},"inLanguage":"fr-FR","potentialAction":[{"@type":"ReadAction","target":["https:\/\/www.blagnacartsmartiaux.fr\/site\/karate-a-blagnac\/les-enseignants-de-karate\/"]}]},{"@type":"ImageObject","inLanguage":"fr-FR","@id":"https:\/\/www.blagnacartsmartiaux.fr\/site\/karate-a-blagnac\/les-enseignants-de-karate\/#primaryimage","url":"https:\/\/www.blagnacartsmartiaux.fr\/site\/wp-content\/uploads\/2023\/07\/okinawa-2019.webp","contentUrl":"https:\/\/www.blagnacartsmartiaux.fr\/site\/wp-content\/uploads\/2023\/07\/okinawa-2019.webp","width":1000,"height":750},{"@type":"BreadcrumbList","@id":"https:\/\/www.blagnacartsmartiaux.fr\/site\/karate-a-blagnac\/les-enseignants-de-karate\/#breadcrumb","itemListElement":[{"@type":"ListItem","position":1,"name":"Accueil","item":"https:\/\/www.blagnacartsmartiaux.fr\/site\/"},{"@type":"ListItem","position":2,"name":"Karate \u00e0 Blagnac","item":"https:\/\/www.blagnacartsmartiaux.fr\/site\/karate-a-blagnac\/"},{"@type":"ListItem","position":3,"name":"Les enseignants de Karat\u00e9"}]},{"@type":"WebSite","@id":"https:\/\/www.blagnacartsmartiaux.fr\/site\/#website","url":"https:\/\/www.blagnacartsmartiaux.fr\/site\/","name":"Blagnac Arts Martiaux","description":"Le club de Judo, Karat\u00e9, Jujitsu, Arnis Kali et Self D\u00e9fense sur Blagnac","publisher":{"@id":"https:\/\/www.blagnacartsmartiaux.fr\/site\/#organization"},"potentialAction":[{"@type":"SearchAction","target":{"@type":"EntryPoint","urlTemplate":"https:\/\/www.blagnacartsmartiaux.fr\/site\/?s={search_term_string}"},"query-input":{"@type":"PropertyValueSpecification","valueRequired":true,"valueName":"search_term_string"}}],"inLanguage":"fr-FR"},{"@type":"Organization","@id":"https:\/\/www.blagnacartsmartiaux.fr\/site\/#organization","name":"Blagnac Arts Martiaux","url":"https:\/\/www.blagnacartsmartiaux.fr\/site\/","logo":{"@type":"ImageObject","inLanguage":"fr-FR","@id":"https:\/\/www.blagnacartsmartiaux.fr\/site\/#\/schema\/logo\/image\/","url":"https:\/\/www.blagnacartsmartiaux.fr\/site\/wp-content\/uploads\/2020\/05\/cropped-bam-wide.png","contentUrl":"https:\/\/www.blagnacartsmartiaux.fr\/site\/wp-content\/uploads\/2020\/05\/cropped-bam-wide.png","width":180,"height":60,"caption":"Blagnac Arts Martiaux"},"image":{"@id":"https:\/\/www.blagnacartsmartiaux.fr\/site\/#\/schema\/logo\/image\/"},"sameAs":["https:\/\/www.facebook.com\/BlagnacArtsMartiaux","https:\/\/x.com\/BlagnacArtsM"]}]}},"_links":{"self":[{"href":"https:\/\/www.blagnacartsmartiaux.fr\/site\/wp-json\/wp\/v2\/pages\/5331","targetHints":{"allow":["GET"]}}],"collection":[{"href":"https:\/\/www.blagnacartsmartiaux.fr\/site\/wp-json\/wp\/v2\/pages"}],"about":[{"href":"https:\/\/www.blagnacartsmartiaux.fr\/site\/wp-json\/wp\/v2\/types\/page"}],"author":[{"embeddable":true,"href":"https:\/\/www.blagnacartsmartiaux.fr\/site\/wp-json\/wp\/v2\/users\/2"}],"replies":[{"embeddable":true,"href":"https:\/\/www.blagnacartsmartiaux.fr\/site\/wp-json\/wp\/v2\/comments?post=5331"}],"version-history":[{"count":2,"href":"https:\/\/www.blagnacartsmartiaux.fr\/site\/wp-json\/wp\/v2\/pages\/5331\/revisions"}],"predecessor-version":[{"id":5339,"href":"https:\/\/www.blagnacartsmartiaux.fr\/site\/wp-json\/wp\/v2\/pages\/5331\/revisions\/5339"}],"up":[{"embeddable":true,"href":"https:\/\/www.blagnacartsmartiaux.fr\/site\/wp-json\/wp\/v2\/pages\/3292"}],"wp:attachment":[{"href":"https:\/\/www.blagnacartsmartiaux.fr\/site\/wp-json\/wp\/v2\/media?parent=5331"}],"curies":[{"name":"wp","href":"https:\/\/api.w.org\/{rel}","templated":true}]}}